{"id":71254,"date":"2025-04-02T13:04:08","date_gmt":"2025-04-02T13:04:08","guid":{"rendered":"https:\/\/hablaeli.es\/ueber-mich\/"},"modified":"2025-07-02T14:18:35","modified_gmt":"2025-07-02T14:18:35","slug":"ueber-mich","status":"publish","type":"page","link":"https:\/\/hablaeli.es\/de\/ueber-mich\/","title":{"rendered":"Schule"},"content":{"rendered":"<p>[et_pb_section fb_built=&#8220;1&#8243; custom_padding_last_edited=&#8220;on|desktop&#8220; admin_label=&#8220;Hero Section&#8220; module_id=&#8220;header-section&#8220; _builder_version=&#8220;4.27.4&#8243; background_image=&#8220;https:\/\/hablaeli.es\/wp-content\/uploads\/2025\/04\/Tezza-3794-scaled.jpeg&#8220; background_position=&#8220;top_center&#8220; background_vertical_offset=&#8220;40%&#8220; min_height=&#8220;609.6px&#8220; custom_padding=&#8220;90px|0px|0px|0px|false|false&#8220; custom_padding_tablet=&#8220;0px||0px||true|false&#8220; custom_padding_phone=&#8220;15px||0px||false|false&#8220; animation_style=&#8220;slide&#8220; animation_direction=&#8220;top&#8220; animation_intensity_slide=&#8220;2%&#8220; animation_starting_opacity=&#8220;100%&#8220; custom_css_free_form=&#8220;#header-section {||  display: flex !important;||  align-items: flex-end !important;||}&#8220; locked=&#8220;off&#8220; global_colors_info=&#8220;{}&#8220;][et_pb_row _builder_version=&#8220;4.27.4&#8243; background_color=&#8220;rgba(255,255,255,0.5)&#8220; background_size=&#8220;initial&#8220; background_position=&#8220;top_left&#8220; background_repeat=&#8220;repeat&#8220; width_tablet=&#8220;100%&#8220; width_phone=&#8220;100%&#8220; width_last_edited=&#8220;on|tablet&#8220; max_width=&#8220;50%&#8220; max_width_tablet=&#8220;90%&#8220; max_width_phone=&#8220;90%&#8220; max_width_last_edited=&#8220;on|tablet&#8220; custom_margin=&#8220;0px||0px||true|false&#8220; custom_padding=&#8220;5px|20px|5px|20px|true|true&#8220; border_width_all=&#8220;3px&#8220; border_color_all=&#8220;#FFFFFF&#8220; border_width_bottom=&#8220;0px&#8220; border_width_all_tablet=&#8220;3px&#8220; border_width_all_phone=&#8220;0px&#8220; border_width_all_last_edited=&#8220;off|desktop&#8220; box_shadow_style=&#8220;preset1&#8243; use_custom_width=&#8220;on&#8220; custom_width_px=&#8220;1440px&#8220; global_colors_info=&#8220;{}&#8220;][et_pb_column type=&#8220;4_4&#8243; _builder_version=&#8220;4.27.4&#8243; custom_padding=&#8220;||||false|false&#8220; global_colors_info=&#8220;{}&#8220; custom_padding__hover=&#8220;|||&#8220;][et_pb_text _builder_version=&#8220;4.27.4&#8243; text_font=&#8220;||||||||&#8220; header_font=&#8220;&#8211;et_global_heading_font|700|||||||&#8220; header_text_align=&#8220;center&#8220; header_text_color=&#8220;#000000&#8243; header_font_size=&#8220;68px&#8220; header_line_height=&#8220;1.5em&#8220; header_2_font=&#8220;||||||||&#8220; header_3_font=&#8220;||||||||&#8220; header_4_font=&#8220;||||||||&#8220; header_5_font=&#8220;||||||||&#8220; header_6_font=&#8220;||||||||&#8220; custom_margin=&#8220;0px||0px||true|false&#8220; custom_padding=&#8220;0px||0px||true|false&#8220; hover_enabled=&#8220;0&#8243; locked=&#8220;off&#8220; global_colors_info=&#8220;{}&#8220; sticky_enabled=&#8220;0&#8243;]<\/p>\n<h1>Unsere Sprachschule<\/h1>\n<p>[\/et_pb_text][et_pb_divider color=&#8220;#f7d584&#8243; divider_weight=&#8220;3px&#8220; disabled_on=&#8220;on|on|off&#8220; _builder_version=&#8220;4.27.4&#8243; max_width=&#8220;80px&#8220; module_alignment=&#8220;center&#8220; height=&#8220;10px&#8220; custom_margin=&#8220;||15px||false|false&#8220; animation_style=&#8220;slide&#8220; animation_direction=&#8220;bottom&#8220; saved_tabs=&#8220;all&#8220; locked=&#8220;off&#8220; global_colors_info=&#8220;{}&#8220;][\/et_pb_divider][et_pb_text _builder_version=&#8220;4.27.4&#8243; text_font=&#8220;&#8211;et_global_body_font|500|||||||&#8220; text_text_color=&#8220;#000000&#8243; text_font_size=&#8220;21px&#8220; text_line_height=&#8220;1.8em&#8220; header_font=&#8220;||||||||&#8220; text_orientation=&#8220;center&#8220; custom_margin=&#8220;|0px||0px|false|true&#8220; custom_padding=&#8220;|0px||0px|false|true&#8220; hover_enabled=&#8220;0&#8243; locked=&#8220;off&#8220; global_colors_info=&#8220;{}&#8220; sticky_enabled=&#8220;0&#8243;]<\/p>\n<p>Finden Sie die Gr\u00fcnde heraus, die uns zu einer der zuverl\u00e4ssigsten Sprachschulen auf den Kanarischen Inseln gemacht haben.<\/p>\n<p>[\/et_pb_text][\/et_pb_column][\/et_pb_row][\/et_pb_section][et_pb_section fb_built=&#8220;1&#8243; specialty=&#8220;on&#8220; admin_label=&#8220;About Us&#8220; _builder_version=&#8220;4.27.4&#8243; custom_padding=&#8220;100px||||false|false&#8220; global_colors_info=&#8220;{}&#8220;][et_pb_column type=&#8220;1_2&#8243; specialty_columns=&#8220;2&#8243; _builder_version=&#8220;4.16&#8243; custom_padding=&#8220;|||&#8220; global_colors_info=&#8220;{}&#8220; custom_padding__hover=&#8220;|||&#8220;][et_pb_row_inner _builder_version=&#8220;4.27.4&#8243; custom_padding=&#8220;||10px||false|false&#8220; global_colors_info=&#8220;{}&#8220;][et_pb_column_inner saved_specialty_column_type=&#8220;1_2&#8243; _builder_version=&#8220;4.16&#8243; custom_padding=&#8220;|||&#8220; global_colors_info=&#8220;{}&#8220; custom_padding__hover=&#8220;|||&#8220;][et_pb_text module_id=&#8220;elisa-the-director&#8220; _builder_version=&#8220;4.27.4&#8243; text_font=&#8220;||||||||&#8220; header_font=&#8220;||||||||&#8220; header_text_align=&#8220;left&#8220; header_text_color=&#8220;#2b2b2b&#8220; header_line_height=&#8220;1.3em&#8220; header_2_font=&#8220;&#8211;et_global_heading_font|700|||||||&#8220; header_2_text_align=&#8220;left&#8220; header_2_text_color=&#8220;#000000&#8243; header_2_font_size=&#8220;42px&#8220; header_2_line_height=&#8220;1.5em&#8220; text_orientation=&#8220;center&#8220; module_alignment=&#8220;center&#8220; custom_margin=&#8220;||10px|&#8220; link_option_url=&#8220;#elisa-the-director&#8220; global_colors_info=&#8220;{}&#8220;]<\/p>\n<h2>Elisa: Die Direktorin und Lehrerin f\u00fcr Spanisch ELE und Italienisch L2<\/h2>\n<p>[\/et_pb_text][et_pb_divider color=&#8220;#f7d584&#8243; divider_weight=&#8220;3px&#8220; disabled_on=&#8220;on|on|off&#8220; _builder_version=&#8220;4.16&#8243; max_width=&#8220;80px&#8220; module_alignment=&#8220;left&#8220; height=&#8220;10px&#8220; custom_margin=&#8220;||20px|&#8220; animation_style=&#8220;slide&#8220; animation_direction=&#8220;bottom&#8220; saved_tabs=&#8220;all&#8220; locked=&#8220;off&#8220; global_colors_info=&#8220;{}&#8220;][\/et_pb_divider][et_pb_text _builder_version=&#8220;4.27.4&#8243; text_font=&#8220;&#8211;et_global_body_font|500|||||||&#8220; text_text_color=&#8220;#000000&#8243; text_font_size=&#8220;18px&#8220; text_line_height=&#8220;1.9em&#8220; header_font=&#8220;||||||||&#8220; header_2_font=&#8220;||||||||&#8220; module_alignment=&#8220;center&#8220; custom_margin=&#8220;||15px||false|false&#8220; global_colors_info=&#8220;{}&#8220;]<\/p>\n<p>Elisa Calcinari ist eine in Italien geborene zweisprachige Lehrerin, die 2004 die Bedeutung des Erlernens von Fremdsprachen entdeckte, als ihre Eltern ihr im Alter von 14 Jahren die wertvolle Gelegenheit boten, in Dublin Englisch zu lernen.<\/p>\n<p>[\/et_pb_text][et_pb_text _builder_version=&#8220;4.27.4&#8243; text_font=&#8220;&#8211;et_global_body_font|500|||||||&#8220; text_text_color=&#8220;#000000&#8243; text_font_size=&#8220;18px&#8220; text_line_height=&#8220;1.9em&#8220; header_font=&#8220;||||||||&#8220; header_2_font=&#8220;||||||||&#8220; module_alignment=&#8220;center&#8220; custom_margin=&#8220;||15px||false|false&#8220; global_colors_info=&#8220;{}&#8220;]<\/p>\n<p>Diese pr\u00e4gende Erfahrung weckte ihren inneren Abenteurergeist und f\u00fchrte dazu, dass sie in Salamanca lebte, eine Zeit lang an der renommierten Universit\u00e4t studierte und die ganze Welt bereiste.<\/p>\n<p>[\/et_pb_text][et_pb_text _builder_version=&#8220;4.27.4&#8243; text_font=&#8220;&#8211;et_global_body_font|500|||||||&#8220; text_text_color=&#8220;#000000&#8243; text_font_size=&#8220;18px&#8220; text_line_height=&#8220;1.9em&#8220; header_font=&#8220;||||||||&#8220; header_2_font=&#8220;||||||||&#8220; module_alignment=&#8220;center&#8220; custom_margin=&#8220;||15px||false|false&#8220; global_colors_info=&#8220;{}&#8220;]<\/p>\n<p>Schlie\u00dflich zog sie nach Fuerteventura auf den Kanarischen Inseln, wo sie derzeit in einem charmanten Fischerdorf wohnt.<\/p>\n<p>[\/et_pb_text][et_pb_button button_url=&#8220;https:\/\/hablaeli.es\/de\/die-direktorin\/&#8220; button_text=&#8220;Erfahren Sie mehr \u00fcber Elisa&#8220; _builder_version=&#8220;4.27.4&#8243; custom_button=&#8220;on&#8220; button_text_size=&#8220;14px&#8220; button_text_color=&#8220;#FFFFFF&#8220; button_bg_color=&#8220;#ff9f3f&#8220; button_border_width=&#8220;3px&#8220; button_border_color=&#8220;#ff9f3f&#8220; button_letter_spacing=&#8220;0px&#8220; button_font=&#8220;&#8211;et_global_body_font|900||on|||||&#8220; button_use_icon=&#8220;off&#8220; custom_margin=&#8220;20px|||&#8220; custom_padding=&#8220;12px|28px|12px|28px&#8220; box_shadow_style=&#8220;preset1&#8243; box_shadow_vertical=&#8220;10px&#8220; box_shadow_blur=&#8220;30px&#8220; box_shadow_color=&#8220;rgba(255,159,63,0.5)&#8220; button_letter_spacing_hover=&#8220;2px&#8220; locked=&#8220;off&#8220; global_colors_info=&#8220;{}&#8220; button_text_size__hover_enabled=&#8220;off&#8220; button_one_text_size__hover_enabled=&#8220;off&#8220; button_two_text_size__hover_enabled=&#8220;off&#8220; button_text_color__hover_enabled=&#8220;on|hover&#8220; button_one_text_color__hover_enabled=&#8220;off&#8220; button_two_text_color__hover_enabled=&#8220;off&#8220; button_border_width__hover_enabled=&#8220;off&#8220; button_one_border_width__hover_enabled=&#8220;off&#8220; button_two_border_width__hover_enabled=&#8220;off&#8220; button_border_color__hover_enabled=&#8220;off&#8220; button_one_border_color__hover_enabled=&#8220;off&#8220; button_two_border_color__hover_enabled=&#8220;off&#8220; button_border_radius__hover_enabled=&#8220;off&#8220; button_one_border_radius__hover_enabled=&#8220;off&#8220; button_two_border_radius__hover_enabled=&#8220;off&#8220; button_letter_spacing__hover_enabled=&#8220;on&#8220; button_letter_spacing__hover=&#8220;2px&#8220; button_one_letter_spacing__hover_enabled=&#8220;off&#8220; button_two_letter_spacing__hover_enabled=&#8220;off&#8220; button_bg_color__hover_enabled=&#8220;on|hover&#8220; button_one_bg_color__hover_enabled=&#8220;off&#8220; button_two_bg_color__hover_enabled=&#8220;off&#8220; button_text_color__hover=&#8220;#ff9f3f&#8220; button_bg_color__hover=&#8220;#FFFFFF&#8220;][\/et_pb_button][\/et_pb_column_inner][\/et_pb_row_inner][\/et_pb_column][et_pb_column type=&#8220;1_2&#8243; _builder_version=&#8220;4.16&#8243; custom_padding=&#8220;|||&#8220; global_colors_info=&#8220;{}&#8220; custom_padding__hover=&#8220;|||&#8220;][et_pb_image src=&#8220;https:\/\/hablaeli.es\/wp-content\/uploads\/2025\/04\/p_U7A4636-copy.jpg&#8220; alt=&#8220;Schule-Elisa-die-Rektorin&#8220; title_text=&#8220;Elisa-der-Hauptdarsteller&#8220; force_fullwidth=&#8220;on&#8220; _builder_version=&#8220;4.27.4&#8243; custom_margin=&#8220;-25%||||false|false&#8220; custom_margin_tablet=&#8220;0px|||&#8220; custom_margin_phone=&#8220;&#8220; custom_margin_last_edited=&#8220;on|tablet&#8220; animation_style=&#8220;slide&#8220; animation_direction=&#8220;top&#8220; animation_duration=&#8220;1500ms&#8220; animation_intensity_slide=&#8220;6%&#8220; animation_starting_opacity=&#8220;100%&#8220; box_shadow_style=&#8220;preset1&#8243; box_shadow_vertical=&#8220;10px&#8220; box_shadow_blur=&#8220;100px&#8220; box_shadow_color=&#8220;rgba(0,0,0,0.2)&#8220; always_center_on_mobile=&#8220;off&#8220; locked=&#8220;off&#8220; global_colors_info=&#8220;{}&#8220;][\/et_pb_image][\/et_pb_column][\/et_pb_section][et_pb_section fb_built=&#8220;1&#8243; admin_label=&#8220;About Us&#8220; _builder_version=&#8220;4.16&#8243; custom_padding=&#8220;|||&#8220; locked=&#8220;off&#8220; global_colors_info=&#8220;{}&#8220;][et_pb_row column_structure=&#8220;1_2,1_2&#8243; _builder_version=&#8220;4.27.4&#8243; max_width=&#8220;70%&#8220; module_alignment=&#8220;center&#8220; custom_margin=&#8220;|||&#8220; custom_padding=&#8220;|||&#8220; global_colors_info=&#8220;{}&#8220;][et_pb_column type=&#8220;1_2&#8243; _builder_version=&#8220;4.27.4&#8243; background_color=&#8220;#48c2f9&#8243; custom_padding=&#8220;|||&#8220; global_colors_info=&#8220;{}&#8220; custom_padding__hover=&#8220;|||&#8220;][et_pb_image src=&#8220;https:\/\/hablaeli.es\/wp-content\/uploads\/2025\/04\/Tezza-7990-scaled.jpeg&#8220; alt=&#8220;Unser-Blick&#8220; title_text=&#8220;Unser-Blick&#8220; align=&#8220;center&#8220; _builder_version=&#8220;4.27.4&#8243; max_width=&#8220;90%&#8220; custom_margin=&#8220;-40px||40px|&#8220; custom_padding=&#8220;|||&#8220; animation_style=&#8220;zoom&#8220; animation_direction=&#8220;right&#8220; animation_intensity_zoom=&#8220;6%&#8220; animation_starting_opacity=&#8220;100%&#8220; box_shadow_style=&#8220;preset3&#8243; box_shadow_horizontal=&#8220;13px&#8220; box_shadow_vertical=&#8220;42px&#8220; box_shadow_blur=&#8220;45px&#8220; box_shadow_spread=&#8220;-3px&#8220; box_shadow_color=&#8220;rgba(0,0,0,0.1)&#8220; always_center_on_mobile=&#8220;off&#8220; global_colors_info=&#8220;{}&#8220;][\/et_pb_image][\/et_pb_column][et_pb_column type=&#8220;1_2&#8243; _builder_version=&#8220;4.16&#8243; background_color_gradient_direction=&#8220;35deg&#8220; background_color_gradient_start=&#8220;#ff6a88&#8243; background_color_gradient_end=&#8220;#ff99ac&#8220; custom_padding=&#8220;|60px||&#8220; global_colors_info=&#8220;{}&#8220; custom_padding__hover=&#8220;|||&#8220;][et_pb_text module_id=&#8220;our-view&#8220; _builder_version=&#8220;4.27.4&#8243; text_font=&#8220;||||||||&#8220; header_font=&#8220;||||||||&#8220; header_text_align=&#8220;left&#8220; header_text_color=&#8220;#2b2b2b&#8220; header_line_height=&#8220;1.3em&#8220; header_2_font=&#8220;&#8211;et_global_heading_font|700|||||||&#8220; header_2_text_align=&#8220;left&#8220; header_2_text_color=&#8220;#000000&#8243; header_2_font_size=&#8220;42px&#8220; header_2_line_height=&#8220;1.5em&#8220; text_orientation=&#8220;center&#8220; module_alignment=&#8220;center&#8220; custom_margin=&#8220;||10px|&#8220; link_option_url=&#8220;#our-view&#8220; global_colors_info=&#8220;{}&#8220;]<\/p>\n<h2>Unser Standpunkt<\/h2>\n<p>[\/et_pb_text][et_pb_divider color=&#8220;#f7d584&#8243; divider_weight=&#8220;3px&#8220; disabled_on=&#8220;on|on|off&#8220; _builder_version=&#8220;4.16&#8243; max_width=&#8220;80px&#8220; module_alignment=&#8220;left&#8220; height=&#8220;10px&#8220; custom_margin=&#8220;||20px|&#8220; animation_style=&#8220;slide&#8220; animation_direction=&#8220;bottom&#8220; saved_tabs=&#8220;all&#8220; locked=&#8220;off&#8220; global_colors_info=&#8220;{}&#8220;][\/et_pb_divider][et_pb_text _builder_version=&#8220;4.27.4&#8243; text_font=&#8220;&#8211;et_global_body_font|500|||||||&#8220; text_text_color=&#8220;#000000&#8243; text_font_size=&#8220;18px&#8220; text_line_height=&#8220;1.9em&#8220; header_font=&#8220;||||||||&#8220; header_2_font=&#8220;||||||||&#8220; module_alignment=&#8220;center&#8220; custom_margin=&#8220;||15px||false|false&#8220; global_colors_info=&#8220;{}&#8220;]<\/p>\n<p>Wir von habla_Eli wollen auf Fuerteventura und international eine Referenz f\u00fcr den Unterricht von Spanisch als Fremdsprache und f\u00fcr die Verbreitung der kanarischen und spanischen Kultur sein.<\/p>\n<p>[\/et_pb_text][et_pb_text _builder_version=&#8220;4.27.4&#8243; text_font=&#8220;&#8211;et_global_body_font|500|||||||&#8220; text_text_color=&#8220;#000000&#8243; text_font_size=&#8220;18px&#8220; text_line_height=&#8220;1.9em&#8220; header_font=&#8220;||||||||&#8220; header_2_font=&#8220;||||||||&#8220; module_alignment=&#8220;center&#8220; custom_margin=&#8220;||15px||false|false&#8220; global_colors_info=&#8220;{}&#8220;]<\/p>\n<p>Unser Ziel ist es, lebendige, authentische und qualitativ hochwertige Lernerfahrungen anzubieten, die Sprachunterricht und kulturelle Entdeckungen in einem engen, motivierenden und professionellen Umfeld verbinden.<\/p>\n<p>[\/et_pb_text][et_pb_button button_url=&#8220;https:\/\/hablaeli.es\/de\/unser-standpunkt\/&#8220; button_text=&#8220;Erfahren Sie mehr \u00fcber Our View&#8220; _builder_version=&#8220;4.27.4&#8243; custom_button=&#8220;on&#8220; button_text_size=&#8220;14px&#8220; button_text_color=&#8220;#000000&#8243; button_bg_color=&#8220;#48c2f9&#8243; button_border_width=&#8220;3px&#8220; button_border_color=&#8220;#48c2f9&#8243; button_letter_spacing=&#8220;0px&#8220; button_font=&#8220;&#8211;et_global_body_font|900||on|||||&#8220; button_use_icon=&#8220;off&#8220; custom_margin=&#8220;20px|||&#8220; custom_padding=&#8220;12px|28px|12px|28px&#8220; box_shadow_style=&#8220;preset1&#8243; box_shadow_vertical=&#8220;10px&#8220; box_shadow_blur=&#8220;30px&#8220; box_shadow_color=&#8220;rgba(72,194,249,0.5)&#8220; button_letter_spacing_hover=&#8220;2px&#8220; locked=&#8220;off&#8220; global_colors_info=&#8220;{}&#8220; button_text_size__hover_enabled=&#8220;off&#8220; button_one_text_size__hover_enabled=&#8220;off&#8220; button_two_text_size__hover_enabled=&#8220;off&#8220; button_text_color__hover_enabled=&#8220;on|desktop&#8220; button_one_text_color__hover_enabled=&#8220;off&#8220; button_two_text_color__hover_enabled=&#8220;off&#8220; button_border_width__hover_enabled=&#8220;off&#8220; button_one_border_width__hover_enabled=&#8220;off&#8220; button_two_border_width__hover_enabled=&#8220;off&#8220; button_border_color__hover_enabled=&#8220;off&#8220; button_one_border_color__hover_enabled=&#8220;off&#8220; button_two_border_color__hover_enabled=&#8220;off&#8220; button_border_radius__hover_enabled=&#8220;off&#8220; button_one_border_radius__hover_enabled=&#8220;off&#8220; button_two_border_radius__hover_enabled=&#8220;off&#8220; button_letter_spacing__hover_enabled=&#8220;on&#8220; button_letter_spacing__hover=&#8220;2px&#8220; button_one_letter_spacing__hover_enabled=&#8220;off&#8220; button_two_letter_spacing__hover_enabled=&#8220;off&#8220; button_bg_color__hover_enabled=&#8220;on|hover&#8220; button_one_bg_color__hover_enabled=&#8220;off&#8220; button_two_bg_color__hover_enabled=&#8220;off&#8220; button_text_color__hover=&#8220;#48c2f9&#8243; button_bg_color__hover=&#8220;#FFFFFF&#8220;][\/et_pb_button][\/et_pb_column][\/et_pb_row][\/et_pb_section][et_pb_section fb_built=&#8220;1&#8243; admin_label=&#8220;Stats&#8220; _builder_version=&#8220;4.27.4&#8243; custom_padding=&#8220;60px|0px|60px|0px|false|false&#8220; global_colors_info=&#8220;{}&#8220;][et_pb_row column_structure=&#8220;1_2,1_2&#8243; _builder_version=&#8220;4.27.4&#8243; width=&#8220;70%&#8220; max_width=&#8220;70%&#8220; module_alignment=&#8220;center&#8220; custom_margin=&#8220;|||&#8220; custom_padding=&#8220;0px||0px|&#8220; use_custom_width=&#8220;on&#8220; width_unit=&#8220;off&#8220; custom_width_percent=&#8220;70%&#8220; global_colors_info=&#8220;{}&#8220;][et_pb_column type=&#8220;1_2&#8243; _builder_version=&#8220;4.16&#8243; custom_padding=&#8220;40px|40px|40px|40px&#8220; global_colors_info=&#8220;{}&#8220; custom_padding__hover=&#8220;|||&#8220;][et_pb_text module_id=&#8220;our-mission&#8220; _builder_version=&#8220;4.27.4&#8243; text_font=&#8220;||||||||&#8220; header_font=&#8220;||||||||&#8220; header_text_align=&#8220;left&#8220; header_text_color=&#8220;#2b2b2b&#8220; header_line_height=&#8220;1.3em&#8220; header_2_font=&#8220;&#8211;et_global_heading_font|700|||||||&#8220; header_2_text_align=&#8220;left&#8220; header_2_text_color=&#8220;#000000&#8243; header_2_font_size=&#8220;42px&#8220; header_2_line_height=&#8220;1.5em&#8220; text_orientation=&#8220;center&#8220; module_alignment=&#8220;center&#8220; custom_margin=&#8220;||10px|&#8220; link_option_url=&#8220;#our-mission&#8220; locked=&#8220;off&#8220; global_colors_info=&#8220;{}&#8220;]<\/p>\n<h2>Unser Auftrag<\/h2>\n<p>[\/et_pb_text][et_pb_divider color=&#8220;#f7d584&#8243; divider_weight=&#8220;3px&#8220; disabled_on=&#8220;on|on|off&#8220; _builder_version=&#8220;4.16&#8243; max_width=&#8220;80px&#8220; module_alignment=&#8220;left&#8220; height=&#8220;10px&#8220; custom_margin=&#8220;||20px|&#8220; animation_style=&#8220;slide&#8220; animation_direction=&#8220;bottom&#8220; saved_tabs=&#8220;all&#8220; locked=&#8220;off&#8220; global_colors_info=&#8220;{}&#8220;][\/et_pb_divider][et_pb_text _builder_version=&#8220;4.27.4&#8243; text_font=&#8220;&#8211;et_global_body_font|500|||||||&#8220; text_text_color=&#8220;#000000&#8243; text_font_size=&#8220;18px&#8220; text_line_height=&#8220;1.9em&#8220; header_font=&#8220;||||||||&#8220; header_2_font=&#8220;||||||||&#8220; module_alignment=&#8220;center&#8220; custom_margin=&#8220;||15px||false|false&#8220; global_colors_info=&#8220;{}&#8220;]<\/p>\n<p>Bei habla_Eli sind unsere Grundwerte das Fundament, auf dem wir unsere p\u00e4dagogische Philosophie aufbauen.<\/p>\n<p>[\/et_pb_text][et_pb_text _builder_version=&#8220;4.27.4&#8243; text_font=&#8220;&#8211;et_global_body_font|500|||||||&#8220; text_text_color=&#8220;#000000&#8243; text_font_size=&#8220;18px&#8220; text_line_height=&#8220;1.9em&#8220; header_font=&#8220;||||||||&#8220; header_2_font=&#8220;||||||||&#8220; module_alignment=&#8220;center&#8220; custom_margin=&#8220;||15px||false|false&#8220; global_colors_info=&#8220;{}&#8220;]<\/p>\n<p>Diese Grunds\u00e4tze definieren uns nicht nur, sondern motivieren uns auch, unseren Sch\u00fclern eine bereichernde Ausbildung und eine einzigartige Erfahrung zu bieten.<\/p>\n<p>[\/et_pb_text][et_pb_text _builder_version=&#8220;4.27.4&#8243; text_font=&#8220;&#8211;et_global_body_font|500|||||||&#8220; text_text_color=&#8220;#000000&#8243; text_font_size=&#8220;18px&#8220; text_line_height=&#8220;1.9em&#8220; header_font=&#8220;||||||||&#8220; header_2_font=&#8220;||||||||&#8220; module_alignment=&#8220;center&#8220; custom_margin=&#8220;||15px||false|false&#8220; global_colors_info=&#8220;{}&#8220;]<\/p>\n<p>Bei habla_Eli feiern wir die Vielfalt unserer Sch\u00fcler, die aus unterschiedlichen Kulturen, Altersgruppen und Perspektiven kommen.<\/p>\n<p>[\/et_pb_text][et_pb_text _builder_version=&#8220;4.27.4&#8243; text_font=&#8220;&#8211;et_global_body_font|500|||||||&#8220; text_text_color=&#8220;#000000&#8243; text_font_size=&#8220;18px&#8220; text_line_height=&#8220;1.9em&#8220; header_font=&#8220;||||||||&#8220; header_2_font=&#8220;||||||||&#8220; module_alignment=&#8220;center&#8220; custom_margin=&#8220;||15px||false|false&#8220; global_colors_info=&#8220;{}&#8220;]<\/p>\n<p>Wir f\u00f6rdern ein integratives und respektvolles Umfeld, in dem alle Stimmen geh\u00f6rt werden und das gegenseitiges Lernen und gemeinsames Wachstum f\u00f6rdert.<\/p>\n<p>[\/et_pb_text][et_pb_text _builder_version=&#8220;4.27.4&#8243; text_font=&#8220;&#8211;et_global_body_font|500|||||||&#8220; text_text_color=&#8220;#000000&#8243; text_font_size=&#8220;18px&#8220; text_line_height=&#8220;1.9em&#8220; header_font=&#8220;||||||||&#8220; header_2_font=&#8220;||||||||&#8220; module_alignment=&#8220;center&#8220; custom_margin=&#8220;||15px||false|false&#8220; global_colors_info=&#8220;{}&#8220;]<\/p>\n<p>Wir glauben, dass diese Vielfalt eine treibende Kraft ist, die die Bildungserfahrung aller bereichert.<\/p>\n<p>[\/et_pb_text][et_pb_button button_url=&#8220;https:\/\/hablaeli.es\/de\/unser-auftrag\/&#8220; button_text=&#8220;Lesen Sie \u00fcber unsere Mission&#8220; _builder_version=&#8220;4.27.4&#8243; custom_button=&#8220;on&#8220; button_text_size=&#8220;14px&#8220; button_text_color=&#8220;#000000&#8243; button_bg_color=&#8220;#ffb469&#8243; button_border_width=&#8220;3px&#8220; button_border_color=&#8220;#ffb469&#8243; button_letter_spacing=&#8220;0px&#8220; button_font=&#8220;&#8211;et_global_body_font|900||on|||||&#8220; button_use_icon=&#8220;off&#8220; custom_margin=&#8220;20px|||&#8220; custom_padding=&#8220;12px|28px|12px|28px&#8220; box_shadow_style=&#8220;preset1&#8243; box_shadow_vertical=&#8220;10px&#8220; box_shadow_blur=&#8220;30px&#8220; box_shadow_color=&#8220;rgba(255,180,105,0.5)&#8220; button_letter_spacing_hover=&#8220;2px&#8220; locked=&#8220;off&#8220; global_colors_info=&#8220;{}&#8220; button_text_size__hover_enabled=&#8220;off&#8220; button_one_text_size__hover_enabled=&#8220;off&#8220; button_two_text_size__hover_enabled=&#8220;off&#8220; button_text_color__hover_enabled=&#8220;on|hover&#8220; button_one_text_color__hover_enabled=&#8220;off&#8220; button_two_text_color__hover_enabled=&#8220;off&#8220; button_border_width__hover_enabled=&#8220;off&#8220; button_one_border_width__hover_enabled=&#8220;off&#8220; button_two_border_width__hover_enabled=&#8220;off&#8220; button_border_color__hover_enabled=&#8220;off&#8220; button_one_border_color__hover_enabled=&#8220;off&#8220; button_two_border_color__hover_enabled=&#8220;off&#8220; button_border_radius__hover_enabled=&#8220;off&#8220; button_one_border_radius__hover_enabled=&#8220;off&#8220; button_two_border_radius__hover_enabled=&#8220;off&#8220; button_letter_spacing__hover_enabled=&#8220;on&#8220; button_letter_spacing__hover=&#8220;2px&#8220; button_one_letter_spacing__hover_enabled=&#8220;off&#8220; button_two_letter_spacing__hover_enabled=&#8220;off&#8220; button_bg_color__hover_enabled=&#8220;on|hover&#8220; button_one_bg_color__hover_enabled=&#8220;off&#8220; button_two_bg_color__hover_enabled=&#8220;off&#8220; button_text_color__hover=&#8220;#ffb469&#8243; button_bg_color__hover=&#8220;#FFFFFF&#8220;][\/et_pb_button][\/et_pb_column][et_pb_column type=&#8220;1_2&#8243; _builder_version=&#8220;4.27.4&#8243; use_background_color_gradient=&#8220;on&#8220; background_color_gradient_direction=&#8220;0deg&#8220; background_color_gradient_stops=&#8220;#ffffff 50%|#ffb469 50%&#8220; background_color_gradient_start=&#8220;#ffffff&#8220; background_color_gradient_start_position=&#8220;50%&#8220; background_color_gradient_end=&#8220;#ff9d82&#8243; background_color_gradient_end_position=&#8220;50%&#8220; custom_padding=&#8220;5%|5%||5%&#8220; global_colors_info=&#8220;{}&#8220; custom_padding__hover=&#8220;|||&#8220;][et_pb_image src=&#8220;https:\/\/hablaeli.es\/wp-content\/uploads\/2025\/04\/p_U7A4683-copy2.jpg&#8220; alt=&#8220;Schule-unsere-Mission&#8220; title_text=&#8220;Unsere-Mission&#8220; force_fullwidth=&#8220;on&#8220; _builder_version=&#8220;4.27.4&#8243; custom_margin=&#8220;|||&#8220; custom_margin_tablet=&#8220;||0px|&#8220; custom_margin_phone=&#8220;&#8220; custom_margin_last_edited=&#8220;on|phone&#8220; custom_padding=&#8220;|||&#8220; animation_style=&#8220;slide&#8220; animation_direction=&#8220;bottom&#8220; animation_intensity_slide=&#8220;6%&#8220; animation_starting_opacity=&#8220;100%&#8220; box_shadow_style=&#8220;preset1&#8243; box_shadow_vertical=&#8220;10px&#8220; box_shadow_blur=&#8220;100px&#8220; box_shadow_color=&#8220;rgba(0,0,0,0.2)&#8220; always_center_on_mobile=&#8220;off&#8220; global_colors_info=&#8220;{}&#8220;][\/et_pb_image][\/et_pb_column][\/et_pb_row][\/et_pb_section]<\/p>\n","protected":false},"excerpt":{"rendered":"<p>Unsere SprachschuleFinden Sie die Gr\u00fcnde heraus, die uns zu einer der zuverl\u00e4ssigsten Sprachschulen auf den Kanarischen Inseln gemacht haben.Elisa: Die Direktorin und Lehrerin f\u00fcr Spanisch ELE und Italienisch L2Elisa Calcinari ist eine in Italien geborene zweisprachige Lehrerin, die 2004 die Bedeutung des Erlernens von Fremdsprachen entdeckte, als ihre Eltern ihr im Alter von 14 Jahren [&hellip;]<\/p>\n","protected":false},"author":1,"featured_media":0,"parent":0,"menu_order":0,"comment_status":"closed","ping_status":"closed","template":"","meta":{"_et_pb_use_builder":"on","_et_pb_old_content":"","_et_gb_content_width":"","footnotes":""},"class_list":["post-71254","page","type-page","status-publish","hentry"],"yoast_head":"<!-- This site is optimized with the Yoast SEO plugin v27.5 - https:\/\/yoast.com\/product\/yoast-seo-wordpress\/ -->\n<title>Schule - Hablaeli<\/title>\n<meta name=\"description\" content=\"Erfahren Sie mehr \u00fcber unsere Sprachschule. Finden Sie die Gr\u00fcnde heraus, die uns zu einer der besten Sprachschulen auf den Kanarischen Inseln gemacht haben.\" \/>\n<meta name=\"robots\" content=\"index, follow, max-snippet:-1, max-image-preview:large, max-video-preview:-1\" \/>\n<link rel=\"canonical\" href=\"https:\/\/hablaeli.es\/de\/ueber-mich\/\" \/>\n<meta property=\"og:locale\" content=\"de_DE\" \/>\n<meta property=\"og:type\" content=\"article\" \/>\n<meta property=\"og:title\" content=\"Schule - Hablaeli\" \/>\n<meta property=\"og:description\" content=\"Erfahren Sie mehr \u00fcber unsere Sprachschule. Finden Sie die Gr\u00fcnde heraus, die uns zu einer der besten Sprachschulen auf den Kanarischen Inseln gemacht haben.\" \/>\n<meta property=\"og:url\" content=\"https:\/\/hablaeli.es\/de\/ueber-mich\/\" \/>\n<meta property=\"og:site_name\" content=\"Hablaeli\" \/>\n<meta property=\"article:publisher\" content=\"https:\/\/www.facebook.com\/people\/Habla_Eli\/61550985253961\/\" \/>\n<meta property=\"article:modified_time\" content=\"2025-07-02T14:18:35+00:00\" \/>\n<meta property=\"og:image\" content=\"https:\/\/hablaeli.es\/wp-content\/uploads\/2025\/04\/logo.png\" \/>\n\t<meta property=\"og:image:width\" content=\"561\" \/>\n\t<meta property=\"og:image:height\" content=\"561\" \/>\n\t<meta property=\"og:image:type\" content=\"image\/png\" \/>\n<meta name=\"twitter:card\" content=\"summary_large_image\" \/>\n<meta name=\"twitter:label1\" content=\"Gesch\u00e4tzte Lesezeit\" \/>\n\t<meta name=\"twitter:data1\" content=\"14\u00a0Minuten\" \/>\n<script type=\"application\/ld+json\" class=\"yoast-schema-graph\">{\"@context\":\"https:\\\/\\\/schema.org\",\"@graph\":[{\"@type\":\"WebPage\",\"@id\":\"https:\\\/\\\/hablaeli.es\\\/de\\\/ueber-mich\\\/\",\"url\":\"https:\\\/\\\/hablaeli.es\\\/de\\\/ueber-mich\\\/\",\"name\":\"Schule - Hablaeli\",\"isPartOf\":{\"@id\":\"https:\\\/\\\/hablaeli.es\\\/#website\"},\"datePublished\":\"2025-04-02T13:04:08+00:00\",\"dateModified\":\"2025-07-02T14:18:35+00:00\",\"description\":\"Erfahren Sie mehr \u00fcber unsere Sprachschule. Finden Sie die Gr\u00fcnde heraus, die uns zu einer der besten Sprachschulen auf den Kanarischen Inseln gemacht haben.\",\"breadcrumb\":{\"@id\":\"https:\\\/\\\/hablaeli.es\\\/de\\\/ueber-mich\\\/#breadcrumb\"},\"inLanguage\":\"de\",\"potentialAction\":[{\"@type\":\"ReadAction\",\"target\":[\"https:\\\/\\\/hablaeli.es\\\/de\\\/ueber-mich\\\/\"]}]},{\"@type\":\"BreadcrumbList\",\"@id\":\"https:\\\/\\\/hablaeli.es\\\/de\\\/ueber-mich\\\/#breadcrumb\",\"itemListElement\":[{\"@type\":\"ListItem\",\"position\":1,\"name\":\"Portada\",\"item\":\"https:\\\/\\\/hablaeli.es\\\/\"},{\"@type\":\"ListItem\",\"position\":2,\"name\":\"Schule\"}]},{\"@type\":\"WebSite\",\"@id\":\"https:\\\/\\\/hablaeli.es\\\/#website\",\"url\":\"https:\\\/\\\/hablaeli.es\\\/\",\"name\":\"Hablaeli\",\"description\":\"\",\"publisher\":{\"@id\":\"https:\\\/\\\/hablaeli.es\\\/#organization\"},\"alternateName\":\"Elisa Calcinari\",\"potentialAction\":[{\"@type\":\"SearchAction\",\"target\":{\"@type\":\"EntryPoint\",\"urlTemplate\":\"https:\\\/\\\/hablaeli.es\\\/?s={search_term_string}\"},\"query-input\":{\"@type\":\"PropertyValueSpecification\",\"valueRequired\":true,\"valueName\":\"search_term_string\"}}],\"inLanguage\":\"de\"},{\"@type\":\"Organization\",\"@id\":\"https:\\\/\\\/hablaeli.es\\\/#organization\",\"name\":\"Elisa Calcinari\",\"url\":\"https:\\\/\\\/hablaeli.es\\\/\",\"logo\":{\"@type\":\"ImageObject\",\"inLanguage\":\"de\",\"@id\":\"https:\\\/\\\/hablaeli.es\\\/#\\\/schema\\\/logo\\\/image\\\/\",\"url\":\"https:\\\/\\\/hablaeli.es\\\/wp-content\\\/uploads\\\/2025\\\/04\\\/cropped-logo.png\",\"contentUrl\":\"https:\\\/\\\/hablaeli.es\\\/wp-content\\\/uploads\\\/2025\\\/04\\\/cropped-logo.png\",\"width\":491,\"height\":491,\"caption\":\"Elisa Calcinari\"},\"image\":{\"@id\":\"https:\\\/\\\/hablaeli.es\\\/#\\\/schema\\\/logo\\\/image\\\/\"},\"sameAs\":[\"https:\\\/\\\/www.facebook.com\\\/people\\\/Habla_Eli\\\/61550985253961\\\/\"]}]}<\/script>\n<!-- \/ Yoast SEO plugin. -->","yoast_head_json":{"title":"Schule - Hablaeli","description":"Erfahren Sie mehr \u00fcber unsere Sprachschule. Finden Sie die Gr\u00fcnde heraus, die uns zu einer der besten Sprachschulen auf den Kanarischen Inseln gemacht haben.","robots":{"index":"index","follow":"follow","max-snippet":"max-snippet:-1","max-image-preview":"max-image-preview:large","max-video-preview":"max-video-preview:-1"},"canonical":"https:\/\/hablaeli.es\/de\/ueber-mich\/","og_locale":"de_DE","og_type":"article","og_title":"Schule - Hablaeli","og_description":"Erfahren Sie mehr \u00fcber unsere Sprachschule. Finden Sie die Gr\u00fcnde heraus, die uns zu einer der besten Sprachschulen auf den Kanarischen Inseln gemacht haben.","og_url":"https:\/\/hablaeli.es\/de\/ueber-mich\/","og_site_name":"Hablaeli","article_publisher":"https:\/\/www.facebook.com\/people\/Habla_Eli\/61550985253961\/","article_modified_time":"2025-07-02T14:18:35+00:00","og_image":[{"width":561,"height":561,"url":"https:\/\/hablaeli.es\/wp-content\/uploads\/2025\/04\/logo.png","type":"image\/png"}],"twitter_card":"summary_large_image","twitter_misc":{"Gesch\u00e4tzte Lesezeit":"14\u00a0Minuten"},"schema":{"@context":"https:\/\/schema.org","@graph":[{"@type":"WebPage","@id":"https:\/\/hablaeli.es\/de\/ueber-mich\/","url":"https:\/\/hablaeli.es\/de\/ueber-mich\/","name":"Schule - Hablaeli","isPartOf":{"@id":"https:\/\/hablaeli.es\/#website"},"datePublished":"2025-04-02T13:04:08+00:00","dateModified":"2025-07-02T14:18:35+00:00","description":"Erfahren Sie mehr \u00fcber unsere Sprachschule. Finden Sie die Gr\u00fcnde heraus, die uns zu einer der besten Sprachschulen auf den Kanarischen Inseln gemacht haben.","breadcrumb":{"@id":"https:\/\/hablaeli.es\/de\/ueber-mich\/#breadcrumb"},"inLanguage":"de","potentialAction":[{"@type":"ReadAction","target":["https:\/\/hablaeli.es\/de\/ueber-mich\/"]}]},{"@type":"BreadcrumbList","@id":"https:\/\/hablaeli.es\/de\/ueber-mich\/#breadcrumb","itemListElement":[{"@type":"ListItem","position":1,"name":"Portada","item":"https:\/\/hablaeli.es\/"},{"@type":"ListItem","position":2,"name":"Schule"}]},{"@type":"WebSite","@id":"https:\/\/hablaeli.es\/#website","url":"https:\/\/hablaeli.es\/","name":"Hablaeli","description":"","publisher":{"@id":"https:\/\/hablaeli.es\/#organization"},"alternateName":"Elisa Calcinari","potentialAction":[{"@type":"SearchAction","target":{"@type":"EntryPoint","urlTemplate":"https:\/\/hablaeli.es\/?s={search_term_string}"},"query-input":{"@type":"PropertyValueSpecification","valueRequired":true,"valueName":"search_term_string"}}],"inLanguage":"de"},{"@type":"Organization","@id":"https:\/\/hablaeli.es\/#organization","name":"Elisa Calcinari","url":"https:\/\/hablaeli.es\/","logo":{"@type":"ImageObject","inLanguage":"de","@id":"https:\/\/hablaeli.es\/#\/schema\/logo\/image\/","url":"https:\/\/hablaeli.es\/wp-content\/uploads\/2025\/04\/cropped-logo.png","contentUrl":"https:\/\/hablaeli.es\/wp-content\/uploads\/2025\/04\/cropped-logo.png","width":491,"height":491,"caption":"Elisa Calcinari"},"image":{"@id":"https:\/\/hablaeli.es\/#\/schema\/logo\/image\/"},"sameAs":["https:\/\/www.facebook.com\/people\/Habla_Eli\/61550985253961\/"]}]}},"_links":{"self":[{"href":"https:\/\/hablaeli.es\/de\/wp-json\/wp\/v2\/pages\/71254","targetHints":{"allow":["GET"]}}],"collection":[{"href":"https:\/\/hablaeli.es\/de\/wp-json\/wp\/v2\/pages"}],"about":[{"href":"https:\/\/hablaeli.es\/de\/wp-json\/wp\/v2\/types\/page"}],"author":[{"embeddable":true,"href":"https:\/\/hablaeli.es\/de\/wp-json\/wp\/v2\/users\/1"}],"replies":[{"embeddable":true,"href":"https:\/\/hablaeli.es\/de\/wp-json\/wp\/v2\/comments?post=71254"}],"version-history":[{"count":50,"href":"https:\/\/hablaeli.es\/de\/wp-json\/wp\/v2\/pages\/71254\/revisions"}],"predecessor-version":[{"id":72696,"href":"https:\/\/hablaeli.es\/de\/wp-json\/wp\/v2\/pages\/71254\/revisions\/72696"}],"wp:attachment":[{"href":"https:\/\/hablaeli.es\/de\/wp-json\/wp\/v2\/media?parent=71254"}],"curies":[{"name":"wp","href":"https:\/\/api.w.org\/{rel}","templated":true}]}}