{"id":71357,"date":"2025-04-02T13:06:16","date_gmt":"2025-04-02T13:06:16","guid":{"rendered":"https:\/\/hablaeli.es\/das-angebot\/"},"modified":"2025-07-31T09:45:33","modified_gmt":"2025-07-31T09:45:33","slug":"das-angebot","status":"publish","type":"page","link":"https:\/\/hablaeli.es\/de\/das-angebot\/","title":{"rendered":"Kurse"},"content":{"rendered":"<p>[et_pb_section fb_built=&#8220;1&#8243; custom_padding_last_edited=&#8220;on|desktop&#8220; admin_label=&#8220;Hero Section&#8220; module_id=&#8220;header-section&#8220; _builder_version=&#8220;4.27.4&#8243; background_image=&#8220;https:\/\/hablaeli.es\/wp-content\/uploads\/2025\/04\/p_U7A4811-copy.jpg&#8220; background_position=&#8220;top_center&#8220; background_vertical_offset=&#8220;70%&#8220; min_height=&#8220;609.6px&#8220; custom_padding=&#8220;90px|0px|0px|0px|false|false&#8220; custom_padding_tablet=&#8220;0px||0px||true|false&#8220; custom_padding_phone=&#8220;15px||0px||false|false&#8220; animation_style=&#8220;slide&#8220; animation_direction=&#8220;top&#8220; animation_intensity_slide=&#8220;2%&#8220; animation_starting_opacity=&#8220;100%&#8220; custom_css_free_form=&#8220;#header-section {||  display: flex !important;||  align-items: flex-end !important;||}&#8220; locked=&#8220;off&#8220; global_colors_info=&#8220;{}&#8220;][et_pb_row _builder_version=&#8220;4.27.4&#8243; background_color=&#8220;rgba(255,255,255,0.83)&#8220; background_size=&#8220;initial&#8220; background_position=&#8220;top_left&#8220; background_repeat=&#8220;repeat&#8220; width_tablet=&#8220;100%&#8220; width_phone=&#8220;100%&#8220; width_last_edited=&#8220;on|tablet&#8220; max_width=&#8220;50%&#8220; max_width_tablet=&#8220;90%&#8220; max_width_phone=&#8220;90%&#8220; max_width_last_edited=&#8220;on|tablet&#8220; custom_margin=&#8220;0px||0px||true|false&#8220; custom_padding=&#8220;5px|20px|5px|20px|true|true&#8220; border_width_all=&#8220;3px&#8220; border_color_all=&#8220;#FFFFFF&#8220; border_width_bottom=&#8220;0px&#8220; border_width_all_tablet=&#8220;3px&#8220; border_width_all_phone=&#8220;0px&#8220; border_width_all_last_edited=&#8220;off|desktop&#8220; box_shadow_style=&#8220;preset1&#8243; use_custom_width=&#8220;on&#8220; custom_width_px=&#8220;1440px&#8220; global_colors_info=&#8220;{}&#8220;][et_pb_column type=&#8220;4_4&#8243; _builder_version=&#8220;4.27.4&#8243; custom_padding=&#8220;||||false|false&#8220; global_colors_info=&#8220;{}&#8220; custom_padding__hover=&#8220;|||&#8220;][et_pb_text _builder_version=&#8220;4.27.4&#8243; text_font=&#8220;||||||||&#8220; header_font=&#8220;&#8211;et_global_heading_font|700|||||||&#8220; header_text_align=&#8220;center&#8220; header_text_color=&#8220;#000000&#8243; header_font_size=&#8220;60px&#8220; header_line_height=&#8220;1.5em&#8220; header_2_font=&#8220;||||||||&#8220; header_3_font=&#8220;||||||||&#8220; header_4_font=&#8220;||||||||&#8220; header_5_font=&#8220;||||||||&#8220; header_6_font=&#8220;||||||||&#8220; custom_margin=&#8220;||20px|&#8220; locked=&#8220;off&#8220; global_colors_info=&#8220;{}&#8220;]<\/p>\n<h1>Unsere Kurse<\/h1>\n<p>[\/et_pb_text][et_pb_divider color=&#8220;#f7d584&#8243; divider_weight=&#8220;3px&#8220; disabled_on=&#8220;on|on|off&#8220; _builder_version=&#8220;4.27.4&#8243; max_width=&#8220;80px&#8220; module_alignment=&#8220;center&#8220; height=&#8220;10px&#8220; custom_margin=&#8220;||15px||false|false&#8220; animation_style=&#8220;slide&#8220; animation_direction=&#8220;bottom&#8220; saved_tabs=&#8220;all&#8220; locked=&#8220;off&#8220; global_colors_info=&#8220;{}&#8220;][\/et_pb_divider][et_pb_text _builder_version=&#8220;4.27.4&#8243; text_font=&#8220;&#8211;et_global_body_font||||||||&#8220; text_text_color=&#8220;#000000&#8243; text_font_size=&#8220;20px&#8220; text_line_height=&#8220;1.8em&#8220; header_font=&#8220;||||||||&#8220; background_size=&#8220;initial&#8220; background_position=&#8220;top_left&#8220; background_repeat=&#8220;repeat&#8220; text_orientation=&#8220;center&#8220; module_alignment=&#8220;center&#8220; custom_margin=&#8220;||5px||false|false&#8220; locked=&#8220;off&#8220; global_colors_info=&#8220;{}&#8220;]<\/p>\n<p>Die meisten Menschen machen einfach Urlaub \u2026 aber au\u00dfergew\u00f6hnliche Menschen nutzen ihre freie Zeit, um zu wachsen, sich weiterzuentwickeln \u2013 und dabei jede Menge Spa\u00df zu haben!<br \/>Wir begleiten dich nicht nur auf deinem Weg beim Spanischlernen \u2013 wir sorgen auch daf\u00fcr, dass du eine unvergessliche Zeit hast.<\/p>\n<p>[\/et_pb_text][\/et_pb_column][\/et_pb_row][\/et_pb_section][et_pb_section fb_built=&#8220;1&#8243; admin_label=&#8220;section&#8220; _builder_version=&#8220;4.27.4&#8243; background_color=&#8220;#FFFFFF&#8220; custom_padding=&#8220;40px||40px||true|false&#8220; global_colors_info=&#8220;{}&#8220;][et_pb_row use_custom_gutter=&#8220;on&#8220; gutter_width=&#8220;2&#8243; make_equal=&#8220;on&#8220; admin_label=&#8220;Zeile&#8220; _builder_version=&#8220;4.27.4&#8243; background_size=&#8220;initial&#8220; background_position=&#8220;top_left&#8220; background_repeat=&#8220;repeat&#8220; z_index=&#8220;224&#8243; width=&#8220;90%&#8220; width_tablet=&#8220;90%&#8220; width_phone=&#8220;90%&#8220; width_last_edited=&#8220;on|tablet&#8220; max_width=&#8220;70%&#8220; max_width_tablet=&#8220;350px&#8220; max_width_phone=&#8220;90%&#8220; max_width_last_edited=&#8220;on|tablet&#8220; custom_margin=&#8220;0px||0px||true|false&#8220; custom_padding=&#8220;0px||0px||false|false&#8220; global_colors_info=&#8220;{}&#8220;][et_pb_column type=&#8220;4_4&#8243; _builder_version=&#8220;4.27.4&#8243; background_color=&#8220;RGBA(255,255,255,0)&#8220; transform_translate_linked__hover=&#8220;off&#8220; custom_padding=&#8220;12px|12px|12px|12px|true|true&#8220; border_radii=&#8220;on|7px|7px|7px|7px&#8220; global_colors_info=&#8220;{}&#8220; custom_padding__hover=&#8220;|||&#8220; transform_styles__hover_enabled=&#8220;off|desktop&#8220; transform_scale__hover_enabled=&#8220;off|desktop&#8220; transform_translate__hover_enabled=&#8220;off|desktop&#8220; transform_rotate__hover_enabled=&#8220;off|desktop&#8220; transform_skew__hover_enabled=&#8220;off|desktop&#8220; transform_origin__hover_enabled=&#8220;off|desktop&#8220; transform_translate__hover=&#8220;0px|-10px&#8220;][et_pb_text _builder_version=&#8220;4.27.4&#8243; _module_preset=&#8220;default&#8220; text_font=&#8220;&#8211;et_global_body_font||||||||&#8220; text_text_color=&#8220;#000000&#8243; text_font_size=&#8220;20px&#8220; text_line_height=&#8220;1.8em&#8220; header_font=&#8220;||||||||&#8220; background_size=&#8220;initial&#8220; background_position=&#8220;top_left&#8220; background_repeat=&#8220;repeat&#8220; text_orientation=&#8220;center&#8220; module_alignment=&#8220;center&#8220; custom_margin=&#8220;||5px||false|false&#8220; hover_enabled=&#8220;0&#8243; global_colors_info=&#8220;{}&#8220; sticky_enabled=&#8220;0&#8243;]<\/p>\n<p>Wir haben an alles gedacht: Spanischkurse, tolle Kooperationen f\u00fcr Surf- und Kitesurfunterricht an den traumhaften Str\u00e4nden Fuerteventuras, Tai-Chi-Kurse \u2026 und vieles mehr.<\/p>\n<p><span lang=\"EN-US\">Und nat\u00fcrlich passen wir uns immer an deine Bed\u00fcrfnisse an.\u201d.<o:p><\/o:p><\/span><\/p>\n<p>[\/et_pb_text][et_pb_text _builder_version=&#8220;4.27.4&#8243; _module_preset=&#8220;default&#8220; hover_enabled=&#8220;0&#8243; sticky_enabled=&#8220;0&#8243; disabled_on=&#8220;on|on|on&#8220; disabled=&#8220;on&#8220;]<\/p>\n<p>freie Zeit, um zu wachsen, sich weiterzuentwickeln \u2013 und dabei jede Menge Spa\u00df zu haben!den traumhaften Str\u00e4nden Fuerteventuras, Tai-Chi-Kurse&#8230; und vieles mehr.<\/p>\n<p>[\/et_pb_text][\/et_pb_column][\/et_pb_row][et_pb_row column_structure=&#8220;1_3,1_3,1_3&#8243; use_custom_gutter=&#8220;on&#8220; gutter_width=&#8220;2&#8243; make_equal=&#8220;on&#8220; admin_label=&#8220;Zeile&#8220; _builder_version=&#8220;4.27.4&#8243; background_size=&#8220;initial&#8220; background_position=&#8220;top_left&#8220; background_repeat=&#8220;repeat&#8220; z_index=&#8220;224&#8243; width=&#8220;90%&#8220; width_tablet=&#8220;90%&#8220; width_phone=&#8220;90%&#8220; width_last_edited=&#8220;on|tablet&#8220; max_width=&#8220;70%&#8220; max_width_tablet=&#8220;350px&#8220; max_width_phone=&#8220;90%&#8220; max_width_last_edited=&#8220;on|tablet&#8220; custom_margin=&#8220;20px||20px||true|false&#8220; custom_padding=&#8220;0px||0px||false|false&#8220; global_colors_info=&#8220;{}&#8220;][et_pb_column type=&#8220;1_3&#8243; _builder_version=&#8220;4.27.4&#8243; background_color=&#8220;#ffffff&#8220; transform_translate_linked__hover=&#8220;off&#8220; custom_padding=&#8220;12px|12px|12px|12px|true|true&#8220; border_radii=&#8220;on|7px|7px|7px|7px&#8220; box_shadow_style=&#8220;preset3&#8243; box_shadow_blur=&#8220;49px&#8220; box_shadow_color=&#8220;rgba(107,107,107,0.3)&#8220; global_colors_info=&#8220;{}&#8220; custom_padding__hover=&#8220;|||&#8220; transform_styles__hover_enabled=&#8220;off|desktop&#8220; transform_scale__hover_enabled=&#8220;off|desktop&#8220; transform_translate__hover_enabled=&#8220;off|desktop&#8220; transform_rotate__hover_enabled=&#8220;off|desktop&#8220; transform_skew__hover_enabled=&#8220;off|desktop&#8220; transform_origin__hover_enabled=&#8220;off|desktop&#8220; transform_translate__hover=&#8220;0px|-10px&#8220;][et_pb_image src=&#8220;https:\/\/hablaeli.es\/wp-content\/uploads\/2025\/05\/Extra-School-Actvity-Church-Cropped.jpeg&#8220; alt=&#8220;Bildungsurlaub &#8211; Unsere Kurse&#8220; title_text=&#8220;Bildungsurlaub &#8220; _builder_version=&#8220;4.27.4&#8243; border_radii=&#8220;on|8px|8px|8px|8px&#8220; global_colors_info=&#8220;{}&#8220;][\/et_pb_image][et_pb_text _builder_version=&#8220;4.27.4&#8243; _module_preset=&#8220;default&#8220; header_2_font=&#8220;&#8211;et_global_heading_font|700|||||||&#8220; header_2_text_color=&#8220;#ff9f3f&#8220; custom_padding=&#8220;|15px||15px|false|true&#8220; global_colors_info=&#8220;{}&#8220;]<\/p>\n<h2>BILDUNGSURLAUB<\/h2>\n<p>[\/et_pb_text][et_pb_text _builder_version=&#8220;4.27.4&#8243; _module_preset=&#8220;default&#8220; text_font=&#8220;&#8211;et_global_body_font|500|||||||&#8220; text_text_color=&#8220;#000000&#8243; text_font_size=&#8220;16px&#8220; custom_padding=&#8220;|15px||15px|false|true&#8220; global_colors_info=&#8220;{}&#8220;]<\/p>\n<p>Der Bildungsurlaub (auch Bildungszeit) ist ein gesetzlich verankertes Programm der Erwachsenenbildung in Deutschland. Es erm\u00f6glicht Arbeitnehmerinnen und Arbeitnehmern, bezahlten Sonderurlaub f\u00fcr anerkannte Weiterbildungsma\u00dfnahmen zu nehmen \u2013 sei es zur beruflichen Qualifikation oder zur pers\u00f6nlichen Entwicklung.<\/p>\n<p>[\/et_pb_text][et_pb_toggle title=&#8220;Mehr lesen&#8220; open_toggle_text_color=&#8220;#000000&#8243; open_toggle_background_color=&#8220;#FFFFFF&#8220; closed_toggle_background_color=&#8220;#FFFFFF&#8220; icon_color=&#8220;#000000&#8243; toggle_icon=&#8220;&#xf055;||fa||900&#8243; open_icon_color=&#8220;#000000&#8243; open_toggle_icon=&#8220;&#xe04f;||divi||400&#8243; _builder_version=&#8220;4.27.4&#8243; _module_preset=&#8220;default&#8220; title_text_color=&#8220;#000000&#8243; title_font=&#8220;&#8211;et_global_body_font|600|||on||||&#8220; title_text_align=&#8220;center&#8220; title_font_size=&#8220;16px&#8220; body_font=&#8220;&#8211;et_global_body_font||||||||&#8220; body_text_align=&#8220;left&#8220; body_text_color=&#8220;#000000&#8243; body_font_size=&#8220;16px&#8220; border_width_all=&#8220;0px&#8220; icon_color__hover=&#8220;#c71715&#8243; icon_color__hover_enabled=&#8220;on|hover&#8220; global_colors_info=&#8220;{}&#8220; open_toggle_text_color__hover=&#8220;#c71715&#8243; open_toggle_text_color__hover_enabled=&#8220;on|desktop&#8220; title_text_color__hover=&#8220;#c71715&#8243; title_text_color__hover_enabled=&#8220;on|desktop&#8220; open_icon_color__hover=&#8220;#c71715&#8243; open_icon_color__hover_enabled=&#8220;on|hover&#8220;]<\/p>\n<p>Je nach Bundesland stehen Ihnen in der Regel 5 bis 10 Arbeitstage pro Jahr zu. Die Kurse sind f\u00fcr alle Lernstufen offen \u2013 von absoluten Anf\u00e4ngern bis zu Fortgeschrittenen.<\/p>\n<p>&nbsp;<\/p>\n<h3><strong>Wer hat Anspruch auf Bildungsurlaub?<\/strong><\/h3>\n<p>Die gesetzlichen Voraussetzungen unterscheiden sich je nach Bundesland. In der Regel gilt:<br \/>Sie sind seit mindestens sechs Monaten bei Ihrem Arbeitgeber besch\u00e4ftigt.<br \/>Der gew\u00fcnschte Kurs ist in Ihrem Bundesland als Bildungsurlaub anerkannt.<br \/>Wir empfehlen, fr\u00fchzeitig mit Ihrer Personalabteilung Kontakt aufzunehmen, um die Rahmenbedingungen zu kl\u00e4ren und die Freistellung zu beantragen.<\/p>\n<p>&nbsp;<\/p>\n<h3><strong>Sprachurlaub mit Mehrwert: Bildungsurlaub bei Habla_Eli \u2013 vor Ort oder online<\/strong><\/h3>\n<p>Habla_Eli ist als Bildungsurlaubsanbieter zertifiziert und bietet Spanischkurse f\u00fcr alle GER-Niveaus (A1\u2013C2) an \u2013 sowohl im Pr\u00e4senzformat auf Fuerteventura als auch bequem online von zu Hause aus. Unsere Kurse zeichnen sich durch methodische Qualit\u00e4t, interaktive Lernformate und ein unterst\u00fctzendes Umfeld aus \u2013 ganz gleich, ob Sie beruflich motiviert oder privat neugierig lernen m\u00f6chten.<\/p>\n<p>&nbsp;<\/p>\n<h3><strong>So funktioniert Ihre Anmeldung zum Bildungsurlaub:<\/strong><\/h3>\n<p><strong>1. Anspruch pr\u00fcfen<\/strong>: Informieren Sie sich bei Ihrem Arbeitgeber, ob und unter welchen Bedingungen Sie in Ihrem Bundesland Bildungsurlaub beantragen k\u00f6nnen.<\/p>\n<p><strong>2. Kurs ausw\u00e4hlen &amp; Kontakt aufnehmen<\/strong>: W\u00e4hlen Sie den passenden Spanischkurs entsprechend Ihrem Niveau. Wir beraten Sie gerne und senden Ihnen alle relevanten Informationen und Unterlagen zu.<\/p>\n<p><strong>3. Bildungsurlaub beantragen<\/strong>: Mit den von uns ausgestellten Kursunterlagen k\u00f6nnen Sie offiziell Bildungsurlaub bei Ihrem Arbeitgeber beantragen. Unsere Kurse sind anerkannt \u2013 die Genehmigung erfolgt in der Regel problemlos.<\/p>\n<p><strong>4. Unterkunft organisieren<\/strong>: Dank unserer Zusammenarbeit mit einer lokalen Agentur k\u00f6nnen wir Ihnen renovierte und zentral gelegene Unterk\u00fcnfte in Corralejo empfehlen. Zus\u00e4tzlich erhalten unsere Kursteilnehmer 10\u202f% Rabatt im stilvollen und gem\u00fctlichen <span lang=\"ES\">NoHotel Buen D\u00eda<\/span>.<\/p>\n<h4><strong>Freizeit aktiv gestalten \u2013 mit unseren Partnern vor Ort: Neben dem Spanischunterricht bieten wir Ihnen die M\u00f6glichkeit, Fuerteventura aktiv und bewusst zu erleben \u2013 mit unserem exklusiven Netzwerk an lokalen Expert:innen.<\/strong><\/h4>\n<p>Erg\u00e4nzende Aktivit\u00e4ten f\u00fcr K\u00f6rper und Geist<\/p>\n<p>&nbsp;<\/p>\n<p><strong>Wassersport<\/strong>: Erleben Sie Fuerteventuras Natur hautnah! Gemeinsam mit unseren Partnern wie Smoothsurf by Marco und KamiExperience organisieren wir Surf-, Kitesurf- oder Wing Foil-Kurse f\u00fcr alle Levels. Perfekt f\u00fcr alle, die neben dem Lernen neue Energie im Meer tanken wollen.<\/p>\n<p><strong>Personal Training<\/strong>: Unsere zertifizierte Fitnesstrainerin Zs\u00f3fi Csath\u00f3 bietet ma\u00dfgeschneiderte Trainings \u2013 ob zur Kr\u00e4ftigung, Mobilisierung oder Stressbew\u00e4ltigung. Der Unterricht ist auch auf Deutsch m\u00f6glich.<\/p>\n<p><strong>Tai Chi am Meer<\/strong>: Unsere Schulleiterin Elisa ist zertifizierte Tai Chi Chuan-Trainerin (First Duan). In ihren Kursen erleben Sie Tai Chi in einer einzigartigen Atmosph\u00e4re \u2013 mit Blick auf die Insel Lobos oder in einem ruhigen Park in Corralejo. Ideal zur F\u00f6rderung von Balance, Gelassenheit und k\u00f6rperlichem Wohlbefinden.<\/p>\n<p>[\/et_pb_toggle][\/et_pb_column][et_pb_column type=&#8220;1_3&#8243; _builder_version=&#8220;4.27.4&#8243; background_color=&#8220;#ffffff&#8220; transform_translate_linked__hover=&#8220;off&#8220; custom_padding=&#8220;12px|12px|12px|12px|true|true&#8220; border_radii=&#8220;on|7px|7px|7px|7px&#8220; box_shadow_style=&#8220;preset3&#8243; box_shadow_blur=&#8220;49px&#8220; box_shadow_color=&#8220;rgba(107,107,107,0.3)&#8220; global_colors_info=&#8220;{}&#8220; custom_padding__hover=&#8220;|||&#8220; transform_styles__hover_enabled=&#8220;off|desktop&#8220; transform_scale__hover_enabled=&#8220;off|desktop&#8220; transform_translate__hover_enabled=&#8220;off|desktop&#8220; transform_rotate__hover_enabled=&#8220;off|desktop&#8220; transform_skew__hover_enabled=&#8220;off|desktop&#8220; transform_origin__hover_enabled=&#8220;off|desktop&#8220; transform_translate__hover=&#8220;0px|-10px&#8220;][et_pb_image src=&#8220;https:\/\/hablaeli.es\/wp-content\/uploads\/2025\/05\/WhatsApp-Image-2025-05-04-at-10.46.22.jpeg&#8220; alt=&#8220;Spanisch und Englisch Kurse &#8211; Unsere Kurse&#8220; title_text=&#8220;Spanisch und Englisch Kurse&#8220; _builder_version=&#8220;4.27.4&#8243; border_radii=&#8220;on|8px|8px|8px|8px&#8220; global_colors_info=&#8220;{}&#8220;][\/et_pb_image][et_pb_text _builder_version=&#8220;4.27.4&#8243; _module_preset=&#8220;default&#8220; header_2_font=&#8220;&#8211;et_global_heading_font|700|||||||&#8220; header_2_text_color=&#8220;#ff9f3f&#8220; custom_padding=&#8220;|15px||15px|false|true&#8220; global_colors_info=&#8220;{}&#8220;]<\/p>\n<h2>Spanisch und Englischkurse f\u00fcr Schulgruppen auf Fuerteventura<\/h2>\n<p>[\/et_pb_text][et_pb_text _builder_version=&#8220;4.27.4&#8243; _module_preset=&#8220;default&#8220; text_font=&#8220;&#8211;et_global_body_font|500|||||||&#8220; text_text_color=&#8220;#000000&#8243; text_font_size=&#8220;16px&#8220; custom_padding=&#8220;|15px||15px|false|true&#8220; global_colors_info=&#8220;{}&#8220;]<\/p>\n<p>Wir organisieren Sprachaufenthalte auf Fuerteventura f\u00fcr Schulklassen: Spanisch oder Englisch Unterricht, Unterkunft, Aktivit\u00e4ten und Ausfl\u00fcge &#8211; eine einzigartige Erfahrung!<\/p>\n<p>[\/et_pb_text][et_pb_toggle title=&#8220;Mehr lesen&#8220; open_toggle_text_color=&#8220;#000000&#8243; open_toggle_background_color=&#8220;#FFFFFF&#8220; closed_toggle_background_color=&#8220;#FFFFFF&#8220; icon_color=&#8220;#000000&#8243; toggle_icon=&#8220;&#xf055;||fa||900&#8243; open_icon_color=&#8220;#000000&#8243; open_toggle_icon=&#8220;&#xe04f;||divi||400&#8243; _builder_version=&#8220;4.27.4&#8243; _module_preset=&#8220;default&#8220; title_text_color=&#8220;#000000&#8243; title_level=&#8220;h3&#8243; title_font=&#8220;&#8211;et_global_body_font|600|||on||||&#8220; title_text_align=&#8220;center&#8220; title_font_size=&#8220;16px&#8220; body_font=&#8220;&#8211;et_global_body_font||||||||&#8220; body_text_align=&#8220;left&#8220; body_text_color=&#8220;#000000&#8243; body_font_size=&#8220;16px&#8220; border_width_all=&#8220;0px&#8220; icon_color__hover=&#8220;#c71715&#8243; icon_color__hover_enabled=&#8220;on|hover&#8220; global_colors_info=&#8220;{}&#8220; open_toggle_text_color__hover=&#8220;#c71715&#8243; open_toggle_text_color__hover_enabled=&#8220;on|desktop&#8220; title_text_color__hover=&#8220;#c71715&#8243; title_text_color__hover_enabled=&#8220;on|desktop&#8220; open_icon_color__hover=&#8220;#c71715&#8243; open_icon_color__hover_enabled=&#8220;on|hover&#8220;]<\/p>\n<p>Unsere Programme richten sich an Schulgruppen von mindestens 10 Sch\u00fclern, die an einer sprachlichen und kulturellen Erfahrung in Spanien teilnehmen m\u00f6chten.<\/p>\n<p>Neben dem t\u00e4glichen Sprachunterricht (2 Stunden pro Tag, mit kommunikativem Ansatz) k\u00f6nnen wir uns dank der Zusammenarbeit mit dem renommierten Buen D\u00eda Nohotel in Corralejo auch um die Organisation der Unterkunft sowie um ein breites Angebot an kulturellen, sportlichen und integrativen Aktivit\u00e4ten k\u00fcmmern.<\/p>\n<p>Jedes Programm wird an die Bed\u00fcrfnisse, Interessen und das Niveau der Gruppe angepasst. Wir gestalten sinnvolle Erlebnisse, bei denen die Sprache innerhalb und au\u00dferhalb des Klassenzimmers gelebt wird: Surfunterricht, Vulkanausfl\u00fcge, Museumsbesuche, Paella-Abend, Ausflug auf die nahe gelegene Insel Lobos und vieles mehr. <\/p>\n<p>&nbsp;<\/p>\n<p><strong>Was beinhaltet unser Programm f\u00fcr Schulgruppen?<\/strong><br \/>1. Dynamischer Unterricht mit qualifizierten und zertifizierten Lehrern in einer freundlichen Umgebung.<br \/>2. Didaktisches Material, das vom Direktor der Schule ausgearbeitet wurde: didaktische Hefte f\u00fcr die Arbeit mit den vier Grundfertigkeiten Leseverstehen und H\u00f6rverstehen sowie schriftliche und m\u00fcndliche Produktion.<br \/>3. Unterbringung in Zusammenarbeit mit zuverl\u00e4ssigen \u00f6rtlichen Unterk\u00fcnften.<br \/>4. Kulturelle Exkursionen und Besichtigungen von emblematischen Orten auf Fuerteventura.<br \/>5. Erg\u00e4nzende Aktivit\u00e4ten: Surfkurse, Workshops, Paella-Abend, Funktionstraining, Tai-Chi-Kurse.<\/p>\n<p>&nbsp;<\/p>\n<h3><strong>Warum Habla_Eli f\u00fcr Ihre Klassenfahrt w\u00e4hlen?<\/strong><\/h3>\n<p><strong>1. Weil wir lieben, was wir tun<\/strong>:<\/p>\n<p>Jede Aktivit\u00e4t wird mit Hingabe und Enthusiasmus gestaltet. Wir engagieren uns zu 100 %, damit jede Gruppe eine authentische und bereichernde Erfahrung macht. <\/p>\n<p><strong>2. Weil wir ein ma\u00dfgeschneidertes akademisches Programm erstellen<\/strong>:<\/p>\n<p>Wir passen den Inhalt, das Tempo und die Aktivit\u00e4ten an die Bed\u00fcrfnisse der jeweiligen Klasse an. Wir sorgen daf\u00fcr, dass das Lernen f\u00fcr Ihre Sch\u00fcler sinnvoll und relevant ist. <\/p>\n<p><strong>3. Weil wir ein hochqualifiziertes Lehrpersonal haben<\/strong>:<\/p>\n<p>Unsere Lehrer sind Muttersprachler oder zweisprachig und haben eine spezielle Ausbildung in Sprachdidaktik. Sie bieten einen dynamischen, kommunikativen Unterricht, der an das Niveau der Gruppe angepasst ist. <\/p>\n<p><strong>4. Weil wir viel mehr als nur Spanisch oder Englisch anbieten<\/strong>:<\/p>\n<p>Unsere Programme sind ganzheitliche Erfahrungen, die Lernen, Kultur, Natur und Koexistenz miteinander verbinden. Die Sch\u00fcler lernen die Sprache innerhalb und au\u00dferhalb des Klassenzimmers, in einer anregenden und realen Umgebung. <\/p>\n<p><strong>5. Weil unsere Einrichtungen das Wohlbefinden und das Lernen f\u00f6rdern<\/strong>:<\/p>\n<p>Unsere Schule befindet sich im Zentrum von Corralejo, mit Blick auf das Meer und einfachem Zugang von zwei gro\u00dfen \u00f6ffentlichen Parkpl\u00e4tzen, die weniger als 200 Meter entfernt sind.<br \/>Die Klassenr\u00e4ume sind neu, ger\u00e4umig und sehr hell. Alle sind mit kostenlosem WLAN, Kaffee- und Snack-Service sowie Gemeinschaftsr\u00e4umen mit Billard und bequemen Sitzgelegenheiten ausgestattet, in denen die Sch\u00fcler in den Pausen lesen, sich ausruhen oder einen Moment mit anderen teilen k\u00f6nnen. <\/p>\n<p>[\/et_pb_toggle][\/et_pb_column][et_pb_column type=&#8220;1_3&#8243; _builder_version=&#8220;4.27.4&#8243; background_color=&#8220;#ffffff&#8220; transform_translate_linked__hover=&#8220;off&#8220; custom_padding=&#8220;12px|12px|12px|12px|true|true&#8220; border_radii=&#8220;on|7px|7px|7px|7px&#8220; box_shadow_style=&#8220;preset3&#8243; box_shadow_blur=&#8220;49px&#8220; box_shadow_color=&#8220;rgba(107,107,107,0.3)&#8220; global_colors_info=&#8220;{}&#8220; custom_padding__hover=&#8220;|||&#8220; transform_styles__hover_enabled=&#8220;off|desktop&#8220; transform_scale__hover_enabled=&#8220;off|desktop&#8220; transform_translate__hover_enabled=&#8220;off|desktop&#8220; transform_rotate__hover_enabled=&#8220;off|desktop&#8220; transform_skew__hover_enabled=&#8220;off|desktop&#8220; transform_origin__hover_enabled=&#8220;off|desktop&#8220; transform_translate__hover=&#8220;0px|-10px&#8220;][et_pb_image src=&#8220;https:\/\/hablaeli.es\/wp-content\/uploads\/2025\/04\/Tezza-0460-scaled.jpeg&#8220; alt=&#8220;Spanisch-Intensivkurs &#8211; Unsere Kurse&#8220; title_text=&#8220;Spanisch-Intensivkurs&#8220; _builder_version=&#8220;4.27.4&#8243; max_width=&#8220;90%&#8220; module_alignment=&#8220;center&#8220; border_radii=&#8220;on|8px|8px|8px|8px&#8220; global_colors_info=&#8220;{}&#8220;][\/et_pb_image][et_pb_text _builder_version=&#8220;4.27.4&#8243; _module_preset=&#8220;default&#8220; header_2_font=&#8220;&#8211;et_global_heading_font|700|||||||&#8220; header_2_text_color=&#8220;#ff9f3f&#8220; custom_padding=&#8220;|15px||15px|false|true&#8220; global_colors_info=&#8220;{}&#8220;]<\/p>\n<h2>Gruppen-Intensivkurs Spanisch f\u00fcr Touristen und Einheimische<\/h2>\n<p>[\/et_pb_text][et_pb_text _builder_version=&#8220;4.27.4&#8243; _module_preset=&#8220;default&#8220; text_font=&#8220;&#8211;et_global_body_font|500|||||||&#8220; text_text_color=&#8220;#000000&#8243; text_font_size=&#8220;16px&#8220; custom_padding=&#8220;|15px||15px|false|true&#8220; global_colors_info=&#8220;{}&#8220;]<\/p>\n<p>Dank seiner einzigartigen Lage, umgeben von herrlichen Str\u00e4nden, einem idealen Klima und einer lebendigen lokalen Kultur, ist ein Spanischkurs bei habla_Eli nicht nur lehrreich, sondern auch eine bereichernde Erfahrung.\u00a0<\/p>\n<p>[\/et_pb_text][et_pb_toggle title=&#8220;Mehr lesen&#8220; open_toggle_text_color=&#8220;#000000&#8243; open_toggle_background_color=&#8220;#FFFFFF&#8220; closed_toggle_background_color=&#8220;#FFFFFF&#8220; icon_color=&#8220;#000000&#8243; toggle_icon=&#8220;&#xf055;||fa||900&#8243; open_icon_color=&#8220;#000000&#8243; open_toggle_icon=&#8220;&#xe04f;||divi||400&#8243; _builder_version=&#8220;4.27.4&#8243; _module_preset=&#8220;default&#8220; title_text_color=&#8220;#000000&#8243; title_font=&#8220;&#8211;et_global_body_font|600|||on||||&#8220; title_text_align=&#8220;center&#8220; title_font_size=&#8220;16px&#8220; body_font=&#8220;&#8211;et_global_body_font||||||||&#8220; body_text_align=&#8220;left&#8220; body_text_color=&#8220;#000000&#8243; body_font_size=&#8220;16px&#8220; border_width_all=&#8220;0px&#8220; icon_color__hover=&#8220;#c71715&#8243; icon_color__hover_enabled=&#8220;on|hover&#8220; global_colors_info=&#8220;{}&#8220; open_toggle_text_color__hover=&#8220;#c71715&#8243; open_toggle_text_color__hover_enabled=&#8220;on|desktop&#8220; title_text_color__hover=&#8220;#c71715&#8243; title_text_color__hover_enabled=&#8220;on|desktop&#8220; open_icon_color__hover=&#8220;#c71715&#8243; open_icon_color__hover_enabled=&#8220;on|hover&#8220;]<\/p>\n<div class=\"sw-rm-animation-wrap animated\">\n<div class=\"sw-rm-text\">\n<p>Egal, ob Sie lieber in einer Gruppe oder individuell lernen m\u00f6chten \u2013 wir haben die passende Option f\u00fcr Sie. Alle unsere Kurse sind mit einem kommunikativen Ansatz und einer aktiven Methodik gestaltet, sodass Sie vom ersten Tag an Spanisch sprechen und verstehen k\u00f6nnen.<\/p>\n<p>&nbsp;<\/p>\n<h3>Gruppenunterricht (bis zu 15 Personen)<\/h3>\n<p>Unser Gruppenkurs ist ideal f\u00fcr alle, die gerne in Gemeinschaft lernen. In einer motivierenden Umgebung entwickeln Sie Ihre Sprachkenntnisse auf eine gemeinschaftliche Weise, die st\u00e4ndige Interaktion mit Ihren Mitsch\u00fclern und das Anwenden der spanischen Sprache in realen Situationen f\u00f6rdert. Zudem haben Sie die M\u00f6glichkeit, sich mit anderen auszutauschen und von verschiedenen kulturellen Erfahrungen zu profitieren.<\/p>\n<h3>Unterricht in kleinen Gruppen (3 bis 5 Personen)<\/h3>\n<p>Bevorzugen Sie eine kleinere Gruppe f\u00fcr eine pers\u00f6nlichere Betreuung und intensiveres \u00dcben? Dann ist dieser Kurs genau richtig f\u00fcr Sie. Die kleine Gruppenstruktur erm\u00f6glicht Ihnen eine aktivere Teilnahme am Unterricht sowie ein interaktiveres und intensiveres Lernerlebnis.<\/p>\n<h3>Privatunterricht<\/h3>\n<p>F\u00fcr alle, die einen ganz individuellen Ansatz suchen, ist unser Privatunterricht die beste Wahl. Ihr Lehrer passt Inhalt und Tempo genau an Ihre Bed\u00fcrfnisse und Ziele an. Ob Sie Ihre Konversation verbessern, sich auf Pr\u00fcfungen vorbereiten oder gezielt an bestimmten Sprachbereichen arbeiten m\u00f6chten \u2013 Privatunterricht sorgt f\u00fcr schnellere und zielgerichtete Fortschritte.<\/p>\n<p>&nbsp;<\/p>\n<h3>Was beinhaltet unser Intensivkurs?<\/h3>\n<ul>\n<li><strong>10 Unterrichtsstunden pro Woche<\/strong> (2 Stunden t\u00e4glich, Montag bis Freitag)<\/li>\n<li><strong>Kommunikative Methodik<\/strong>, die zur Interaktion und praktischem Lernen anregt<\/li>\n<li><strong>Kleine Gruppen<\/strong> f\u00fcr einen pers\u00f6nlichen Ansatz und freundliche Atmosph\u00e4re<\/li>\n<li><strong>Exklusive didaktische Materialien<\/strong>, die dem Niveau der Gruppe angepasst sind<\/li>\n<li><strong>Teilnahmebescheinigung<\/strong> am Kursende<\/li>\n<li><strong>Erg\u00e4nzende Aktivit\u00e4ten<\/strong> wie Konversationsworkshops, kulturelle und sportliche Angebote sowie Spanischunterricht, der auf reale Situationen angewendet wird<\/li>\n<\/ul>\n<p>&nbsp;<\/p>\n<h3><strong>Volles Eintauchen in Fuerteventura<\/strong><\/h3>\n<p>Fuerteventura ist der perfekte Ort, um das Gelernte direkt anzuwenden. W\u00e4hrend Sie Ihren Unterricht genie\u00dfen, k\u00f6nnen Sie die Insel erkunden, in die lokale Kultur eintauchen und Spanisch mit Einheimischen und anderen Touristen \u00fcben. Vom Strand bis zum historischen Zentrum bietet jede Ecke Gelegenheit, die Sprache im Alltag zu verwenden.<\/p>\n<p>Damit Sie Ihre Zeit optimal nutzen, k\u00f6nnen Sie den Kurs mit Privatstunden oder Konversationsworkshops kombinieren, um spezielle Sprachbereiche zu vertiefen.<\/p>\n<h3><strong>Warum unseren Intensivkurs w\u00e4hlen?<\/strong><\/h3>\n<p>Unser Ziel ist, dass Sie effektiv und mit Spa\u00df lernen und dabei eine authentische Erfahrung machen. Am Ende des Kurses haben Sie nicht nur Ihre Spanischkenntnisse verbessert, sondern auch die Sprache ganz nat\u00fcrlich in Ihr t\u00e4gliches Leben integriert. Wir m\u00f6chten, dass Sie sich sicher f\u00fchlen und Spanisch in jedem Kontext anwenden k\u00f6nnen \u2013 ob im Klassenzimmer oder im Alltag.<\/p>\n<\/div>\n<\/div>\n<p>[\/et_pb_toggle][\/et_pb_column][\/et_pb_row][\/et_pb_section][et_pb_section fb_built=&#8220;1&#8243; _builder_version=&#8220;4.27.4&#8243; background_enable_color=&#8220;off&#8220; use_background_color_gradient=&#8220;on&#8220; background_color_gradient_direction=&#8220;215deg&#8220; background_color_gradient_stops=&#8220;#9599e2 0%|#8bc6ec 100%&#8220; custom_padding=&#8220;40px|0px|40px|0px|true|false&#8220; global_colors_info=&#8220;{}&#8220;][et_pb_row column_structure=&#8220;1_3,1_3,1_3&#8243; use_custom_gutter=&#8220;on&#8220; gutter_width=&#8220;2&#8243; make_equal=&#8220;on&#8220; admin_label=&#8220;Zeile&#8220; _builder_version=&#8220;4.27.4&#8243; background_size=&#8220;initial&#8220; background_position=&#8220;top_left&#8220; background_repeat=&#8220;repeat&#8220; z_index=&#8220;224&#8243; width=&#8220;90%&#8220; width_tablet=&#8220;90%&#8220; width_phone=&#8220;90%&#8220; width_last_edited=&#8220;on|tablet&#8220; max_width=&#8220;70%&#8220; max_width_tablet=&#8220;350px&#8220; max_width_phone=&#8220;90%&#8220; max_width_last_edited=&#8220;on|tablet&#8220; custom_margin=&#8220;20px||20px||true|false&#8220; custom_padding=&#8220;0px||0px||false|false&#8220; global_colors_info=&#8220;{}&#8220;][et_pb_column type=&#8220;1_3&#8243; _builder_version=&#8220;4.27.4&#8243; background_color=&#8220;#ffffff&#8220; transform_translate_linked__hover=&#8220;off&#8220; custom_padding=&#8220;12px|12px|12px|12px|true|true&#8220; border_radii=&#8220;on|7px|7px|7px|7px&#8220; box_shadow_style=&#8220;preset3&#8243; box_shadow_blur=&#8220;49px&#8220; box_shadow_color=&#8220;rgba(107,107,107,0.3)&#8220; global_colors_info=&#8220;{}&#8220; custom_padding__hover=&#8220;|||&#8220; transform_styles__hover_enabled=&#8220;off|desktop&#8220; transform_scale__hover_enabled=&#8220;off|desktop&#8220; transform_translate__hover_enabled=&#8220;off|desktop&#8220; transform_rotate__hover_enabled=&#8220;off|desktop&#8220; transform_skew__hover_enabled=&#8220;off|desktop&#8220; transform_origin__hover_enabled=&#8220;off|desktop&#8220; transform_translate__hover=&#8220;0px|-10px&#8220;][et_pb_image src=&#8220;https:\/\/hablaeli.es\/wp-content\/uploads\/2025\/04\/src-5.png&#8220; alt=&#8220;Dele Vorbereitung &#8211; Unsere Kurse&#8220; title_text=&#8220;Dele Vorbereitung&#8220; _builder_version=&#8220;4.27.4&#8243; border_radii=&#8220;on|8px|8px|8px|8px&#8220; global_colors_info=&#8220;{}&#8220;][\/et_pb_image][et_pb_text _builder_version=&#8220;4.27.4&#8243; _module_preset=&#8220;default&#8220; header_2_font=&#8220;&#8211;et_global_heading_font|700|||||||&#8220; header_2_text_color=&#8220;#ff9f3f&#8220; custom_padding=&#8220;|15px||15px|false|true&#8220; global_colors_info=&#8220;{}&#8220;]<\/p>\n<h2>Dele Vorbereitung (a1-c1) mit offiziellem Pr\u00fcfer des Cervantes Instituts<\/h2>\n<p>[\/et_pb_text][et_pb_text _builder_version=&#8220;4.27.4&#8243; _module_preset=&#8220;default&#8220; text_font=&#8220;&#8211;et_global_body_font|500|||||||&#8220; text_text_color=&#8220;#000000&#8243; text_font_size=&#8220;16px&#8220; custom_padding=&#8220;|15px||15px|false|true&#8220; global_colors_info=&#8220;{}&#8220;]<\/p>\n<p>Nehmen Sie an einem speziellen Programm teil, das Sie auf die DELE-Pr\u00fcfungen vorbereitet, von Niveau A1 bis C1, geleitet von Elisa, unserer qualifizierten Spanischlehrerin und offiziellen Pr\u00fcferin des Instituto Cervantes.<\/p>\n<p>[\/et_pb_text][et_pb_toggle title=&#8220;Mehr lesen&#8220; open_toggle_text_color=&#8220;#000000&#8243; open_toggle_background_color=&#8220;#FFFFFF&#8220; closed_toggle_background_color=&#8220;#FFFFFF&#8220; icon_color=&#8220;#000000&#8243; toggle_icon=&#8220;&#xf055;||fa||900&#8243; open_icon_color=&#8220;#000000&#8243; open_toggle_icon=&#8220;&#xe04f;||divi||400&#8243; _builder_version=&#8220;4.27.4&#8243; _module_preset=&#8220;default&#8220; title_text_color=&#8220;#000000&#8243; title_font=&#8220;&#8211;et_global_body_font|600|||on||||&#8220; title_text_align=&#8220;center&#8220; title_font_size=&#8220;16px&#8220; body_font=&#8220;&#8211;et_global_body_font||||||||&#8220; body_text_align=&#8220;left&#8220; body_text_color=&#8220;#000000&#8243; body_font_size=&#8220;16px&#8220; border_width_all=&#8220;0px&#8220; icon_color__hover=&#8220;#c71715&#8243; icon_color__hover_enabled=&#8220;on|hover&#8220; global_colors_info=&#8220;{}&#8220; open_toggle_text_color__hover=&#8220;#c71715&#8243; open_toggle_text_color__hover_enabled=&#8220;on|desktop&#8220; title_text_color__hover=&#8220;#c71715&#8243; title_text_color__hover_enabled=&#8220;on|desktop&#8220; open_icon_color__hover=&#8220;#c71715&#8243; open_icon_color__hover_enabled=&#8220;on|hover&#8220;]<\/p>\n<p>Zu den Highlights des Kurses geh\u00f6ren:<\/p>\n<p><strong>Praxisnaher Ansatz<\/strong>: Profitieren Sie von Elisas praktischer Erfahrung, um die Feinheiten der einzelnen Pr\u00fcfungsabschnitte zu verstehen.<\/p>\n<p><strong>Beherrschung der Pr\u00fcfung<\/strong>: Dank ihrer Rolle als offizielle Pr\u00fcferin wird Elisa Ihnen fundiertes Wissen vermitteln, damit Sie die Pr\u00fcfung mit Zuversicht angehen k\u00f6nnen.<\/p>\n<p><strong>Umfassender Ansatz<\/strong>: Wir arbeiten an den vier Schl\u00fcsselkompetenzen &#8211; H\u00f6rverstehen, Sprechen, Leseverstehen und Schreiben -, die f\u00fcr den Erfolg im DELE grundlegend sind.<\/p>\n<p><strong>Realit\u00e4tsnahes \u00dcben<\/strong>: Arbeiten Sie mit authentischem Material, einschlie\u00dflich Audios und fr\u00fcheren Pr\u00fcfungsaufgaben, um sich mit dem Pr\u00fcfungsformat vertraut zu machen.<\/p>\n<p><strong>Verbesserung der Fertigkeiten<\/strong>: Verbessern Sie Ihren schriftlichen und m\u00fcndlichen Ausdruck durch gezielte \u00dcbungen und individuelles Feedback.<\/p>\n<p><strong>Pers\u00f6nliche Beratung<\/strong>: Sie erhalten von Elisa Ratschl\u00e4ge und Strategien, die auf Ihre Bed\u00fcrfnisse zugeschnitten sind, und gehen \u00fcber die Standardvorbereitung hinaus, um Ihren Erfolg zu sichern.<\/p>\n<p>[\/et_pb_toggle][\/et_pb_column][et_pb_column type=&#8220;1_3&#8243; _builder_version=&#8220;4.27.4&#8243; background_color=&#8220;#ffffff&#8220; transform_translate_linked__hover=&#8220;off&#8220; custom_padding=&#8220;12px|12px|12px|12px|true|true&#8220; border_radii=&#8220;on|7px|7px|7px|7px&#8220; box_shadow_style=&#8220;preset3&#8243; box_shadow_blur=&#8220;49px&#8220; box_shadow_color=&#8220;rgba(107,107,107,0.3)&#8220; global_colors_info=&#8220;{}&#8220; custom_padding__hover=&#8220;|||&#8220; transform_styles__hover_enabled=&#8220;off|desktop&#8220; transform_scale__hover_enabled=&#8220;off|desktop&#8220; transform_translate__hover_enabled=&#8220;off|desktop&#8220; transform_rotate__hover_enabled=&#8220;off|desktop&#8220; transform_skew__hover_enabled=&#8220;off|desktop&#8220; transform_origin__hover_enabled=&#8220;off|desktop&#8220; transform_translate__hover=&#8220;0px|-10px&#8220;][et_pb_image src=&#8220;https:\/\/hablaeli.es\/wp-content\/uploads\/2025\/04\/p_U7A4714-copy.jpg&#8220; alt=&#8220;Online-Kurse&#8220; title_text=&#8220;Online-Kurse&#8220; _builder_version=&#8220;4.27.4&#8243; border_radii=&#8220;on|8px|8px|8px|8px&#8220; global_colors_info=&#8220;{}&#8220;][\/et_pb_image][et_pb_text _builder_version=&#8220;4.27.4&#8243; _module_preset=&#8220;default&#8220; header_2_font=&#8220;&#8211;et_global_heading_font|700|||||||&#8220; header_2_text_color=&#8220;#ff9f3f&#8220; custom_padding=&#8220;|15px||15px|false|true&#8220; global_colors_info=&#8220;{}&#8220;]<\/p>\n<h2>Online-Kurse<\/h2>\n<p>[\/et_pb_text][et_pb_text _builder_version=&#8220;4.27.4&#8243; _module_preset=&#8220;default&#8220; text_font=&#8220;&#8211;et_global_body_font|500|||||||&#8220; text_text_color=&#8220;#000000&#8243; text_font_size=&#8220;16px&#8220; custom_padding=&#8220;|15px||15px|false|true&#8220; global_colors_info=&#8220;{}&#8220;]<\/p>\n<p>Arbeit, Reisen, pers\u00f6nliche Beziehungen und der Zugang zu neuen Kulturen und M\u00f6glichkeiten h\u00e4ngen zunehmend von unserer F\u00e4higkeit ab, \u00fcber Grenzen hinweg zu kommunizieren.<\/p>\n<p>[\/et_pb_text][et_pb_toggle title=&#8220;Mehr lesen&#8220; open_toggle_text_color=&#8220;#000000&#8243; open_toggle_background_color=&#8220;#FFFFFF&#8220; closed_toggle_background_color=&#8220;#FFFFFF&#8220; icon_color=&#8220;#000000&#8243; toggle_icon=&#8220;&#xf055;||fa||900&#8243; open_icon_color=&#8220;#000000&#8243; open_toggle_icon=&#8220;&#xe04f;||divi||400&#8243; _builder_version=&#8220;4.27.4&#8243; _module_preset=&#8220;default&#8220; title_text_color=&#8220;#000000&#8243; title_font=&#8220;&#8211;et_global_body_font|600|||on||||&#8220; title_text_align=&#8220;center&#8220; title_font_size=&#8220;16px&#8220; body_font=&#8220;&#8211;et_global_body_font||||||||&#8220; body_text_align=&#8220;left&#8220; body_text_color=&#8220;#000000&#8243; body_font_size=&#8220;16px&#8220; border_width_all=&#8220;0px&#8220; icon_color__hover=&#8220;#c71715&#8243; icon_color__hover_enabled=&#8220;on|hover&#8220; global_colors_info=&#8220;{}&#8220; open_toggle_text_color__hover=&#8220;#c71715&#8243; open_toggle_text_color__hover_enabled=&#8220;on|desktop&#8220; title_text_color__hover=&#8220;#c71715&#8243; title_text_color__hover_enabled=&#8220;on|desktop&#8220; open_icon_color__hover=&#8220;#c71715&#8243; open_icon_color__hover_enabled=&#8220;on|hover&#8220;]<\/p>\n<p>Dank des Online-Lernens k\u00f6nnen Sie von zu Hause aus lernen, ohne Zeit mit dem Pendeln zu verschwenden. Sie k\u00f6nnen den Zeitplan w\u00e4hlen, der am besten zu Ihrem Leben passt, und mit qualifizierten Lehrern lernen, die Sie Schritt f\u00fcr Schritt auf Ihrem Weg begleiten.<\/p>\n<p>Bei Habla_Eli kombinieren wir die N\u00e4he eines pers\u00f6nlichen Unterrichts mit der Flexibilit\u00e4t der digitalen Welt. Unsere Online-Kurse sind keine unpers\u00f6nlichen Aufzeichnungen: Es sind interaktive Live-Kurse, die Sie dazu bringen, die Sprache vom ersten Moment an zu sprechen, zu h\u00f6ren, zu denken und zu leben. <\/p>\n<p>Wir verwenden digitalisiertes Lehrmaterial, das an jedes Niveau angepasst ist, und wir arbeiten mit allen Arten von modernen Ressourcen: Videos, Podcasts, Spiele wie Kahoot oder Wordwall, kollaborative Aktivit\u00e4ten, KI: alles, was Sie brauchen, um das Lernen angenehm, effektiv und motivierend zu gestalten!<\/p>\n<p>Dar\u00fcber hinaus beherrschen wir mehrere Online-Unterrichtsplattformen, von Skype bis Google Meet, und wir kombinieren jeden Unterricht mit der Verwendung eines gemeinsamen digitalen Whiteboards. Dies erm\u00f6glicht es Ihnen, sich zu konzentrieren, aktiv teilzunehmen und vor allem die Verantwortung f\u00fcr Ihren eigenen Lernprozess zu \u00fcbernehmen. Denn bei Habla_Eli lernen Sie nicht nur: Sie werden zum Protagonisten Ihrer Ausbildung.  <\/p>\n<p>&nbsp;<\/p>\n<h3><strong>Online-Gruppenunterricht (bis zu 10 Personen)<\/strong>:<\/h3>\n<p>Eine kosteng\u00fcnstigere Option als Einzelunterricht, aber genauso effektiv. Online-Gruppensitzungen f\u00f6rdern das gemeinsame Lernen, die Konversationspraxis und die gegenseitige Motivation. Diskussionen, Gruppendynamik und praktische \u00dcbungen verst\u00e4rken den realen Sprachgebrauch in authentischen kommunikativen Kontexten &#8211; gemeinsam macht das Lernen mehr Spa\u00df!  <\/p>\n<p>&nbsp;<\/p>\n<h3><strong>Online-Kurse in kleinen Gruppen (bis zu 4 Personen)<\/strong>:<\/h3>\n<p>Eine ideale Formel f\u00fcr alle, die ein Gleichgewicht zwischen sozialer Interaktion und individueller Betreuung suchen. Kleine Gruppen f\u00f6rdern die aktive Teilnahme, das gemeinsame Lernen und die Sicherheit beim Sprechen. Dar\u00fcber hinaus f\u00f6rdert der flexible Stundenplan den kulturellen Austausch zwischen den Sch\u00fclern und schafft so eine dynamische und bereichernde Erfahrung.  <\/p>\n<h3><strong>Online-Nachhilfe<\/strong>:<\/h3>\n<p>Tauchen Sie ein in ein individuelles, auf Sie zugeschnittenes Lernen. Der Einzelunterricht garantiert Ihnen exklusive Aufmerksamkeit, ein an Ihre Bed\u00fcrfnisse angepasstes Tempo und ma\u00dfgeschneiderte Inhalte, die darauf ausgerichtet sind, Ihre Sprachziele auf effektive und motivierende Weise zu erreichen. <\/p>\n<p>&nbsp;<\/p>\n<h3><strong>Wir bieten auch Online-Kurse f\u00fcr Deutsch und Englisch an.<\/strong><\/h3>\n<p>Bei Habla_Eli k\u00f6nnen Sie auch online Deutsch und Englisch lernen, dank der Zusammenarbeit mit Mojca Zavrsnik, einer qualifizierten Lehrerin mit mehr als 20 Jahren Unterrichtserfahrung.<br \/>Mojca, Direktorin der renommierten slowenischen Schule Jezikovna \u0161ola Zavrsnik, bringt W\u00e4rme, Klarheit und Professionalit\u00e4t in jede Klasse. Ihr sympathischer Stil und ihre langj\u00e4hrige Erfahrung garantieren aktive, anregende und perfekt strukturierte Stunden. <\/p>\n<p>Sowohl Deutsch als auch Englisch sind in der heutigen globalen Welt von zentraler Bedeutung: Sie sind unverzichtbar, um zu reisen, zu arbeiten, zu studieren oder neue pers\u00f6nliche und berufliche M\u00f6glichkeiten zu erschlie\u00dfen.<\/p>\n<p>Schreiben Sie uns und wir werden Sie unverbindlich beraten.<\/p>\n<p>[\/et_pb_toggle][\/et_pb_column][et_pb_column type=&#8220;1_3&#8243; _builder_version=&#8220;4.27.4&#8243; background_color=&#8220;#ffffff&#8220; transform_translate_linked__hover=&#8220;off&#8220; custom_padding=&#8220;12px|12px|12px|12px|true|true&#8220; border_radii=&#8220;on|7px|7px|7px|7px&#8220; box_shadow_style=&#8220;preset3&#8243; box_shadow_blur=&#8220;49px&#8220; box_shadow_color=&#8220;rgba(107,107,107,0.3)&#8220; global_colors_info=&#8220;{}&#8220; custom_padding__hover=&#8220;|||&#8220; transform_styles__hover_enabled=&#8220;off|desktop&#8220; transform_scale__hover_enabled=&#8220;off|desktop&#8220; transform_translate__hover_enabled=&#8220;off|desktop&#8220; transform_rotate__hover_enabled=&#8220;off|desktop&#8220; transform_skew__hover_enabled=&#8220;off|desktop&#8220; transform_origin__hover_enabled=&#8220;off|desktop&#8220; transform_translate__hover=&#8220;0px|-10px&#8220;][et_pb_image src=&#8220;https:\/\/hablaeli.es\/wp-content\/uploads\/2025\/04\/src-4.png&#8220; alt=&#8220;Unterricht in Sprache und Bewegung&#8220; title_text=&#8220;Unterricht in Sprache und Bewegung&#8220; _builder_version=&#8220;4.27.4&#8243; border_radii=&#8220;on|8px|8px|8px|8px&#8220; global_colors_info=&#8220;{}&#8220;][\/et_pb_image][et_pb_text _builder_version=&#8220;4.27.4&#8243; _module_preset=&#8220;default&#8220; header_2_font=&#8220;&#8211;et_global_heading_font|700|||||||&#8220; header_2_text_color=&#8220;#ff9f3f&#8220; custom_padding=&#8220;|15px||15px|false|true&#8220; global_colors_info=&#8220;{}&#8220;]<\/p>\n<h2>Sprach- und Bewegungskurse: Die Sprache leben, den K\u00f6rper sp\u00fcren, die Insel genie\u00dfen!<\/h2>\n<p>[\/et_pb_text][et_pb_text _builder_version=&#8220;4.27.4&#8243; _module_preset=&#8220;default&#8220; text_font=&#8220;&#8211;et_global_body_font|500|||||||&#8220; text_text_color=&#8220;#000000&#8243; text_font_size=&#8220;16px&#8220; custom_padding=&#8220;|15px||15px|false|true&#8220; global_colors_info=&#8220;{}&#8220;]<\/p>\n<p>Habla_Eli l\u00e4dt Sie ein, ein komplettes Wellness-Erlebnis zu erleben, bei dem K\u00f6rper und Geist in einer einzigartigen nat\u00fcrlichen Umgebung aus Vulkanen und W\u00fcste in Einklang gebracht werden.<\/p>\n<p>[\/et_pb_text][et_pb_toggle title=&#8220;Mehr lesen&#8220; open_toggle_text_color=&#8220;#000000&#8243; open_toggle_background_color=&#8220;#FFFFFF&#8220; closed_toggle_background_color=&#8220;#FFFFFF&#8220; icon_color=&#8220;#000000&#8243; toggle_icon=&#8220;&#xf055;||fa||900&#8243; open_icon_color=&#8220;#000000&#8243; open_toggle_icon=&#8220;&#xe04f;||divi||400&#8243; _builder_version=&#8220;4.27.4&#8243; _module_preset=&#8220;default&#8220; title_text_color=&#8220;#000000&#8243; title_font=&#8220;&#8211;et_global_body_font|600|||on||||&#8220; title_text_align=&#8220;center&#8220; title_font_size=&#8220;16px&#8220; body_font=&#8220;&#8211;et_global_body_font||||||||&#8220; body_text_align=&#8220;left&#8220; body_text_color=&#8220;#000000&#8243; body_font_size=&#8220;16px&#8220; border_width_all=&#8220;0px&#8220; icon_color__hover=&#8220;#c71715&#8243; icon_color__hover_enabled=&#8220;on|hover&#8220; global_colors_info=&#8220;{}&#8220; open_toggle_text_color__hover=&#8220;#c71715&#8243; open_toggle_text_color__hover_enabled=&#8220;on|desktop&#8220; title_text_color__hover=&#8220;#c71715&#8243; title_text_color__hover_enabled=&#8220;on|desktop&#8220; open_icon_color__hover=&#8220;#c71715&#8243; open_icon_color__hover_enabled=&#8220;on|hover&#8220;]<\/p>\n<p>Dank der Zusammenarbeit mit Trainern und Wellness-Experten auf der Insel k\u00f6nnen Sie Ihren Sprachunterricht mit sportlichen Aktivit\u00e4ten kombinieren, die Ihrem Tempo und Ihrer Energie angepasst sind.<\/p>\n<p>Am Vormittag aktivieren Sie Ihren Geist mit unseren Sprachkursen und am Nachmittag k\u00f6nnen Sie zwischen verschiedenen Aktivit\u00e4ten w\u00e4hlen, um sich mit sich selbst und der herrlichen Umgebung unserer Insel zu verbinden.<\/p>\n<p>&nbsp;<\/p>\n<h4><strong>Wir bieten Ihnen<\/strong>:<\/h4>\n<ul>\n<li>Tai-Chi-Kurse am Meer unter der Leitung von Elisa, die auch offizielle Trainerin f\u00fcr I Duan of Wushu Kung Fu &#8211; Hung Gar Style &#8211; und I Duan of Tai Chi Chuan ist. Verbinden Sie sich mit Ihrem Atem, verbessern Sie Ihr Gleichgewicht und harmonisieren Sie K\u00f6rper und Geist. <\/li>\n<li>Surfunterricht f\u00fcr alle Niveaus mit einer vom Kanarischen Surfverband anerkannten Schule: Smoothsurf by Marco, wo Professionalit\u00e4t und Leidenschaft f\u00fcr das Meer in jeder Welle zu sp\u00fcren sind.<\/li>\n<li>Kitesurf oder Wing Foil Unterricht mit Kami Experience. Trainieren Sie mit Camilla, IKO Level 2 Instruktorin, und lassen Sie sich mit Sicherheit, Begeisterung und Erfahrung auf den Wellen des Atlantiks f\u00fchren. <\/li>\n<li>Funktionelle Trainingskurse f\u00fcr Einzelpersonen oder kleine Gruppen mit Zs\u00f3fi Csath\u00f3, Trainerin mit mehr als 5 Jahren Erfahrung, ausgezeichneten Deutschkenntnissen und mit Sitz im Zentrum von Corralejo. Ihre Workouts kombinieren \u00dcbungen mit dem eigenen K\u00f6rpergewicht und Materialien, die an das jeweilige k\u00f6rperliche Niveau angepasst sind. <\/li>\n<\/ul>\n<p>[\/et_pb_toggle][\/et_pb_column][\/et_pb_row][\/et_pb_section][et_pb_section fb_built=&#8220;1&#8243; disabled_on=&#8220;on|on|on&#8220; _builder_version=&#8220;4.27.4&#8243; custom_padding=&#8220;40px||40px||true|false&#8220; disabled=&#8220;on&#8220; global_colors_info=&#8220;{}&#8220;][et_pb_row column_structure=&#8220;1_3,1_3,1_3&#8243; use_custom_gutter=&#8220;on&#8220; gutter_width=&#8220;2&#8243; make_equal=&#8220;on&#8220; admin_label=&#8220;Zeile&#8220; _builder_version=&#8220;4.27.4&#8243; background_size=&#8220;initial&#8220; background_position=&#8220;top_left&#8220; background_repeat=&#8220;repeat&#8220; z_index=&#8220;224&#8243; width=&#8220;90%&#8220; width_tablet=&#8220;90%&#8220; width_phone=&#8220;90%&#8220; width_last_edited=&#8220;on|tablet&#8220; max_width=&#8220;70%&#8220; max_width_tablet=&#8220;350px&#8220; max_width_phone=&#8220;90%&#8220; max_width_last_edited=&#8220;on|tablet&#8220; custom_margin=&#8220;20px||20px||true|false&#8220; custom_padding=&#8220;0px||0px||false|false&#8220; global_colors_info=&#8220;{}&#8220;][et_pb_column type=&#8220;1_3&#8243; _builder_version=&#8220;4.27.4&#8243; background_color=&#8220;#ffffff&#8220; transform_translate_linked__hover=&#8220;off&#8220; custom_padding=&#8220;12px|12px|12px|12px|true|true&#8220; border_radii=&#8220;on|7px|7px|7px|7px&#8220; box_shadow_style=&#8220;preset3&#8243; box_shadow_blur=&#8220;49px&#8220; box_shadow_color=&#8220;rgba(107,107,107,0.3)&#8220; global_colors_info=&#8220;{}&#8220; custom_padding__hover=&#8220;|||&#8220; transform_styles__hover_enabled=&#8220;off|desktop&#8220; transform_scale__hover_enabled=&#8220;off|desktop&#8220; transform_translate__hover_enabled=&#8220;off|desktop&#8220; transform_rotate__hover_enabled=&#8220;off|desktop&#8220; transform_skew__hover_enabled=&#8220;off|desktop&#8220; transform_origin__hover_enabled=&#8220;off|desktop&#8220; transform_translate__hover=&#8220;0px|-10px&#8220;][et_pb_image src=&#8220;https:\/\/hablaeli.es\/wp-content\/uploads\/2025\/04\/src.png&#8220; alt=&#8220;Aus-HablaEli-1&#8243; title_text=&#8220;Aus-HablaEli-1&#8243; _builder_version=&#8220;4.27.4&#8243; border_radii=&#8220;on|8px|8px|8px|8px&#8220; global_colors_info=&#8220;{}&#8220;][\/et_pb_image][et_pb_text _builder_version=&#8220;4.27.4&#8243; _module_preset=&#8220;default&#8220; header_2_font=&#8220;&#8211;et_global_heading_font|700|||||||&#8220; header_2_text_color=&#8220;#c71715&#8243; custom_padding=&#8220;|15px||15px|false|true&#8220; global_colors_info=&#8220;{}&#8220;]<\/p>\n<h2>Onlinekurs Spanisch und Italienisch<\/h2>\n<p>[\/et_pb_text][et_pb_text _builder_version=&#8220;4.27.4&#8243; _module_preset=&#8220;default&#8220; text_font=&#8220;&#8211;et_global_body_font|500|||||||&#8220; text_text_color=&#8220;#000000&#8243; text_font_size=&#8220;16px&#8220; custom_padding=&#8220;|15px||15px|false|true&#8220; global_colors_info=&#8220;{}&#8220;]<\/p>\n<p>Tauchen Sie bequem von zu Hause aus in die Sch\u00f6nheit der Sprache ein &#8211; mit unseren interaktiven Online-Lektionen f\u00fcr Spanisch und Italienisch.<\/p>\n<p>[\/et_pb_text][et_pb_toggle title=&#8220;Mehr lesen&#8220; open_toggle_text_color=&#8220;#000000&#8243; open_toggle_background_color=&#8220;#FFFFFF&#8220; closed_toggle_background_color=&#8220;#FFFFFF&#8220; icon_color=&#8220;#000000&#8243; toggle_icon=&#8220;&#xf055;||fa||900&#8243; open_icon_color=&#8220;#000000&#8243; open_toggle_icon=&#8220;&#xe04f;||divi||400&#8243; _builder_version=&#8220;4.27.4&#8243; _module_preset=&#8220;default&#8220; title_text_color=&#8220;#000000&#8243; title_font=&#8220;&#8211;et_global_body_font|600|||on||||&#8220; title_text_align=&#8220;center&#8220; title_font_size=&#8220;16px&#8220; body_font=&#8220;&#8211;et_global_body_font||||||||&#8220; body_text_align=&#8220;left&#8220; body_text_color=&#8220;#000000&#8243; body_font_size=&#8220;16px&#8220; custom_css_free_form=&#8220;div.et_pb_toggle_content.clearfix {||  max-height: 200px;||  overflow-y: auto;||}||||h5.et_pb_toggle_title {||  margin-bottom: 5px;||}&#8220; border_width_all=&#8220;0px&#8220; icon_color__hover=&#8220;#c71715&#8243; icon_color__hover_enabled=&#8220;on|hover&#8220; global_colors_info=&#8220;{}&#8220; open_toggle_text_color__hover_enabled=&#8220;on|desktop&#8220; title_text_color__hover_enabled=&#8220;on|desktop&#8220; open_toggle_text_color__hover=&#8220;#c71715&#8243; title_text_color__hover=&#8220;#c71715&#8243; open_icon_color__hover_enabled=&#8220;on|hover&#8220; open_icon_color__hover=&#8220;#c71715&#8243;]<\/p>\n<div class=\"sw-rm-animation-wrap animated\">\n<div class=\"sw-rm-text\">\n<p><strong>Privatunterricht<\/strong>: Tauchen Sie ein in konzentriertes Lernen mit unseren Privatstunden, die Ihnen individuelle Aufmerksamkeit und einen auf Ihre speziellen Bed\u00fcrfnisse zugeschnittenen Lehrplan garantieren.<\/p>\n<p><strong>Kleingruppenunterricht (bis zu 3 Personen)<\/strong>: Der Unterricht bietet individuelles Lernen und aktive Teilnahme, wodurch Sprachkenntnisse und Selbstvertrauen gef\u00f6rdert werden. Der flexible Zeitplan f\u00f6rdert den kulturellen Austausch zwischen den Sch\u00fclern und schafft eine effektive und angenehme Lernerfahrung. <strong><\/strong><\/p>\n<p><strong>Gruppenunterricht (bis zu zehn Personen)<\/strong>: Der Online-Unterricht bietet interaktives Lernen, schafft ein Gemeinschaftsgef\u00fchl und f\u00f6rdert das Engagement der Teilnehmer. Regelm\u00e4\u00dfiges \u00dcben in Diskussionen verbessert die Konversationsf\u00e4higkeiten, und die soziale Dynamik schafft eine angenehme und motivierende Atmosph\u00e4re. Im Vergleich zum Privatunterricht sind diese Kurse kosteng\u00fcnstig und bieten eine zug\u00e4ngliche und effektive Sprachausbildung. Zusammenfassend l\u00e4sst sich sagen, dass sie einen umfassenden Ansatz zum Erlernen der spanischen Sprache bieten.   <\/p>\n<\/div>\n<\/div>\n<p>[\/et_pb_toggle][\/et_pb_column][et_pb_column type=&#8220;1_3&#8243; _builder_version=&#8220;4.27.4&#8243; background_color=&#8220;#ffffff&#8220; transform_translate_linked__hover=&#8220;off&#8220; custom_padding=&#8220;12px|12px|12px|12px|true|true&#8220; border_radii=&#8220;on|7px|7px|7px|7px&#8220; box_shadow_style=&#8220;preset3&#8243; box_shadow_blur=&#8220;49px&#8220; box_shadow_color=&#8220;rgba(107,107,107,0.3)&#8220; global_colors_info=&#8220;{}&#8220; custom_padding__hover=&#8220;|||&#8220; transform_styles__hover_enabled=&#8220;off|desktop&#8220; transform_scale__hover_enabled=&#8220;off|desktop&#8220; transform_translate__hover_enabled=&#8220;off|desktop&#8220; transform_rotate__hover_enabled=&#8220;off|desktop&#8220; transform_skew__hover_enabled=&#8220;off|desktop&#8220; transform_origin__hover_enabled=&#8220;off|desktop&#8220; transform_translate__hover=&#8220;0px|-10px&#8220;][et_pb_image src=&#8220;https:\/\/hablaeli.es\/wp-content\/uploads\/2025\/04\/src-2.png&#8220; alt=&#8220;Das Angebot-HablaEli-2&#8243; title_text=&#8220;Das Angebot-HablaEli-2&#8243; _builder_version=&#8220;4.27.4&#8243; border_radii=&#8220;on|8px|8px|8px|8px&#8220; global_colors_info=&#8220;{}&#8220;][\/et_pb_image][et_pb_text _builder_version=&#8220;4.27.4&#8243; _module_preset=&#8220;default&#8220; header_2_font=&#8220;&#8211;et_global_heading_font|700|||||||&#8220; header_2_text_color=&#8220;#c71715&#8243; custom_padding=&#8220;|15px||15px|false|true&#8220; global_colors_info=&#8220;{}&#8220;]<\/p>\n<h2>Pers\u00f6nlicher Spanisch und Italienisch Unterricht in Corralejo<\/h2>\n<p>[\/et_pb_text][et_pb_text _builder_version=&#8220;4.27.4&#8243; _module_preset=&#8220;default&#8220; text_font=&#8220;&#8211;et_global_body_font|500|||||||&#8220; text_text_color=&#8220;#000000&#8243; text_font_size=&#8220;16px&#8220; custom_padding=&#8220;|15px||15px|false|true&#8220; global_colors_info=&#8220;{}&#8220;]<\/p>\n<p>Begeben Sie sich auf eine Reise zur Entdeckung der Sprache in der lebendigen Umgebung von Corralejo. Unser pers\u00f6nlicher Unterricht bietet eine pers\u00f6nliche und bereichernde Erfahrung, die auf Ihre W\u00fcnsche zugeschnitten ist. <\/p>\n<p>[\/et_pb_text][et_pb_toggle title=&#8220;Mehr lesen&#8220; open_toggle_text_color=&#8220;#000000&#8243; open_toggle_background_color=&#8220;#FFFFFF&#8220; closed_toggle_background_color=&#8220;#FFFFFF&#8220; icon_color=&#8220;#000000&#8243; toggle_icon=&#8220;&#xf055;||fa||900&#8243; open_icon_color=&#8220;#000000&#8243; open_toggle_icon=&#8220;&#xe04f;||divi||400&#8243; _builder_version=&#8220;4.27.4&#8243; _module_preset=&#8220;default&#8220; title_text_color=&#8220;#000000&#8243; title_font=&#8220;&#8211;et_global_body_font|600|||on||||&#8220; title_text_align=&#8220;center&#8220; title_font_size=&#8220;16px&#8220; body_font=&#8220;&#8211;et_global_body_font||||||||&#8220; body_text_align=&#8220;left&#8220; body_text_color=&#8220;#000000&#8243; body_font_size=&#8220;16px&#8220; border_width_all=&#8220;0px&#8220; icon_color__hover=&#8220;#c71715&#8243; icon_color__hover_enabled=&#8220;on|hover&#8220; global_colors_info=&#8220;{}&#8220; open_toggle_text_color__hover=&#8220;#c71715&#8243; open_toggle_text_color__hover_enabled=&#8220;on|desktop&#8220; title_text_color__hover=&#8220;#c71715&#8243; title_text_color__hover_enabled=&#8220;on|desktop&#8220; open_icon_color__hover=&#8220;#c71715&#8243; open_icon_color__hover_enabled=&#8220;on|hover&#8220;]<\/p>\n<div class=\"sw-rm-animation-wrap animated\">\n<div class=\"sw-rm-text\">\n<p><strong>Privatunterricht<\/strong>:<span> <\/span>Tauchen Sie ein in konzentriertes Lernen mit unseren Privatstunden, die Ihnen individuelle Aufmerksamkeit und einen auf Ihre speziellen Bed\u00fcrfnisse zugeschnittenen Lehrplan garantieren.<\/p>\n<p><strong>Kleingruppenkurse (bis zu 3 Personen):<\/strong><span> <\/span>Erleben Sie die kollaborative Atmosph\u00e4re einer kleinen Gruppe, die interaktives Lernen und sinnvolle Interaktionen mit Ihrem Lehrer und Ihren Mitsch\u00fclern erm\u00f6glicht.<\/p>\n<p><strong>Gruppenkurse (bis zu sechs Personen):<\/strong><span> <\/span>Tauchen Sie ein in eine dynamische Gruppenumgebung, die eine kooperative Atmosph\u00e4re f\u00f6rdert, w\u00e4hrend Sie gemeinsam Ihre Sprachkenntnisse verbessern.<\/p>\n<p>Kommen Sie zu uns an unseren speziellen Standort in Corralejo, wo das Lernen von Sprachen zu einer einnehmenden Erfahrung wird.<\/p>\n<\/div>\n<\/div>\n<p>[\/et_pb_toggle][\/et_pb_column][et_pb_column type=&#8220;1_3&#8243; _builder_version=&#8220;4.27.4&#8243; background_color=&#8220;#ffffff&#8220; transform_translate_linked__hover=&#8220;off&#8220; custom_padding=&#8220;12px|12px|12px|12px|true|true&#8220; border_radii=&#8220;on|7px|7px|7px|7px&#8220; box_shadow_style=&#8220;preset3&#8243; box_shadow_blur=&#8220;49px&#8220; box_shadow_color=&#8220;rgba(107,107,107,0.3)&#8220; global_colors_info=&#8220;{}&#8220; custom_padding__hover=&#8220;|||&#8220; transform_styles__hover_enabled=&#8220;off|desktop&#8220; transform_scale__hover_enabled=&#8220;off|desktop&#8220; transform_translate__hover_enabled=&#8220;off|desktop&#8220; transform_rotate__hover_enabled=&#8220;off|desktop&#8220; transform_skew__hover_enabled=&#8220;off|desktop&#8220; transform_origin__hover_enabled=&#8220;off|desktop&#8220; transform_translate__hover=&#8220;0px|-10px&#8220;][et_pb_image src=&#8220;https:\/\/hablaeli.es\/wp-content\/uploads\/2025\/04\/src-3.png&#8220; alt=&#8220;Aus-HablaEli-3&#8243; title_text=&#8220;Aus-HablaEli-3&#8243; _builder_version=&#8220;4.27.4&#8243; border_radii=&#8220;on|8px|8px|8px|8px&#8220; global_colors_info=&#8220;{}&#8220;][\/et_pb_image][et_pb_text _builder_version=&#8220;4.27.4&#8243; _module_preset=&#8220;default&#8220; header_2_font=&#8220;&#8211;et_global_heading_font|700|||||||&#8220; header_2_text_color=&#8220;#c71715&#8243; custom_padding=&#8220;|15px||15px|false|true&#8220; global_colors_info=&#8220;{}&#8220;]<\/p>\n<h2>Spanisch und Tai Chi Erfahrung<\/h2>\n<p>[\/et_pb_text][et_pb_text _builder_version=&#8220;4.27.4&#8243; _module_preset=&#8220;default&#8220; text_font=&#8220;&#8211;et_global_body_font|500|||||||&#8220; text_text_color=&#8220;#000000&#8243; text_font_size=&#8220;16px&#8220; custom_padding=&#8220;|15px||15px|false|true&#8220; global_colors_info=&#8220;{}&#8220;]<\/p>\n<p>Kombinieren Sie den Reichtum des Erlernens der spanischen Sprache mit der Gelassenheit des Tai Chi.<\/p>\n<p>[\/et_pb_text][et_pb_toggle title=&#8220;Mehr lesen&#8220; open_toggle_text_color=&#8220;#000000&#8243; open_toggle_background_color=&#8220;#FFFFFF&#8220; closed_toggle_background_color=&#8220;#FFFFFF&#8220; icon_color=&#8220;#000000&#8243; toggle_icon=&#8220;&#xf055;||fa||900&#8243; open_icon_color=&#8220;#000000&#8243; open_toggle_icon=&#8220;&#xe04f;||divi||400&#8243; _builder_version=&#8220;4.27.4&#8243; _module_preset=&#8220;default&#8220; title_text_color=&#8220;#000000&#8243; title_font=&#8220;&#8211;et_global_body_font|600|||on||||&#8220; title_text_align=&#8220;center&#8220; title_font_size=&#8220;16px&#8220; body_font=&#8220;&#8211;et_global_body_font||||||||&#8220; body_text_align=&#8220;left&#8220; body_text_color=&#8220;#000000&#8243; body_font_size=&#8220;16px&#8220; border_width_all=&#8220;0px&#8220; icon_color__hover=&#8220;#c71715&#8243; icon_color__hover_enabled=&#8220;on|hover&#8220; global_colors_info=&#8220;{}&#8220; open_toggle_text_color__hover=&#8220;#c71715&#8243; open_toggle_text_color__hover_enabled=&#8220;on|desktop&#8220; title_text_color__hover=&#8220;#c71715&#8243; title_text_color__hover_enabled=&#8220;on|desktop&#8220; open_icon_color__hover=&#8220;#c71715&#8243; open_icon_color__hover_enabled=&#8220;on|hover&#8220;]<\/p>\n<div class=\"sw-rm-animation-wrap animated\">\n<div class=\"sw-rm-text\">\n<p>Unser spezielles Programm bietet eine einzigartige Mischung aus sprachlichem und k\u00f6rperlichem Wohlbefinden.<\/p>\n<p>Entdecken Sie einen innovativen Weg, Spanisch zu lernen und gleichzeitig in die Ruhe des Tai Chi einzutauchen. Unser einzigartiges Programm konzentriert sich nicht nur auf die sprachliche Entwicklung, sondern beinhaltet auch Tai-Chi-Praktiken, die das k\u00f6rperliche und geistige Wohlbefinden steigern. Machen Sie mit uns eine bereichernde Erfahrung, die \u00fcber das Erlernen einer Sprache hinausgeht.  <\/p>\n<\/div>\n<\/div>\n<p>[\/et_pb_toggle][\/et_pb_column][\/et_pb_row][\/et_pb_section]<\/p>\n","protected":false},"excerpt":{"rendered":"<p>Unsere KurseDie meisten Menschen machen einfach Urlaub \u2026 aber au\u00dfergew\u00f6hnliche Menschen nutzen ihre freie Zeit, um zu wachsen, sich weiterzuentwickeln \u2013 und dabei jede Menge Spa\u00df zu haben!Wir begleiten dich nicht nur auf deinem Weg beim Spanischlernen \u2013 wir sorgen auch daf\u00fcr, dass du eine unvergessliche Zeit hast.Wir haben an alles gedacht: Spanischkurse, tolle Kooperationen [&hellip;]<\/p>\n","protected":false},"author":1,"featured_media":0,"parent":0,"menu_order":0,"comment_status":"closed","ping_status":"closed","template":"","meta":{"_et_pb_use_builder":"on","_et_pb_old_content":"","_et_gb_content_width":"","footnotes":""},"class_list":["post-71357","page","type-page","status-publish","hentry"],"yoast_head":"<!-- This site is optimized with the Yoast SEO plugin v27.5 - https:\/\/yoast.com\/product\/yoast-seo-wordpress\/ -->\n<title>Kurse - Hablaeli<\/title>\n<meta name=\"description\" content=\"Entdecken Sie die verschiedenen Kurse unserer Sprachakademie, um Ihre F\u00e4higkeiten zu verbessern. Wir bieten flexible Optionen f\u00fcr alle Niveaus\" \/>\n<meta name=\"robots\" content=\"index, follow, max-snippet:-1, max-image-preview:large, max-video-preview:-1\" \/>\n<link rel=\"canonical\" href=\"https:\/\/hablaeli.es\/de\/das-angebot\/\" \/>\n<meta property=\"og:locale\" content=\"de_DE\" \/>\n<meta property=\"og:type\" content=\"article\" \/>\n<meta property=\"og:title\" content=\"Kurse - Hablaeli\" \/>\n<meta property=\"og:description\" content=\"Entdecken Sie die verschiedenen Kurse unserer Sprachakademie, um Ihre F\u00e4higkeiten zu verbessern. Wir bieten flexible Optionen f\u00fcr alle Niveaus\" \/>\n<meta property=\"og:url\" content=\"https:\/\/hablaeli.es\/de\/das-angebot\/\" \/>\n<meta property=\"og:site_name\" content=\"Hablaeli\" \/>\n<meta property=\"article:publisher\" content=\"https:\/\/www.facebook.com\/people\/Habla_Eli\/61550985253961\/\" \/>\n<meta property=\"article:modified_time\" content=\"2025-07-31T09:45:33+00:00\" \/>\n<meta property=\"og:image\" content=\"https:\/\/hablaeli.es\/wp-content\/uploads\/2025\/04\/logo.png\" \/>\n\t<meta property=\"og:image:width\" content=\"561\" \/>\n\t<meta property=\"og:image:height\" content=\"561\" \/>\n\t<meta property=\"og:image:type\" content=\"image\/png\" \/>\n<meta name=\"twitter:card\" content=\"summary_large_image\" \/>\n<meta name=\"twitter:label1\" content=\"Gesch\u00e4tzte Lesezeit\" \/>\n\t<meta name=\"twitter:data1\" content=\"34\u00a0Minuten\" \/>\n<script type=\"application\/ld+json\" class=\"yoast-schema-graph\">{\"@context\":\"https:\\\/\\\/schema.org\",\"@graph\":[{\"@type\":\"WebPage\",\"@id\":\"https:\\\/\\\/hablaeli.es\\\/de\\\/das-angebot\\\/\",\"url\":\"https:\\\/\\\/hablaeli.es\\\/de\\\/das-angebot\\\/\",\"name\":\"Kurse - Hablaeli\",\"isPartOf\":{\"@id\":\"https:\\\/\\\/hablaeli.es\\\/#website\"},\"datePublished\":\"2025-04-02T13:06:16+00:00\",\"dateModified\":\"2025-07-31T09:45:33+00:00\",\"description\":\"Entdecken Sie die verschiedenen Kurse unserer Sprachakademie, um Ihre F\u00e4higkeiten zu verbessern. Wir bieten flexible Optionen f\u00fcr alle Niveaus\",\"breadcrumb\":{\"@id\":\"https:\\\/\\\/hablaeli.es\\\/de\\\/das-angebot\\\/#breadcrumb\"},\"inLanguage\":\"de\",\"potentialAction\":[{\"@type\":\"ReadAction\",\"target\":[\"https:\\\/\\\/hablaeli.es\\\/de\\\/das-angebot\\\/\"]}]},{\"@type\":\"BreadcrumbList\",\"@id\":\"https:\\\/\\\/hablaeli.es\\\/de\\\/das-angebot\\\/#breadcrumb\",\"itemListElement\":[{\"@type\":\"ListItem\",\"position\":1,\"name\":\"Portada\",\"item\":\"https:\\\/\\\/hablaeli.es\\\/\"},{\"@type\":\"ListItem\",\"position\":2,\"name\":\"Kurse\"}]},{\"@type\":\"WebSite\",\"@id\":\"https:\\\/\\\/hablaeli.es\\\/#website\",\"url\":\"https:\\\/\\\/hablaeli.es\\\/\",\"name\":\"Hablaeli\",\"description\":\"\",\"publisher\":{\"@id\":\"https:\\\/\\\/hablaeli.es\\\/#organization\"},\"alternateName\":\"Elisa Calcinari\",\"potentialAction\":[{\"@type\":\"SearchAction\",\"target\":{\"@type\":\"EntryPoint\",\"urlTemplate\":\"https:\\\/\\\/hablaeli.es\\\/?s={search_term_string}\"},\"query-input\":{\"@type\":\"PropertyValueSpecification\",\"valueRequired\":true,\"valueName\":\"search_term_string\"}}],\"inLanguage\":\"de\"},{\"@type\":\"Organization\",\"@id\":\"https:\\\/\\\/hablaeli.es\\\/#organization\",\"name\":\"Elisa Calcinari\",\"url\":\"https:\\\/\\\/hablaeli.es\\\/\",\"logo\":{\"@type\":\"ImageObject\",\"inLanguage\":\"de\",\"@id\":\"https:\\\/\\\/hablaeli.es\\\/#\\\/schema\\\/logo\\\/image\\\/\",\"url\":\"https:\\\/\\\/hablaeli.es\\\/wp-content\\\/uploads\\\/2025\\\/04\\\/cropped-logo.png\",\"contentUrl\":\"https:\\\/\\\/hablaeli.es\\\/wp-content\\\/uploads\\\/2025\\\/04\\\/cropped-logo.png\",\"width\":491,\"height\":491,\"caption\":\"Elisa Calcinari\"},\"image\":{\"@id\":\"https:\\\/\\\/hablaeli.es\\\/#\\\/schema\\\/logo\\\/image\\\/\"},\"sameAs\":[\"https:\\\/\\\/www.facebook.com\\\/people\\\/Habla_Eli\\\/61550985253961\\\/\"]}]}<\/script>\n<!-- \/ Yoast SEO plugin. -->","yoast_head_json":{"title":"Kurse - Hablaeli","description":"Entdecken Sie die verschiedenen Kurse unserer Sprachakademie, um Ihre F\u00e4higkeiten zu verbessern. Wir bieten flexible Optionen f\u00fcr alle Niveaus","robots":{"index":"index","follow":"follow","max-snippet":"max-snippet:-1","max-image-preview":"max-image-preview:large","max-video-preview":"max-video-preview:-1"},"canonical":"https:\/\/hablaeli.es\/de\/das-angebot\/","og_locale":"de_DE","og_type":"article","og_title":"Kurse - Hablaeli","og_description":"Entdecken Sie die verschiedenen Kurse unserer Sprachakademie, um Ihre F\u00e4higkeiten zu verbessern. Wir bieten flexible Optionen f\u00fcr alle Niveaus","og_url":"https:\/\/hablaeli.es\/de\/das-angebot\/","og_site_name":"Hablaeli","article_publisher":"https:\/\/www.facebook.com\/people\/Habla_Eli\/61550985253961\/","article_modified_time":"2025-07-31T09:45:33+00:00","og_image":[{"width":561,"height":561,"url":"https:\/\/hablaeli.es\/wp-content\/uploads\/2025\/04\/logo.png","type":"image\/png"}],"twitter_card":"summary_large_image","twitter_misc":{"Gesch\u00e4tzte Lesezeit":"34\u00a0Minuten"},"schema":{"@context":"https:\/\/schema.org","@graph":[{"@type":"WebPage","@id":"https:\/\/hablaeli.es\/de\/das-angebot\/","url":"https:\/\/hablaeli.es\/de\/das-angebot\/","name":"Kurse - Hablaeli","isPartOf":{"@id":"https:\/\/hablaeli.es\/#website"},"datePublished":"2025-04-02T13:06:16+00:00","dateModified":"2025-07-31T09:45:33+00:00","description":"Entdecken Sie die verschiedenen Kurse unserer Sprachakademie, um Ihre F\u00e4higkeiten zu verbessern. Wir bieten flexible Optionen f\u00fcr alle Niveaus","breadcrumb":{"@id":"https:\/\/hablaeli.es\/de\/das-angebot\/#breadcrumb"},"inLanguage":"de","potentialAction":[{"@type":"ReadAction","target":["https:\/\/hablaeli.es\/de\/das-angebot\/"]}]},{"@type":"BreadcrumbList","@id":"https:\/\/hablaeli.es\/de\/das-angebot\/#breadcrumb","itemListElement":[{"@type":"ListItem","position":1,"name":"Portada","item":"https:\/\/hablaeli.es\/"},{"@type":"ListItem","position":2,"name":"Kurse"}]},{"@type":"WebSite","@id":"https:\/\/hablaeli.es\/#website","url":"https:\/\/hablaeli.es\/","name":"Hablaeli","description":"","publisher":{"@id":"https:\/\/hablaeli.es\/#organization"},"alternateName":"Elisa Calcinari","potentialAction":[{"@type":"SearchAction","target":{"@type":"EntryPoint","urlTemplate":"https:\/\/hablaeli.es\/?s={search_term_string}"},"query-input":{"@type":"PropertyValueSpecification","valueRequired":true,"valueName":"search_term_string"}}],"inLanguage":"de"},{"@type":"Organization","@id":"https:\/\/hablaeli.es\/#organization","name":"Elisa Calcinari","url":"https:\/\/hablaeli.es\/","logo":{"@type":"ImageObject","inLanguage":"de","@id":"https:\/\/hablaeli.es\/#\/schema\/logo\/image\/","url":"https:\/\/hablaeli.es\/wp-content\/uploads\/2025\/04\/cropped-logo.png","contentUrl":"https:\/\/hablaeli.es\/wp-content\/uploads\/2025\/04\/cropped-logo.png","width":491,"height":491,"caption":"Elisa Calcinari"},"image":{"@id":"https:\/\/hablaeli.es\/#\/schema\/logo\/image\/"},"sameAs":["https:\/\/www.facebook.com\/people\/Habla_Eli\/61550985253961\/"]}]}},"_links":{"self":[{"href":"https:\/\/hablaeli.es\/de\/wp-json\/wp\/v2\/pages\/71357","targetHints":{"allow":["GET"]}}],"collection":[{"href":"https:\/\/hablaeli.es\/de\/wp-json\/wp\/v2\/pages"}],"about":[{"href":"https:\/\/hablaeli.es\/de\/wp-json\/wp\/v2\/types\/page"}],"author":[{"embeddable":true,"href":"https:\/\/hablaeli.es\/de\/wp-json\/wp\/v2\/users\/1"}],"replies":[{"embeddable":true,"href":"https:\/\/hablaeli.es\/de\/wp-json\/wp\/v2\/comments?post=71357"}],"version-history":[{"count":48,"href":"https:\/\/hablaeli.es\/de\/wp-json\/wp\/v2\/pages\/71357\/revisions"}],"predecessor-version":[{"id":72882,"href":"https:\/\/hablaeli.es\/de\/wp-json\/wp\/v2\/pages\/71357\/revisions\/72882"}],"wp:attachment":[{"href":"https:\/\/hablaeli.es\/de\/wp-json\/wp\/v2\/media?parent=71357"}],"curies":[{"name":"wp","href":"https:\/\/api.w.org\/{rel}","templated":true}]}}