{"id":72065,"date":"2025-05-02T11:07:50","date_gmt":"2025-05-02T11:07:50","guid":{"rendered":"https:\/\/hablaeli.es\/unser-standpunkt\/"},"modified":"2025-06-11T10:35:29","modified_gmt":"2025-06-11T10:35:29","slug":"unser-standpunkt","status":"publish","type":"page","link":"https:\/\/hablaeli.es\/de\/unser-standpunkt\/","title":{"rendered":"Unser Standpunkt"},"content":{"rendered":"<p>[et_pb_section fb_built=&#8220;1&#8243; custom_padding_last_edited=&#8220;on|desktop&#8220; admin_label=&#8220;Hero Section&#8220; module_id=&#8220;header-section&#8220; _builder_version=&#8220;4.27.4&#8243; background_image=&#8220;https:\/\/hablaeli.es\/wp-content\/uploads\/2025\/04\/Tezza-7990-scaled.jpeg&#8220; background_position=&#8220;top_center&#8220; background_vertical_offset=&#8220;20%&#8220; min_height=&#8220;609.6px&#8220; custom_padding=&#8220;90px|0px|0px|0px|false|false&#8220; custom_padding_tablet=&#8220;0px||0px||true|false&#8220; custom_padding_phone=&#8220;15px||0px||false|false&#8220; animation_style=&#8220;slide&#8220; animation_direction=&#8220;top&#8220; animation_intensity_slide=&#8220;2%&#8220; animation_starting_opacity=&#8220;100%&#8220; custom_css_free_form=&#8220;#header-section {||  display: flex !important;||  align-items: flex-end !important;||}&#8220; locked=&#8220;off&#8220; global_colors_info=&#8220;{}&#8220;][et_pb_row _builder_version=&#8220;4.27.4&#8243; background_color=&#8220;rgba(255,255,255,0.5)&#8220; background_size=&#8220;initial&#8220; background_position=&#8220;top_left&#8220; background_repeat=&#8220;repeat&#8220; width_tablet=&#8220;100%&#8220; width_phone=&#8220;100%&#8220; width_last_edited=&#8220;on|tablet&#8220; max_width=&#8220;50%&#8220; max_width_tablet=&#8220;90%&#8220; max_width_phone=&#8220;90%&#8220; max_width_last_edited=&#8220;on|tablet&#8220; custom_margin=&#8220;0px||0px||true|false&#8220; custom_padding=&#8220;5px|20px|5px|20px|true|true&#8220; border_width_all=&#8220;3px&#8220; border_color_all=&#8220;#FFFFFF&#8220; border_width_bottom=&#8220;0px&#8220; border_width_all_tablet=&#8220;3px&#8220; border_width_all_phone=&#8220;0px&#8220; border_width_all_last_edited=&#8220;off|desktop&#8220; box_shadow_style=&#8220;preset1&#8243; use_custom_width=&#8220;on&#8220; custom_width_px=&#8220;1440px&#8220; global_colors_info=&#8220;{}&#8220;][et_pb_column type=&#8220;4_4&#8243; _builder_version=&#8220;4.27.4&#8243; custom_padding=&#8220;||||false|false&#8220; global_colors_info=&#8220;{}&#8220; custom_padding__hover=&#8220;|||&#8220;][et_pb_text _builder_version=&#8220;4.27.4&#8243; text_font=&#8220;||||||||&#8220; header_font=&#8220;&#8211;et_global_heading_font|700|||||||&#8220; header_text_align=&#8220;center&#8220; header_text_color=&#8220;#000000&#8243; header_font_size=&#8220;68px&#8220; header_line_height=&#8220;1.5em&#8220; header_2_font=&#8220;||||||||&#8220; header_3_font=&#8220;||||||||&#8220; header_4_font=&#8220;||||||||&#8220; header_5_font=&#8220;||||||||&#8220; header_6_font=&#8220;||||||||&#8220; custom_margin=&#8220;0px||0px||true|false&#8220; custom_padding=&#8220;0px||0px||true|false&#8220; locked=&#8220;off&#8220; global_colors_info=&#8220;{}&#8220;]<\/p>\n<h1>Unser Standpunkt<\/h1>\n<p>[\/et_pb_text][et_pb_divider color=&#8220;#f7d584&#8243; divider_weight=&#8220;3px&#8220; disabled_on=&#8220;on|on|off&#8220; _builder_version=&#8220;4.27.4&#8243; max_width=&#8220;80px&#8220; module_alignment=&#8220;center&#8220; height=&#8220;10px&#8220; custom_margin=&#8220;||15px||false|false&#8220; animation_style=&#8220;slide&#8220; animation_direction=&#8220;bottom&#8220; saved_tabs=&#8220;all&#8220; locked=&#8220;off&#8220; global_colors_info=&#8220;{}&#8220;][\/et_pb_divider][et_pb_text _builder_version=&#8220;4.27.4&#8243; text_font=&#8220;&#8211;et_global_body_font|500|||||||&#8220; text_text_color=&#8220;#000000&#8243; text_font_size=&#8220;21px&#8220; text_line_height=&#8220;1.8em&#8220; header_font=&#8220;||||||||&#8220; text_orientation=&#8220;center&#8220; custom_margin=&#8220;|0px|0px|0px|false|true&#8220; custom_padding=&#8220;|0px||0px|false|true&#8220; locked=&#8220;off&#8220; global_colors_info=&#8220;{}&#8220;]<\/p>\n<p>Beim Spanischlernen mit habla_Eli geht es nicht nur um Lehrb\u00fccher und Grammatik &#8211; es geht darum, in ein lebendiges Abenteuer voller Kultur, neuer Freunde und unvergesslicher Momente einzutauchen.<\/p>\n<p>[\/et_pb_text][et_pb_text _builder_version=&#8220;4.27.4&#8243; text_font=&#8220;&#8211;et_global_body_font|500|||||||&#8220; text_text_color=&#8220;#000000&#8243; text_font_size=&#8220;21px&#8220; text_line_height=&#8220;1.8em&#8220; header_font=&#8220;||||||||&#8220; text_orientation=&#8220;center&#8220; custom_margin=&#8220;|0px|0px|0px|false|true&#8220; custom_padding=&#8220;|0px||0px|false|true&#8220; locked=&#8220;off&#8220; global_colors_info=&#8220;{}&#8220;]<\/p>\n<p>Wir sind der Meinung, dass Sprachenlernen Spa\u00df machen und inspirierend sein sollte und dass jeder Schritt durch reale Erfahrungen spannend sein sollte.<\/p>\n<p>[\/et_pb_text][\/et_pb_column][\/et_pb_row][\/et_pb_section][et_pb_section fb_built=&#8220;1&#8243; admin_label=&#8220;Stats&#8220; _builder_version=&#8220;4.27.4&#8243; custom_padding=&#8220;40px|0px|60px|0px|false|false&#8220; hover_enabled=&#8220;0&#8243; locked=&#8220;off&#8220; global_colors_info=&#8220;{}&#8220; sticky_enabled=&#8220;0&#8243;][et_pb_row _builder_version=&#8220;4.27.4&#8243; _module_preset=&#8220;default&#8220; custom_padding=&#8220;5px||5px||true|false&#8220; hover_enabled=&#8220;0&#8243; sticky_enabled=&#8220;0&#8243; locked=&#8220;off&#8220;][et_pb_column _builder_version=&#8220;4.27.4&#8243; _module_preset=&#8220;default&#8220; type=&#8220;4_4&#8243;][et_pb_text _builder_version=&#8220;4.27.4&#8243; text_font=&#8220;&#8211;et_global_body_font|500|||||||&#8220; text_text_color=&#8220;#000000&#8243; text_font_size=&#8220;21px&#8220; text_line_height=&#8220;1.8em&#8220; header_font=&#8220;||||||||&#8220; text_orientation=&#8220;center&#8220; custom_margin=&#8220;|0px||0px|false|true&#8220; custom_padding=&#8220;|0px||0px|false|true&#8220; locked=&#8220;off&#8220; global_colors_info=&#8220;{}&#8220;]<\/p>\n<p>Kommen Sie zu uns und entdecken Sie, wie das Erlernen der spanischen Sprache die T\u00fcren zu einer ganz neuen Welt \u00f6ffnen kann!<\/p>\n<p>[\/et_pb_text][\/et_pb_column][\/et_pb_row][et_pb_row column_structure=&#8220;1_2,1_2&#8243; _builder_version=&#8220;4.27.4&#8243; width=&#8220;70%&#8220; max_width=&#8220;70%&#8220; module_alignment=&#8220;center&#8220; custom_margin=&#8220;|||&#8220; custom_padding=&#8220;0px||0px|&#8220; use_custom_width=&#8220;on&#8220; width_unit=&#8220;off&#8220; custom_width_percent=&#8220;70%&#8220; global_colors_info=&#8220;{}&#8220;][et_pb_column type=&#8220;1_2&#8243; _builder_version=&#8220;4.16&#8243; custom_padding=&#8220;40px|40px|40px|40px&#8220; global_colors_info=&#8220;{}&#8220; custom_padding__hover=&#8220;|||&#8220;][et_pb_text module_id=&#8220;our-goals&#8220; _builder_version=&#8220;4.27.4&#8243; text_font=&#8220;||||||||&#8220; header_font=&#8220;||||||||&#8220; header_text_align=&#8220;left&#8220; header_text_color=&#8220;#2b2b2b&#8220; header_line_height=&#8220;1.3em&#8220; header_2_font=&#8220;&#8211;et_global_heading_font|700|||||||&#8220; header_2_text_align=&#8220;left&#8220; header_2_text_color=&#8220;#000000&#8243; header_2_font_size=&#8220;42px&#8220; header_2_line_height=&#8220;1.5em&#8220; text_orientation=&#8220;center&#8220; module_alignment=&#8220;center&#8220; custom_margin=&#8220;||10px|&#8220; link_option_url=&#8220;#our-goals&#8220; global_colors_info=&#8220;{}&#8220;]<\/p>\n<h2>Unsere Ziele<\/h2>\n<p>[\/et_pb_text][et_pb_divider color=&#8220;#f7d584&#8243; divider_weight=&#8220;3px&#8220; disabled_on=&#8220;on|on|off&#8220; _builder_version=&#8220;4.16&#8243; max_width=&#8220;80px&#8220; module_alignment=&#8220;left&#8220; height=&#8220;10px&#8220; custom_margin=&#8220;||20px|&#8220; animation_style=&#8220;slide&#8220; animation_direction=&#8220;bottom&#8220; saved_tabs=&#8220;all&#8220; locked=&#8220;off&#8220; global_colors_info=&#8220;{}&#8220;][\/et_pb_divider][et_pb_text _builder_version=&#8220;4.27.4&#8243; text_font=&#8220;&#8211;et_global_body_font|600|||||||&#8220; text_text_color=&#8220;#000000&#8243; text_font_size=&#8220;17px&#8220; text_line_height=&#8220;1.9em&#8220; header_font=&#8220;||||||||&#8220; header_2_font=&#8220;||||||||&#8220; module_alignment=&#8220;center&#8220; custom_margin=&#8220;||15px||false|false&#8220; global_colors_info=&#8220;{}&#8220;]<\/p>\n<p>Wir von habla_Eli wollen auf Fuerteventura und international eine Referenz f\u00fcr den Unterricht von Spanisch als Fremdsprache und f\u00fcr die Verbreitung der kanarischen und spanischen Kultur sein. Unser Ziel ist es, lebendige, authentische und qualitativ hochwertige Lernerfahrungen anzubieten, die Sprachunterricht und kulturelle Entdeckungen in einem engen, motivierenden und professionellen Umfeld verbinden.<\/p>\n<p>[\/et_pb_text][et_pb_text _builder_version=&#8220;4.27.4&#8243; text_font=&#8220;&#8211;et_global_body_font|600|||||||&#8220; text_text_color=&#8220;#000000&#8243; text_font_size=&#8220;17px&#8220; text_line_height=&#8220;1.9em&#8220; header_font=&#8220;||||||||&#8220; header_2_font=&#8220;||||||||&#8220; module_alignment=&#8220;center&#8220; custom_margin=&#8220;||15px||false|false&#8220; global_colors_info=&#8220;{}&#8220;]<\/p>\n<p>Wir wollen ein Exzellenzzentrum sein, in dem sich die Sch\u00fcler inspiriert, unterst\u00fctzt und wertgesch\u00e4tzt f\u00fchlen. Wir wollen eine lebendige und vielf\u00e4ltige Gemeinschaft schaffen, in der jeder Sch\u00fcler seinen Platz findet, sich als Teil von etwas Gr\u00f6\u00dferem f\u00fchlt und seine sprachlichen und kulturellen F\u00e4higkeiten auf ganzheitliche Weise entwickeln kann. <\/p>\n<p>[\/et_pb_text][\/et_pb_column][et_pb_column type=&#8220;1_2&#8243; _builder_version=&#8220;4.27.4&#8243; use_background_color_gradient=&#8220;on&#8220; background_color_gradient_direction=&#8220;0deg&#8220; background_color_gradient_stops=&#8220;#8bc6ec 50%|#ffffff 50%&#8220; background_color_gradient_start=&#8220;#ffffff&#8220; background_color_gradient_start_position=&#8220;50%&#8220; background_color_gradient_end=&#8220;#ff9d82&#8243; background_color_gradient_end_position=&#8220;50%&#8220; custom_padding=&#8220;5%|5%||5%&#8220; global_colors_info=&#8220;{}&#8220; custom_padding__hover=&#8220;|||&#8220;][et_pb_image src=&#8220;https:\/\/hablaeli.es\/wp-content\/uploads\/2025\/04\/WhatsApp-Image-2025-02-02-at-13.29.48-3.jpeg&#8220; alt=&#8220;Unser-Blick-L\u00e4ndlicher-Trip&#8220; title_text=&#8220;Landpartie&#8220; _builder_version=&#8220;4.27.4&#8243; max_width=&#8220;80%&#8220; module_alignment=&#8220;center&#8220; custom_margin=&#8220;|||&#8220; custom_margin_tablet=&#8220;||0px|&#8220; custom_margin_phone=&#8220;&#8220; custom_margin_last_edited=&#8220;on|phone&#8220; custom_padding=&#8220;|||&#8220; animation_style=&#8220;slide&#8220; animation_direction=&#8220;bottom&#8220; animation_intensity_slide=&#8220;6%&#8220; animation_starting_opacity=&#8220;100%&#8220; box_shadow_style=&#8220;preset1&#8243; box_shadow_vertical=&#8220;10px&#8220; box_shadow_blur=&#8220;100px&#8220; box_shadow_color=&#8220;rgba(0,0,0,0.2)&#8220; always_center_on_mobile=&#8220;off&#8220; global_colors_info=&#8220;{}&#8220;][\/et_pb_image][\/et_pb_column][\/et_pb_row][\/et_pb_section][et_pb_section fb_built=&#8220;1&#8243; admin_label=&#8220;About Us&#8220; _builder_version=&#8220;4.16&#8243; custom_padding=&#8220;|||&#8220; locked=&#8220;off&#8220; global_colors_info=&#8220;{}&#8220;][et_pb_row column_structure=&#8220;1_2,1_2&#8243; _builder_version=&#8220;4.27.4&#8243; max_width=&#8220;70%&#8220; module_alignment=&#8220;center&#8220; custom_margin=&#8220;|||&#8220; custom_padding=&#8220;|||&#8220; global_colors_info=&#8220;{}&#8220;][et_pb_column type=&#8220;1_2&#8243; _builder_version=&#8220;4.27.4&#8243; background_enable_color=&#8220;off&#8220; use_background_color_gradient=&#8220;on&#8220; background_color_gradient_direction=&#8220;215deg&#8220; background_color_gradient_stops=&#8220;#fbda61 0%|#48c2f9 100%&#8220; custom_padding=&#8220;|||&#8220; global_colors_info=&#8220;{}&#8220; custom_padding__hover=&#8220;|||&#8220;][et_pb_image src=&#8220;https:\/\/hablaeli.es\/wp-content\/uploads\/2025\/04\/Tezza-1294-scaled.jpeg&#8220; alt=&#8220;Sch\u00fcler &#8211; w\u00e4hrend des Unterrichts&#8220; title_text=&#8220;Sch\u00fcler &#8211; w\u00e4hrend des Unterrichts&#8220; align=&#8220;center&#8220; _builder_version=&#8220;4.27.4&#8243; max_width=&#8220;90%&#8220; custom_margin=&#8220;-40px||40px|&#8220; custom_padding=&#8220;|||&#8220; animation_style=&#8220;zoom&#8220; animation_direction=&#8220;right&#8220; animation_intensity_zoom=&#8220;6%&#8220; animation_starting_opacity=&#8220;100%&#8220; box_shadow_style=&#8220;preset3&#8243; box_shadow_horizontal=&#8220;13px&#8220; box_shadow_vertical=&#8220;42px&#8220; box_shadow_blur=&#8220;45px&#8220; box_shadow_spread=&#8220;-3px&#8220; box_shadow_color=&#8220;rgba(0,0,0,0.1)&#8220; always_center_on_mobile=&#8220;off&#8220; global_colors_info=&#8220;{}&#8220;][\/et_pb_image][\/et_pb_column][et_pb_column type=&#8220;1_2&#8243; _builder_version=&#8220;4.16&#8243; background_color_gradient_direction=&#8220;35deg&#8220; background_color_gradient_start=&#8220;#ff6a88&#8243; background_color_gradient_end=&#8220;#ff99ac&#8220; custom_padding=&#8220;|60px||&#8220; global_colors_info=&#8220;{}&#8220; custom_padding__hover=&#8220;|||&#8220;][et_pb_text module_id=&#8220;mixed-cultures&#8220; _builder_version=&#8220;4.27.4&#8243; text_font=&#8220;||||||||&#8220; header_font=&#8220;||||||||&#8220; header_text_align=&#8220;left&#8220; header_text_color=&#8220;#2b2b2b&#8220; header_line_height=&#8220;1.3em&#8220; header_2_font=&#8220;&#8211;et_global_heading_font|700|||||||&#8220; header_2_text_align=&#8220;left&#8220; header_2_text_color=&#8220;#000000&#8243; header_2_font_size=&#8220;42px&#8220; header_2_line_height=&#8220;1.5em&#8220; text_orientation=&#8220;center&#8220; module_alignment=&#8220;center&#8220; custom_margin=&#8220;||10px|&#8220; link_option_url=&#8220;#mixed-cultures&#8220; global_colors_info=&#8220;{}&#8220;]<\/p>\n<h2>Gemischte Kulturen<\/h2>\n<p>[\/et_pb_text][et_pb_divider color=&#8220;#f7d584&#8243; divider_weight=&#8220;3px&#8220; disabled_on=&#8220;on|on|off&#8220; _builder_version=&#8220;4.16&#8243; max_width=&#8220;80px&#8220; module_alignment=&#8220;left&#8220; height=&#8220;10px&#8220; custom_margin=&#8220;||20px|&#8220; animation_style=&#8220;slide&#8220; animation_direction=&#8220;bottom&#8220; saved_tabs=&#8220;all&#8220; locked=&#8220;off&#8220; global_colors_info=&#8220;{}&#8220;][\/et_pb_divider][et_pb_text _builder_version=&#8220;4.27.4&#8243; text_font=&#8220;&#8211;et_global_body_font|600|||||||&#8220; text_text_color=&#8220;#000000&#8243; text_font_size=&#8220;17px&#8220; text_line_height=&#8220;1.9em&#8220; header_font=&#8220;||||||||&#8220; header_2_font=&#8220;||||||||&#8220; module_alignment=&#8220;center&#8220; custom_margin=&#8220;||15px||false|false&#8220; global_colors_info=&#8220;{}&#8220;]<\/p>\n<p>Bei habla_Eli glauben wir, dass das Erlernen einer Sprache viel mehr ist als das Auswendiglernen von Regeln: Es bedeutet, sich der Welt zu \u00f6ffnen, Verbindungen zu schaffen, Erfahrungen zu machen. Aus diesem Grund integrieren wir die lokale Kultur in unseren Unterricht durch kulturelle Aktivit\u00e4ten, Ausfl\u00fcge und Workshops und bieten eine pers\u00f6nliche Begleitung, die jeden Lernprozess zu einem einzigartigen Abenteuer macht. <\/p>\n<p>[\/et_pb_text][\/et_pb_column][\/et_pb_row][\/et_pb_section][et_pb_section fb_built=&#8220;1&#8243; admin_label=&#8220;Stats&#8220; _builder_version=&#8220;4.27.4&#8243; custom_padding=&#8220;60px|0px|60px|0px|false|false&#8220; global_colors_info=&#8220;{}&#8220;][et_pb_row column_structure=&#8220;1_2,1_2&#8243; _builder_version=&#8220;4.27.4&#8243; width=&#8220;70%&#8220; max_width=&#8220;70%&#8220; module_alignment=&#8220;center&#8220; custom_margin=&#8220;|||&#8220; custom_padding=&#8220;0px||0px|&#8220; use_custom_width=&#8220;on&#8220; width_unit=&#8220;off&#8220; custom_width_percent=&#8220;70%&#8220; global_colors_info=&#8220;{}&#8220;][et_pb_column type=&#8220;1_2&#8243; _builder_version=&#8220;4.16&#8243; custom_padding=&#8220;40px|40px|40px|40px&#8220; global_colors_info=&#8220;{}&#8220; custom_padding__hover=&#8220;|||&#8220;][et_pb_text module_id=&#8220;constant-improvement&#8220; _builder_version=&#8220;4.27.4&#8243; text_font=&#8220;||||||||&#8220; header_font=&#8220;||||||||&#8220; header_text_align=&#8220;left&#8220; header_text_color=&#8220;#2b2b2b&#8220; header_line_height=&#8220;1.3em&#8220; header_2_font=&#8220;&#8211;et_global_heading_font|700|||||||&#8220; header_2_text_align=&#8220;left&#8220; header_2_text_color=&#8220;#000000&#8243; header_2_font_size=&#8220;42px&#8220; header_2_line_height=&#8220;1.5em&#8220; text_orientation=&#8220;center&#8220; module_alignment=&#8220;center&#8220; custom_margin=&#8220;||10px|&#8220; link_option_url=&#8220;#constant-improvement&#8220; locked=&#8220;off&#8220; global_colors_info=&#8220;{}&#8220;]<\/p>\n<h2>St\u00e4ndige Verbesserung<\/h2>\n<p>[\/et_pb_text][et_pb_divider color=&#8220;#f7d584&#8243; divider_weight=&#8220;3px&#8220; disabled_on=&#8220;on|on|off&#8220; _builder_version=&#8220;4.16&#8243; max_width=&#8220;80px&#8220; module_alignment=&#8220;left&#8220; height=&#8220;10px&#8220; custom_margin=&#8220;||20px|&#8220; animation_style=&#8220;slide&#8220; animation_direction=&#8220;bottom&#8220; saved_tabs=&#8220;all&#8220; locked=&#8220;off&#8220; global_colors_info=&#8220;{}&#8220;][\/et_pb_divider][et_pb_text _builder_version=&#8220;4.27.4&#8243; text_font=&#8220;&#8211;et_global_body_font|600|||||||&#8220; text_text_color=&#8220;#000000&#8243; text_font_size=&#8220;17px&#8220; text_line_height=&#8220;1.9em&#8220; header_font=&#8220;||||||||&#8220; header_2_font=&#8220;||||||||&#8220; module_alignment=&#8220;center&#8220; custom_margin=&#8220;||15px||false|false&#8220; global_colors_info=&#8220;{}&#8220;]<\/p>\n<p>Wir sind bestrebt, uns st\u00e4ndig weiterzuentwickeln, indem wir aktuelle Methoden, attraktive Materialien und digitale Hilfsmittel einbeziehen, die das Lernen bereichern, wobei wir stets die menschliche und enge Essenz, die uns ausmacht, respektieren. Wir m\u00f6chten, dass sich jeder Sch\u00fcler auf seinem Lernweg unterst\u00fctzt f\u00fchlt, mit Zugang zu den modernsten Ressourcen und einem Umfeld, das die pers\u00f6nliche und berufliche Entwicklung f\u00f6rdert. <\/p>\n<p>[\/et_pb_text][et_pb_text _builder_version=&#8220;4.27.4&#8243; text_font=&#8220;&#8211;et_global_body_font|600|||||||&#8220; text_text_color=&#8220;#000000&#8243; text_font_size=&#8220;17px&#8220; text_line_height=&#8220;1.9em&#8220; header_font=&#8220;||||||||&#8220; header_2_font=&#8220;||||||||&#8220; module_alignment=&#8220;center&#8220; custom_margin=&#8220;||15px||false|false&#8220; global_colors_info=&#8220;{}&#8220;]<\/p>\n<p>Kurz gesagt, wir tr\u00e4umen davon, weiter zu wachsen als ein Ort, an dem das Erlernen der spanischen Sprache eine transformative Erfahrung ist, voll von Kultur, Kommunikation, Natur und Emotionen, in einer lebendigen Gemeinschaft, die Vielfalt und Lernen feiert.<\/p>\n<p>[\/et_pb_text][\/et_pb_column][et_pb_column type=&#8220;1_2&#8243; _builder_version=&#8220;4.27.4&#8243; use_background_color_gradient=&#8220;on&#8220; background_color_gradient_direction=&#8220;0deg&#8220; background_color_gradient_stops=&#8220;#ffffff 50%|#fbda61 50%&#8220; background_color_gradient_start=&#8220;#ffffff&#8220; background_color_gradient_start_position=&#8220;50%&#8220; background_color_gradient_end=&#8220;#ff9d82&#8243; background_color_gradient_end_position=&#8220;50%&#8220; custom_padding=&#8220;5%|5%||5%&#8220; global_colors_info=&#8220;{}&#8220; custom_padding__hover=&#8220;|||&#8220;][et_pb_image src=&#8220;https:\/\/hablaeli.es\/wp-content\/uploads\/2025\/04\/Tezza-3794-scaled.jpeg&#8220; alt=&#8220;Unser-Blick-Teaching&#8220; title_text=&#8220;Teaching&#8220; force_fullwidth=&#8220;on&#8220; _builder_version=&#8220;4.27.4&#8243; custom_margin=&#8220;|||&#8220; custom_margin_tablet=&#8220;||0px|&#8220; custom_margin_phone=&#8220;&#8220; custom_margin_last_edited=&#8220;on|phone&#8220; custom_padding=&#8220;|||&#8220; animation_style=&#8220;slide&#8220; animation_direction=&#8220;bottom&#8220; animation_intensity_slide=&#8220;6%&#8220; animation_starting_opacity=&#8220;100%&#8220; box_shadow_style=&#8220;preset1&#8243; box_shadow_vertical=&#8220;10px&#8220; box_shadow_blur=&#8220;100px&#8220; box_shadow_color=&#8220;rgba(0,0,0,0.2)&#8220; always_center_on_mobile=&#8220;off&#8220; global_colors_info=&#8220;{}&#8220;][\/et_pb_image][\/et_pb_column][\/et_pb_row][\/et_pb_section]<\/p>\n","protected":false},"excerpt":{"rendered":"<p>Unser StandpunktBeim Spanischlernen mit habla_Eli geht es nicht nur um Lehrb\u00fccher und Grammatik &#8211; es geht darum, in ein lebendiges Abenteuer voller Kultur, neuer Freunde und unvergesslicher Momente einzutauchen.Wir sind der Meinung, dass Sprachenlernen Spa\u00df machen und inspirierend sein sollte und dass jeder Schritt durch reale Erfahrungen spannend sein sollte.Kommen Sie zu uns und entdecken [&hellip;]<\/p>\n","protected":false},"author":1,"featured_media":0,"parent":0,"menu_order":0,"comment_status":"closed","ping_status":"closed","template":"","meta":{"_et_pb_use_builder":"on","_et_pb_old_content":"","_et_gb_content_width":"","footnotes":""},"class_list":["post-72065","page","type-page","status-publish","hentry"],"yoast_head":"<!-- This site is optimized with the Yoast SEO plugin v27.5 - https:\/\/yoast.com\/product\/yoast-seo-wordpress\/ -->\n<title>Unser Standpunkt - Hablaeli<\/title>\n<meta name=\"description\" content=\"Entdecken Sie unsere Sichtweise, um unsere einzigartige Perspektive auf Lehrmethoden, Innovation und die Zukunft, die wir mitgestalten, zu verstehen.\" \/>\n<meta name=\"robots\" content=\"index, follow, max-snippet:-1, max-image-preview:large, max-video-preview:-1\" \/>\n<link rel=\"canonical\" href=\"https:\/\/hablaeli.es\/our-view\/\" \/>\n<meta property=\"og:locale\" content=\"de_DE\" \/>\n<meta property=\"og:type\" content=\"article\" \/>\n<meta property=\"og:title\" content=\"Unser Standpunkt - Hablaeli\" \/>\n<meta property=\"og:description\" content=\"Entdecken Sie unsere Sichtweise, um unsere einzigartige Perspektive auf Lehrmethoden, Innovation und die Zukunft, die wir mitgestalten, zu verstehen.\" \/>\n<meta property=\"og:url\" content=\"https:\/\/hablaeli.es\/our-view\/\" \/>\n<meta property=\"og:site_name\" content=\"Hablaeli\" \/>\n<meta property=\"article:publisher\" content=\"https:\/\/www.facebook.com\/people\/Habla_Eli\/61550985253961\/\" \/>\n<meta property=\"article:modified_time\" content=\"2025-06-11T10:35:29+00:00\" \/>\n<meta property=\"og:image\" content=\"https:\/\/hablaeli.es\/wp-content\/uploads\/2025\/04\/logo.png\" \/>\n\t<meta property=\"og:image:width\" content=\"561\" \/>\n\t<meta property=\"og:image:height\" content=\"561\" \/>\n\t<meta property=\"og:image:type\" content=\"image\/png\" \/>\n<meta name=\"twitter:card\" content=\"summary_large_image\" \/>\n<meta name=\"twitter:label1\" content=\"Gesch\u00e4tzte Lesezeit\" \/>\n\t<meta name=\"twitter:data1\" content=\"10\u00a0Minuten\" \/>\n<script type=\"application\/ld+json\" class=\"yoast-schema-graph\">{\"@context\":\"https:\\\/\\\/schema.org\",\"@graph\":[{\"@type\":\"WebPage\",\"@id\":\"https:\\\/\\\/hablaeli.es\\\/our-view\\\/\",\"url\":\"https:\\\/\\\/hablaeli.es\\\/our-view\\\/\",\"name\":\"Unser Standpunkt - Hablaeli\",\"isPartOf\":{\"@id\":\"https:\\\/\\\/hablaeli.es\\\/#website\"},\"datePublished\":\"2025-05-02T11:07:50+00:00\",\"dateModified\":\"2025-06-11T10:35:29+00:00\",\"description\":\"Entdecken Sie unsere Sichtweise, um unsere einzigartige Perspektive auf Lehrmethoden, Innovation und die Zukunft, die wir mitgestalten, zu verstehen.\",\"breadcrumb\":{\"@id\":\"https:\\\/\\\/hablaeli.es\\\/our-view\\\/#breadcrumb\"},\"inLanguage\":\"de\",\"potentialAction\":[{\"@type\":\"ReadAction\",\"target\":[\"https:\\\/\\\/hablaeli.es\\\/our-view\\\/\"]}]},{\"@type\":\"BreadcrumbList\",\"@id\":\"https:\\\/\\\/hablaeli.es\\\/our-view\\\/#breadcrumb\",\"itemListElement\":[{\"@type\":\"ListItem\",\"position\":1,\"name\":\"Portada\",\"item\":\"https:\\\/\\\/hablaeli.es\\\/\"},{\"@type\":\"ListItem\",\"position\":2,\"name\":\"Unser Standpunkt\"}]},{\"@type\":\"WebSite\",\"@id\":\"https:\\\/\\\/hablaeli.es\\\/#website\",\"url\":\"https:\\\/\\\/hablaeli.es\\\/\",\"name\":\"Hablaeli\",\"description\":\"\",\"publisher\":{\"@id\":\"https:\\\/\\\/hablaeli.es\\\/#organization\"},\"alternateName\":\"Elisa Calcinari\",\"potentialAction\":[{\"@type\":\"SearchAction\",\"target\":{\"@type\":\"EntryPoint\",\"urlTemplate\":\"https:\\\/\\\/hablaeli.es\\\/?s={search_term_string}\"},\"query-input\":{\"@type\":\"PropertyValueSpecification\",\"valueRequired\":true,\"valueName\":\"search_term_string\"}}],\"inLanguage\":\"de\"},{\"@type\":\"Organization\",\"@id\":\"https:\\\/\\\/hablaeli.es\\\/#organization\",\"name\":\"Elisa Calcinari\",\"url\":\"https:\\\/\\\/hablaeli.es\\\/\",\"logo\":{\"@type\":\"ImageObject\",\"inLanguage\":\"de\",\"@id\":\"https:\\\/\\\/hablaeli.es\\\/#\\\/schema\\\/logo\\\/image\\\/\",\"url\":\"https:\\\/\\\/hablaeli.es\\\/wp-content\\\/uploads\\\/2025\\\/04\\\/cropped-logo.png\",\"contentUrl\":\"https:\\\/\\\/hablaeli.es\\\/wp-content\\\/uploads\\\/2025\\\/04\\\/cropped-logo.png\",\"width\":491,\"height\":491,\"caption\":\"Elisa Calcinari\"},\"image\":{\"@id\":\"https:\\\/\\\/hablaeli.es\\\/#\\\/schema\\\/logo\\\/image\\\/\"},\"sameAs\":[\"https:\\\/\\\/www.facebook.com\\\/people\\\/Habla_Eli\\\/61550985253961\\\/\"]}]}<\/script>\n<!-- \/ Yoast SEO plugin. -->","yoast_head_json":{"title":"Unser Standpunkt - Hablaeli","description":"Entdecken Sie unsere Sichtweise, um unsere einzigartige Perspektive auf Lehrmethoden, Innovation und die Zukunft, die wir mitgestalten, zu verstehen.","robots":{"index":"index","follow":"follow","max-snippet":"max-snippet:-1","max-image-preview":"max-image-preview:large","max-video-preview":"max-video-preview:-1"},"canonical":"https:\/\/hablaeli.es\/our-view\/","og_locale":"de_DE","og_type":"article","og_title":"Unser Standpunkt - Hablaeli","og_description":"Entdecken Sie unsere Sichtweise, um unsere einzigartige Perspektive auf Lehrmethoden, Innovation und die Zukunft, die wir mitgestalten, zu verstehen.","og_url":"https:\/\/hablaeli.es\/our-view\/","og_site_name":"Hablaeli","article_publisher":"https:\/\/www.facebook.com\/people\/Habla_Eli\/61550985253961\/","article_modified_time":"2025-06-11T10:35:29+00:00","og_image":[{"width":561,"height":561,"url":"https:\/\/hablaeli.es\/wp-content\/uploads\/2025\/04\/logo.png","type":"image\/png"}],"twitter_card":"summary_large_image","twitter_misc":{"Gesch\u00e4tzte Lesezeit":"10\u00a0Minuten"},"schema":{"@context":"https:\/\/schema.org","@graph":[{"@type":"WebPage","@id":"https:\/\/hablaeli.es\/our-view\/","url":"https:\/\/hablaeli.es\/our-view\/","name":"Unser Standpunkt - Hablaeli","isPartOf":{"@id":"https:\/\/hablaeli.es\/#website"},"datePublished":"2025-05-02T11:07:50+00:00","dateModified":"2025-06-11T10:35:29+00:00","description":"Entdecken Sie unsere Sichtweise, um unsere einzigartige Perspektive auf Lehrmethoden, Innovation und die Zukunft, die wir mitgestalten, zu verstehen.","breadcrumb":{"@id":"https:\/\/hablaeli.es\/our-view\/#breadcrumb"},"inLanguage":"de","potentialAction":[{"@type":"ReadAction","target":["https:\/\/hablaeli.es\/our-view\/"]}]},{"@type":"BreadcrumbList","@id":"https:\/\/hablaeli.es\/our-view\/#breadcrumb","itemListElement":[{"@type":"ListItem","position":1,"name":"Portada","item":"https:\/\/hablaeli.es\/"},{"@type":"ListItem","position":2,"name":"Unser Standpunkt"}]},{"@type":"WebSite","@id":"https:\/\/hablaeli.es\/#website","url":"https:\/\/hablaeli.es\/","name":"Hablaeli","description":"","publisher":{"@id":"https:\/\/hablaeli.es\/#organization"},"alternateName":"Elisa Calcinari","potentialAction":[{"@type":"SearchAction","target":{"@type":"EntryPoint","urlTemplate":"https:\/\/hablaeli.es\/?s={search_term_string}"},"query-input":{"@type":"PropertyValueSpecification","valueRequired":true,"valueName":"search_term_string"}}],"inLanguage":"de"},{"@type":"Organization","@id":"https:\/\/hablaeli.es\/#organization","name":"Elisa Calcinari","url":"https:\/\/hablaeli.es\/","logo":{"@type":"ImageObject","inLanguage":"de","@id":"https:\/\/hablaeli.es\/#\/schema\/logo\/image\/","url":"https:\/\/hablaeli.es\/wp-content\/uploads\/2025\/04\/cropped-logo.png","contentUrl":"https:\/\/hablaeli.es\/wp-content\/uploads\/2025\/04\/cropped-logo.png","width":491,"height":491,"caption":"Elisa Calcinari"},"image":{"@id":"https:\/\/hablaeli.es\/#\/schema\/logo\/image\/"},"sameAs":["https:\/\/www.facebook.com\/people\/Habla_Eli\/61550985253961\/"]}]}},"_links":{"self":[{"href":"https:\/\/hablaeli.es\/de\/wp-json\/wp\/v2\/pages\/72065","targetHints":{"allow":["GET"]}}],"collection":[{"href":"https:\/\/hablaeli.es\/de\/wp-json\/wp\/v2\/pages"}],"about":[{"href":"https:\/\/hablaeli.es\/de\/wp-json\/wp\/v2\/types\/page"}],"author":[{"embeddable":true,"href":"https:\/\/hablaeli.es\/de\/wp-json\/wp\/v2\/users\/1"}],"replies":[{"embeddable":true,"href":"https:\/\/hablaeli.es\/de\/wp-json\/wp\/v2\/comments?post=72065"}],"version-history":[{"count":14,"href":"https:\/\/hablaeli.es\/de\/wp-json\/wp\/v2\/pages\/72065\/revisions"}],"predecessor-version":[{"id":72648,"href":"https:\/\/hablaeli.es\/de\/wp-json\/wp\/v2\/pages\/72065\/revisions\/72648"}],"wp:attachment":[{"href":"https:\/\/hablaeli.es\/de\/wp-json\/wp\/v2\/media?parent=72065"}],"curies":[{"name":"wp","href":"https:\/\/api.w.org\/{rel}","templated":true}]}}