{"id":72035,"date":"2025-05-02T11:07:50","date_gmt":"2025-05-02T11:07:50","guid":{"rendered":"https:\/\/hablaeli.es\/nuestra-vision\/"},"modified":"2025-06-11T10:35:30","modified_gmt":"2025-06-11T10:35:30","slug":"nuestra-vision","status":"publish","type":"page","link":"https:\/\/hablaeli.es\/es\/nuestra-vision\/","title":{"rendered":"Nuestra visi\u00f3n"},"content":{"rendered":"<p>[et_pb_section fb_built=\u00bb1&#8243; custom_padding_last_edited=\u00bbon|desktop\u00bb admin_label=\u00bbHero Section\u00bb module_id=\u00bbheader-section\u00bb _builder_version=\u00bb4.27.4&#8243; background_image=\u00bbhttps:\/\/hablaeli.es\/wp-content\/uploads\/2025\/04\/Tezza-7990-scaled.jpeg\u00bb background_position=\u00bbtop_center\u00bb background_vertical_offset=\u00bb20%\u00bb min_height=\u00bb609.6px\u00bb custom_padding=\u00bb90px|0px|0px|0px|false|false\u00bb custom_padding_tablet=\u00bb0px||0px||true|false\u00bb custom_padding_phone=\u00bb15px||0px||false|false\u00bb animation_style=\u00bbslide\u00bb animation_direction=\u00bbtop\u00bb animation_intensity_slide=\u00bb2%\u00bb animation_starting_opacity=\u00bb100%\u00bb custom_css_free_form=\u00bb#header-section {||  display: flex !important;||  align-items: flex-end !important;||}\u00bb locked=\u00bboff\u00bb global_colors_info=\u00bb{}\u00bb][et_pb_row _builder_version=\u00bb4.27.4&#8243; background_color=\u00bbrgba(255,255,255,0.5)\u00bb background_size=\u00bbinitial\u00bb background_position=\u00bbtop_left\u00bb background_repeat=\u00bbrepeat\u00bb width_tablet=\u00bb100%\u00bb width_phone=\u00bb100%\u00bb width_last_edited=\u00bbon|tablet\u00bb max_width=\u00bb50%\u00bb max_width_tablet=\u00bb90%\u00bb max_width_phone=\u00bb90%\u00bb max_width_last_edited=\u00bbon|tablet\u00bb custom_margin=\u00bb0px||0px||true|false\u00bb custom_padding=\u00bb5px|20px|5px|20px|true|true\u00bb border_width_all=\u00bb3px\u00bb border_color_all=\u00bb#FFFFFF\u00bb border_width_bottom=\u00bb0px\u00bb border_width_all_tablet=\u00bb3px\u00bb border_width_all_phone=\u00bb0px\u00bb border_width_all_last_edited=\u00bboff|desktop\u00bb box_shadow_style=\u00bbpreset1&#8243; use_custom_width=\u00bbon\u00bb custom_width_px=\u00bb1440px\u00bb global_colors_info=\u00bb{}\u00bb][et_pb_column type=\u00bb4_4&#8243; _builder_version=\u00bb4.27.4&#8243; custom_padding=\u00bb||||false|false\u00bb global_colors_info=\u00bb{}\u00bb custom_padding__hover=\u00bb|||\u00bb][et_pb_text _builder_version=\u00bb4.27.4&#8243; text_font=\u00bb||||||||\u00bb header_font=\u00bb&#8211;et_global_heading_font|700|||||||\u00bb header_text_align=\u00bbcenter\u00bb header_text_color=\u00bb#000000&#8243; header_font_size=\u00bb68px\u00bb header_line_height=\u00bb1.5em\u00bb header_2_font=\u00bb||||||||\u00bb header_3_font=\u00bb||||||||\u00bb header_4_font=\u00bb||||||||\u00bb header_5_font=\u00bb||||||||\u00bb header_6_font=\u00bb||||||||\u00bb custom_margin=\u00bb0px||0px||true|false\u00bb custom_padding=\u00bb0px||0px||true|false\u00bb locked=\u00bboff\u00bb global_colors_info=\u00bb{}\u00bb]<\/p>\n<h1>Nuestra visi\u00f3n<\/h1>\n<p>[\/et_pb_text][et_pb_divider color=\u00bb#f7d584&#8243; divider_weight=\u00bb3px\u00bb disabled_on=\u00bbon|on|off\u00bb _builder_version=\u00bb4.27.4&#8243; max_width=\u00bb80px\u00bb module_alignment=\u00bbcenter\u00bb height=\u00bb10px\u00bb custom_margin=\u00bb||15px||false|false\u00bb animation_style=\u00bbslide\u00bb animation_direction=\u00bbbottom\u00bb saved_tabs=\u00bball\u00bb locked=\u00bboff\u00bb global_colors_info=\u00bb{}\u00bb][\/et_pb_divider][et_pb_text _builder_version=\u00bb4.27.4&#8243; text_font=\u00bb&#8211;et_global_body_font|500|||||||\u00bb text_text_color=\u00bb#000000&#8243; text_font_size=\u00bb21px\u00bb text_line_height=\u00bb1.8em\u00bb header_font=\u00bb||||||||\u00bb text_orientation=\u00bbcenter\u00bb custom_margin=\u00bb|0px|0px|0px|false|true\u00bb custom_padding=\u00bb|0px||0px|false|true\u00bb locked=\u00bboff\u00bb global_colors_info=\u00bb{}\u00bb]<\/p>\n<p>Aprender espa\u00f1ol con habla_Eli no es s\u00f3lo cuesti\u00f3n de libros de texto y gram\u00e1tica: es sumergirse en una aventura llena de vida, cultura, nuevos amigos y momentos inolvidables.<\/p>\n<p>[\/et_pb_text][et_pb_text _builder_version=\u00bb4.27.4&#8243; text_font=\u00bb&#8211;et_global_body_font|500|||||||\u00bb text_text_color=\u00bb#000000&#8243; text_font_size=\u00bb21px\u00bb text_line_height=\u00bb1.8em\u00bb header_font=\u00bb||||||||\u00bb text_orientation=\u00bbcenter\u00bb custom_margin=\u00bb|0px|0px|0px|false|true\u00bb custom_padding=\u00bb|0px||0px|false|true\u00bb locked=\u00bboff\u00bb global_colors_info=\u00bb{}\u00bb]<\/p>\n<p>Creemos que el aprendizaje de idiomas debe ser divertido, inspirador y lleno de experiencias reales que hagan emocionante cada paso.<\/p>\n<p>[\/et_pb_text][\/et_pb_column][\/et_pb_row][\/et_pb_section][et_pb_section fb_built=\u00bb1&#8243; admin_label=\u00bbStats\u00bb _builder_version=\u00bb4.27.4&#8243; custom_padding=\u00bb40px|0px|60px|0px|false|false\u00bb hover_enabled=\u00bb0&#8243; locked=\u00bboff\u00bb global_colors_info=\u00bb{}\u00bb sticky_enabled=\u00bb0&#8243;][et_pb_row _builder_version=\u00bb4.27.4&#8243; _module_preset=\u00bbdefault\u00bb custom_padding=\u00bb5px||5px||true|false\u00bb hover_enabled=\u00bb0&#8243; sticky_enabled=\u00bb0&#8243; locked=\u00bboff\u00bb][et_pb_column _builder_version=\u00bb4.27.4&#8243; _module_preset=\u00bbdefault\u00bb type=\u00bb4_4&#8243;][et_pb_text _builder_version=\u00bb4.27.4&#8243; text_font=\u00bb&#8211;et_global_body_font|500|||||||\u00bb text_text_color=\u00bb#000000&#8243; text_font_size=\u00bb21px\u00bb text_line_height=\u00bb1.8em\u00bb header_font=\u00bb||||||||\u00bb text_orientation=\u00bbcenter\u00bb custom_margin=\u00bb|0px||0px|false|true\u00bb custom_padding=\u00bb|0px||0px|false|true\u00bb locked=\u00bboff\u00bb global_colors_info=\u00bb{}\u00bb]<\/p>\n<p>\u00danase a nosotros y descubra c\u00f3mo aprender espa\u00f1ol puede abrirle las puertas a un mundo completamente nuevo.<\/p>\n<p>[\/et_pb_text][\/et_pb_column][\/et_pb_row][et_pb_row column_structure=\u00bb1_2,1_2&#8243; _builder_version=\u00bb4.27.4&#8243; width=\u00bb70%\u00bb max_width=\u00bb70%\u00bb module_alignment=\u00bbcenter\u00bb custom_margin=\u00bb|||\u00bb custom_padding=\u00bb0px||0px|\u00bb use_custom_width=\u00bbon\u00bb width_unit=\u00bboff\u00bb custom_width_percent=\u00bb70%\u00bb global_colors_info=\u00bb{}\u00bb][et_pb_column type=\u00bb1_2&#8243; _builder_version=\u00bb4.16&#8243; custom_padding=\u00bb40px|40px|40px|40px\u00bb global_colors_info=\u00bb{}\u00bb custom_padding__hover=\u00bb|||\u00bb][et_pb_text module_id=\u00bbour-goals\u00bb _builder_version=\u00bb4.27.4&#8243; text_font=\u00bb||||||||\u00bb header_font=\u00bb||||||||\u00bb header_text_align=\u00bbleft\u00bb header_text_color=\u00bb#2b2b2b\u00bb header_line_height=\u00bb1.3em\u00bb header_2_font=\u00bb&#8211;et_global_heading_font|700|||||||\u00bb header_2_text_align=\u00bbleft\u00bb header_2_text_color=\u00bb#000000&#8243; header_2_font_size=\u00bb42px\u00bb header_2_line_height=\u00bb1.5em\u00bb text_orientation=\u00bbcenter\u00bb module_alignment=\u00bbcenter\u00bb custom_margin=\u00bb||10px|\u00bb link_option_url=\u00bb#our-goals\u00bb global_colors_info=\u00bb{}\u00bb]<\/p>\n<h2>Nuestros objetivos<\/h2>\n<p>[\/et_pb_text][et_pb_divider color=\u00bb#f7d584&#8243; divider_weight=\u00bb3px\u00bb disabled_on=\u00bbon|on|off\u00bb _builder_version=\u00bb4.16&#8243; max_width=\u00bb80px\u00bb module_alignment=\u00bbleft\u00bb height=\u00bb10px\u00bb custom_margin=\u00bb||20px|\u00bb animation_style=\u00bbslide\u00bb animation_direction=\u00bbbottom\u00bb saved_tabs=\u00bball\u00bb locked=\u00bboff\u00bb global_colors_info=\u00bb{}\u00bb][\/et_pb_divider][et_pb_text _builder_version=\u00bb4.27.4&#8243; text_font=\u00bb&#8211;et_global_body_font|600|||||||\u00bb text_text_color=\u00bb#000000&#8243; text_font_size=\u00bb17px\u00bb text_line_height=\u00bb1.9em\u00bb header_font=\u00bb||||||||\u00bb header_2_font=\u00bb||||||||\u00bb module_alignment=\u00bbcenter\u00bb custom_margin=\u00bb||15px||false|false\u00bb global_colors_info=\u00bb{}\u00bb]<\/p>\n<p>En habla_Eli aspiramos a ser un referente en Fuerteventura y a nivel internacional en la ense\u00f1anza del espa\u00f1ol como lengua extranjera y en la difusi\u00f3n de la cultura canaria y espa\u00f1ola. Nuestro prop\u00f3sito es ofrecer experiencias de aprendizaje vivas, aut\u00e9nticas y de alta calidad, combinando la ense\u00f1anza de idiomas con el descubrimiento cultural, en un ambiente cercano, motivador y profesional.<\/p>\n<p>[\/et_pb_text][et_pb_text _builder_version=\u00bb4.27.4&#8243; text_font=\u00bb&#8211;et_global_body_font|600|||||||\u00bb text_text_color=\u00bb#000000&#8243; text_font_size=\u00bb17px\u00bb text_line_height=\u00bb1.9em\u00bb header_font=\u00bb||||||||\u00bb header_2_font=\u00bb||||||||\u00bb module_alignment=\u00bbcenter\u00bb custom_margin=\u00bb||15px||false|false\u00bb global_colors_info=\u00bb{}\u00bb]<\/p>\n<p>Queremos ser un centro de excelencia donde los estudiantes se sientan inspirados, apoyados y valorados. Buscamos crear una comunidad vibrante y diversa donde cada estudiante encuentre su espacio, se sienta parte de algo m\u00e1s grande y pueda desarrollar sus habilidades ling\u00fc\u00edsticas y culturales de forma hol\u00edstica. <\/p>\n<p>[\/et_pb_text][\/et_pb_column][et_pb_column type=\u00bb1_2&#8243; _builder_version=\u00bb4.27.4&#8243; use_background_color_gradient=\u00bbon\u00bb background_color_gradient_direction=\u00bb0deg\u00bb background_color_gradient_stops=\u00bb#8bc6ec 50%|#ffffff 50%\u00bb background_color_gradient_start=\u00bb#ffffff\u00bb background_color_gradient_start_position=\u00bb50%\u00bb background_color_gradient_end=\u00bb#ff9d82&#8243; background_color_gradient_end_position=\u00bb50%\u00bb custom_padding=\u00bb5%|5%||5%\u00bb global_colors_info=\u00bb{}\u00bb custom_padding__hover=\u00bb|||\u00bb][et_pb_image src=\u00bbhttps:\/\/hablaeli.es\/wp-content\/uploads\/2025\/04\/WhatsApp-Image-2025-02-02-at-13.29.48-3.jpeg\u00bb alt=\u00bbNuestra-Vista-Viaje-Rural\u00bb title_text=\u00bbViaje-Rural\u00bb _builder_version=\u00bb4.27.4&#8243; max_width=\u00bb80%\u00bb module_alignment=\u00bbcenter\u00bb custom_margin=\u00bb|||\u00bb custom_margin_tablet=\u00bb||0px|\u00bb custom_margin_phone=\u00bb\u00bb custom_margin_last_edited=\u00bbon|phone\u00bb custom_padding=\u00bb|||\u00bb animation_style=\u00bbslide\u00bb animation_direction=\u00bbbottom\u00bb animation_intensity_slide=\u00bb6%\u00bb animation_starting_opacity=\u00bb100%\u00bb box_shadow_style=\u00bbpreset1&#8243; box_shadow_vertical=\u00bb10px\u00bb box_shadow_blur=\u00bb100px\u00bb box_shadow_color=\u00bbrgba(0,0,0,0.2)\u00bb always_center_on_mobile=\u00bboff\u00bb global_colors_info=\u00bb{}\u00bb][\/et_pb_image][\/et_pb_column][\/et_pb_row][\/et_pb_section][et_pb_section fb_built=\u00bb1&#8243; admin_label=\u00bbAbout Us\u00bb _builder_version=\u00bb4.16&#8243; custom_padding=\u00bb|||\u00bb locked=\u00bboff\u00bb global_colors_info=\u00bb{}\u00bb][et_pb_row column_structure=\u00bb1_2,1_2&#8243; _builder_version=\u00bb4.27.4&#8243; max_width=\u00bb70%\u00bb module_alignment=\u00bbcenter\u00bb custom_margin=\u00bb|||\u00bb custom_padding=\u00bb|||\u00bb global_colors_info=\u00bb{}\u00bb][et_pb_column type=\u00bb1_2&#8243; _builder_version=\u00bb4.27.4&#8243; background_enable_color=\u00bboff\u00bb use_background_color_gradient=\u00bbon\u00bb background_color_gradient_direction=\u00bb215deg\u00bb background_color_gradient_stops=\u00bb#fbda61 0%|#48c2f9 100%\u00bb custom_padding=\u00bb|||\u00bb global_colors_info=\u00bb{}\u00bb custom_padding__hover=\u00bb|||\u00bb][et_pb_image src=\u00bbhttps:\/\/hablaeli.es\/wp-content\/uploads\/2025\/04\/Tezza-1294-scaled.jpeg\u00bb alt=\u00bbEstudiantes-Durante la clase\u00bb title_text=\u00bbEstudiantes-Durante la clase\u00bb align=\u00bbcenter\u00bb _builder_version=\u00bb4.27.4&#8243; max_width=\u00bb90%\u00bb custom_margin=\u00bb-40px||40px|\u00bb custom_padding=\u00bb|||\u00bb animation_style=\u00bbzoom\u00bb animation_direction=\u00bbright\u00bb animation_intensity_zoom=\u00bb6%\u00bb animation_starting_opacity=\u00bb100%\u00bb box_shadow_style=\u00bbpreset3&#8243; box_shadow_horizontal=\u00bb13px\u00bb box_shadow_vertical=\u00bb42px\u00bb box_shadow_blur=\u00bb45px\u00bb box_shadow_spread=\u00bb-3px\u00bb box_shadow_color=\u00bbrgba(0,0,0,0.1)\u00bb always_center_on_mobile=\u00bboff\u00bb global_colors_info=\u00bb{}\u00bb][\/et_pb_image][\/et_pb_column][et_pb_column type=\u00bb1_2&#8243; _builder_version=\u00bb4.16&#8243; background_color_gradient_direction=\u00bb35deg\u00bb background_color_gradient_start=\u00bb#ff6a88&#8243; background_color_gradient_end=\u00bb#ff99ac\u00bb custom_padding=\u00bb|60px||\u00bb global_colors_info=\u00bb{}\u00bb custom_padding__hover=\u00bb|||\u00bb][et_pb_text module_id=\u00bbmixed-cultures\u00bb _builder_version=\u00bb4.27.4&#8243; text_font=\u00bb||||||||\u00bb header_font=\u00bb||||||||\u00bb header_text_align=\u00bbleft\u00bb header_text_color=\u00bb#2b2b2b\u00bb header_line_height=\u00bb1.3em\u00bb header_2_font=\u00bb&#8211;et_global_heading_font|700|||||||\u00bb header_2_text_align=\u00bbleft\u00bb header_2_text_color=\u00bb#000000&#8243; header_2_font_size=\u00bb42px\u00bb header_2_line_height=\u00bb1.5em\u00bb text_orientation=\u00bbcenter\u00bb module_alignment=\u00bbcenter\u00bb custom_margin=\u00bb||10px|\u00bb link_option_url=\u00bb#mixed-cultures\u00bb global_colors_info=\u00bb{}\u00bb]<\/p>\n<h2>Culturas Mixtas<\/h2>\n<p>[\/et_pb_text][et_pb_divider color=\u00bb#f7d584&#8243; divider_weight=\u00bb3px\u00bb disabled_on=\u00bbon|on|off\u00bb _builder_version=\u00bb4.16&#8243; max_width=\u00bb80px\u00bb module_alignment=\u00bbleft\u00bb height=\u00bb10px\u00bb custom_margin=\u00bb||20px|\u00bb animation_style=\u00bbslide\u00bb animation_direction=\u00bbbottom\u00bb saved_tabs=\u00bball\u00bb locked=\u00bboff\u00bb global_colors_info=\u00bb{}\u00bb][\/et_pb_divider][et_pb_text _builder_version=\u00bb4.27.4&#8243; text_font=\u00bb&#8211;et_global_body_font|600|||||||\u00bb text_text_color=\u00bb#000000&#8243; text_font_size=\u00bb17px\u00bb text_line_height=\u00bb1.9em\u00bb header_font=\u00bb||||||||\u00bb header_2_font=\u00bb||||||||\u00bb module_alignment=\u00bbcenter\u00bb custom_margin=\u00bb||15px||false|false\u00bb global_colors_info=\u00bb{}\u00bb]<\/p>\n<p>En habla_Eli creemos que aprender un idioma es mucho m\u00e1s que memorizar reglas: es abrirse al mundo, crear conexiones, vivir experiencias. Por eso, integramos la cultura local en nuestras clases a trav\u00e9s de actividades culturales, excursiones y talleres, y ofrecemos un acompa\u00f1amiento personalizado que hace de cada aprendizaje una aventura \u00fanica. <\/p>\n<p>[\/et_pb_text][\/et_pb_column][\/et_pb_row][\/et_pb_section][et_pb_section fb_built=\u00bb1&#8243; admin_label=\u00bbStats\u00bb _builder_version=\u00bb4.27.4&#8243; custom_padding=\u00bb60px|0px|60px|0px|false|false\u00bb global_colors_info=\u00bb{}\u00bb][et_pb_row column_structure=\u00bb1_2,1_2&#8243; _builder_version=\u00bb4.27.4&#8243; width=\u00bb70%\u00bb max_width=\u00bb70%\u00bb module_alignment=\u00bbcenter\u00bb custom_margin=\u00bb|||\u00bb custom_padding=\u00bb0px||0px|\u00bb use_custom_width=\u00bbon\u00bb width_unit=\u00bboff\u00bb custom_width_percent=\u00bb70%\u00bb global_colors_info=\u00bb{}\u00bb][et_pb_column type=\u00bb1_2&#8243; _builder_version=\u00bb4.16&#8243; custom_padding=\u00bb40px|40px|40px|40px\u00bb global_colors_info=\u00bb{}\u00bb custom_padding__hover=\u00bb|||\u00bb][et_pb_text module_id=\u00bbconstant-improvement\u00bb _builder_version=\u00bb4.27.4&#8243; text_font=\u00bb||||||||\u00bb header_font=\u00bb||||||||\u00bb header_text_align=\u00bbleft\u00bb header_text_color=\u00bb#2b2b2b\u00bb header_line_height=\u00bb1.3em\u00bb header_2_font=\u00bb&#8211;et_global_heading_font|700|||||||\u00bb header_2_text_align=\u00bbleft\u00bb header_2_text_color=\u00bb#000000&#8243; header_2_font_size=\u00bb42px\u00bb header_2_line_height=\u00bb1.5em\u00bb text_orientation=\u00bbcenter\u00bb module_alignment=\u00bbcenter\u00bb custom_margin=\u00bb||10px|\u00bb link_option_url=\u00bb#constant-improvement\u00bb locked=\u00bboff\u00bb global_colors_info=\u00bb{}\u00bb]<\/p>\n<h2>Mejora constante<\/h2>\n<p>[\/et_pb_text][et_pb_divider color=\u00bb#f7d584&#8243; divider_weight=\u00bb3px\u00bb disabled_on=\u00bbon|on|off\u00bb _builder_version=\u00bb4.16&#8243; max_width=\u00bb80px\u00bb module_alignment=\u00bbleft\u00bb height=\u00bb10px\u00bb custom_margin=\u00bb||20px|\u00bb animation_style=\u00bbslide\u00bb animation_direction=\u00bbbottom\u00bb saved_tabs=\u00bball\u00bb locked=\u00bboff\u00bb global_colors_info=\u00bb{}\u00bb][\/et_pb_divider][et_pb_text _builder_version=\u00bb4.27.4&#8243; text_font=\u00bb&#8211;et_global_body_font|600|||||||\u00bb text_text_color=\u00bb#000000&#8243; text_font_size=\u00bb17px\u00bb text_line_height=\u00bb1.9em\u00bb header_font=\u00bb||||||||\u00bb header_2_font=\u00bb||||||||\u00bb module_alignment=\u00bbcenter\u00bb custom_margin=\u00bb||15px||false|false\u00bb global_colors_info=\u00bb{}\u00bb]<\/p>\n<p>Nuestro compromiso es mantenernos en constante evoluci\u00f3n, incorporando metodolog\u00edas actuales, materiales atractivos y herramientas digitales que enriquezcan el aprendizaje, respetando siempre la esencia humana y cercana que nos define. Queremos que cada alumno se sienta apoyado en su camino de aprendizaje, con acceso a los recursos m\u00e1s avanzados y en un entorno que fomente su crecimiento personal y profesional. <\/p>\n<p>[\/et_pb_text][et_pb_text _builder_version=\u00bb4.27.4&#8243; text_font=\u00bb&#8211;et_global_body_font|600|||||||\u00bb text_text_color=\u00bb#000000&#8243; text_font_size=\u00bb17px\u00bb text_line_height=\u00bb1.9em\u00bb header_font=\u00bb||||||||\u00bb header_2_font=\u00bb||||||||\u00bb module_alignment=\u00bbcenter\u00bb custom_margin=\u00bb||15px||false|false\u00bb global_colors_info=\u00bb{}\u00bb]<\/p>\n<p>En definitiva, aqu\u00ed so\u00f1amos con seguir creciendo como un espacio donde aprender espa\u00f1ol sea una experiencia transformadora, llena de cultura, comunicaci\u00f3n, naturaleza y emoci\u00f3n, en una comunidad vibrante que celebra la diversidad y el aprendizaje.<\/p>\n<p>[\/et_pb_text][\/et_pb_column][et_pb_column type=\u00bb1_2&#8243; _builder_version=\u00bb4.27.4&#8243; use_background_color_gradient=\u00bbon\u00bb background_color_gradient_direction=\u00bb0deg\u00bb background_color_gradient_stops=\u00bb#ffffff 50%|#fbda61 50%\u00bb background_color_gradient_start=\u00bb#ffffff\u00bb background_color_gradient_start_position=\u00bb50%\u00bb background_color_gradient_end=\u00bb#ff9d82&#8243; background_color_gradient_end_position=\u00bb50%\u00bb custom_padding=\u00bb5%|5%||5%\u00bb global_colors_info=\u00bb{}\u00bb custom_padding__hover=\u00bb|||\u00bb][et_pb_image src=\u00bbhttps:\/\/hablaeli.es\/wp-content\/uploads\/2025\/04\/Tezza-3794-scaled.jpeg\u00bb alt=\u00bbNuestra-Vista-Ense\u00f1anza\u00bb title_text=\u00bbEnse\u00f1anza\u00bb force_fullwidth=\u00bbon\u00bb _builder_version=\u00bb4.27.4&#8243; custom_margin=\u00bb|||\u00bb custom_margin_tablet=\u00bb||0px|\u00bb custom_margin_phone=\u00bb\u00bb custom_margin_last_edited=\u00bbon|phone\u00bb custom_padding=\u00bb|||\u00bb animation_style=\u00bbslide\u00bb animation_direction=\u00bbbottom\u00bb animation_intensity_slide=\u00bb6%\u00bb animation_starting_opacity=\u00bb100%\u00bb box_shadow_style=\u00bbpreset1&#8243; box_shadow_vertical=\u00bb10px\u00bb box_shadow_blur=\u00bb100px\u00bb box_shadow_color=\u00bbrgba(0,0,0,0.2)\u00bb always_center_on_mobile=\u00bboff\u00bb global_colors_info=\u00bb{}\u00bb][\/et_pb_image][\/et_pb_column][\/et_pb_row][\/et_pb_section]<\/p>\n","protected":false},"excerpt":{"rendered":"<p>Nuestra visi\u00f3nAprender espa\u00f1ol con habla_Eli no es s\u00f3lo cuesti\u00f3n de libros de texto y gram\u00e1tica: es sumergirse en una aventura llena de vida, cultura, nuevos amigos y momentos inolvidables.Creemos que el aprendizaje de idiomas debe ser divertido, inspirador y lleno de experiencias reales que hagan emocionante cada paso.\u00danase a nosotros y descubra c\u00f3mo aprender espa\u00f1ol [&hellip;]<\/p>\n","protected":false},"author":1,"featured_media":0,"parent":0,"menu_order":0,"comment_status":"closed","ping_status":"closed","template":"","meta":{"_et_pb_use_builder":"on","_et_pb_old_content":"","_et_gb_content_width":"","footnotes":""},"class_list":["post-72035","page","type-page","status-publish","hentry"],"yoast_head":"<!-- This site is optimized with the Yoast SEO plugin v27.5 - https:\/\/yoast.com\/product\/yoast-seo-wordpress\/ -->\n<title>Nuestra visi\u00f3n - Hablaeli<\/title>\n<meta name=\"description\" content=\"Explore nuestro punto de vista para comprender nuestra perspectiva \u00fanica sobre metodolog\u00edas de ense\u00f1anza, innovaci\u00f3n y el futuro que estamos ayudando a forjar.\" \/>\n<meta name=\"robots\" content=\"index, follow, max-snippet:-1, max-image-preview:large, max-video-preview:-1\" \/>\n<link rel=\"canonical\" href=\"https:\/\/hablaeli.es\/our-view\/\" \/>\n<meta property=\"og:locale\" content=\"es_ES\" \/>\n<meta property=\"og:type\" content=\"article\" \/>\n<meta property=\"og:title\" content=\"Nuestra visi\u00f3n - Hablaeli\" \/>\n<meta property=\"og:description\" content=\"Explore nuestro punto de vista para comprender nuestra perspectiva \u00fanica sobre metodolog\u00edas de ense\u00f1anza, innovaci\u00f3n y el futuro que estamos ayudando a forjar.\" \/>\n<meta property=\"og:url\" content=\"https:\/\/hablaeli.es\/our-view\/\" \/>\n<meta property=\"og:site_name\" content=\"Hablaeli\" \/>\n<meta property=\"article:publisher\" content=\"https:\/\/www.facebook.com\/people\/Habla_Eli\/61550985253961\/\" \/>\n<meta property=\"article:modified_time\" content=\"2025-06-11T10:35:30+00:00\" \/>\n<meta property=\"og:image\" content=\"https:\/\/hablaeli.es\/wp-content\/uploads\/2025\/04\/logo.png\" \/>\n\t<meta property=\"og:image:width\" content=\"561\" \/>\n\t<meta property=\"og:image:height\" content=\"561\" \/>\n\t<meta property=\"og:image:type\" content=\"image\/png\" \/>\n<meta name=\"twitter:card\" content=\"summary_large_image\" \/>\n<meta name=\"twitter:label1\" content=\"Tiempo de lectura\" \/>\n\t<meta name=\"twitter:data1\" content=\"10 minutos\" \/>\n<script type=\"application\/ld+json\" class=\"yoast-schema-graph\">{\"@context\":\"https:\\\/\\\/schema.org\",\"@graph\":[{\"@type\":\"WebPage\",\"@id\":\"https:\\\/\\\/hablaeli.es\\\/our-view\\\/\",\"url\":\"https:\\\/\\\/hablaeli.es\\\/our-view\\\/\",\"name\":\"Nuestra visi\u00f3n - Hablaeli\",\"isPartOf\":{\"@id\":\"https:\\\/\\\/hablaeli.es\\\/#website\"},\"datePublished\":\"2025-05-02T11:07:50+00:00\",\"dateModified\":\"2025-06-11T10:35:30+00:00\",\"description\":\"Explore nuestro punto de vista para comprender nuestra perspectiva \u00fanica sobre metodolog\u00edas de ense\u00f1anza, innovaci\u00f3n y el futuro que estamos ayudando a forjar.\",\"breadcrumb\":{\"@id\":\"https:\\\/\\\/hablaeli.es\\\/our-view\\\/#breadcrumb\"},\"inLanguage\":\"es\",\"potentialAction\":[{\"@type\":\"ReadAction\",\"target\":[\"https:\\\/\\\/hablaeli.es\\\/our-view\\\/\"]}]},{\"@type\":\"BreadcrumbList\",\"@id\":\"https:\\\/\\\/hablaeli.es\\\/our-view\\\/#breadcrumb\",\"itemListElement\":[{\"@type\":\"ListItem\",\"position\":1,\"name\":\"Portada\",\"item\":\"https:\\\/\\\/hablaeli.es\\\/\"},{\"@type\":\"ListItem\",\"position\":2,\"name\":\"Nuestra visi\u00f3n\"}]},{\"@type\":\"WebSite\",\"@id\":\"https:\\\/\\\/hablaeli.es\\\/#website\",\"url\":\"https:\\\/\\\/hablaeli.es\\\/\",\"name\":\"Hablaeli\",\"description\":\"\",\"publisher\":{\"@id\":\"https:\\\/\\\/hablaeli.es\\\/#organization\"},\"alternateName\":\"Elisa Calcinari\",\"potentialAction\":[{\"@type\":\"SearchAction\",\"target\":{\"@type\":\"EntryPoint\",\"urlTemplate\":\"https:\\\/\\\/hablaeli.es\\\/?s={search_term_string}\"},\"query-input\":{\"@type\":\"PropertyValueSpecification\",\"valueRequired\":true,\"valueName\":\"search_term_string\"}}],\"inLanguage\":\"es\"},{\"@type\":\"Organization\",\"@id\":\"https:\\\/\\\/hablaeli.es\\\/#organization\",\"name\":\"Elisa Calcinari\",\"url\":\"https:\\\/\\\/hablaeli.es\\\/\",\"logo\":{\"@type\":\"ImageObject\",\"inLanguage\":\"es\",\"@id\":\"https:\\\/\\\/hablaeli.es\\\/#\\\/schema\\\/logo\\\/image\\\/\",\"url\":\"https:\\\/\\\/hablaeli.es\\\/wp-content\\\/uploads\\\/2025\\\/04\\\/cropped-logo.png\",\"contentUrl\":\"https:\\\/\\\/hablaeli.es\\\/wp-content\\\/uploads\\\/2025\\\/04\\\/cropped-logo.png\",\"width\":491,\"height\":491,\"caption\":\"Elisa Calcinari\"},\"image\":{\"@id\":\"https:\\\/\\\/hablaeli.es\\\/#\\\/schema\\\/logo\\\/image\\\/\"},\"sameAs\":[\"https:\\\/\\\/www.facebook.com\\\/people\\\/Habla_Eli\\\/61550985253961\\\/\"]}]}<\/script>\n<!-- \/ Yoast SEO plugin. -->","yoast_head_json":{"title":"Nuestra visi\u00f3n - Hablaeli","description":"Explore nuestro punto de vista para comprender nuestra perspectiva \u00fanica sobre metodolog\u00edas de ense\u00f1anza, innovaci\u00f3n y el futuro que estamos ayudando a forjar.","robots":{"index":"index","follow":"follow","max-snippet":"max-snippet:-1","max-image-preview":"max-image-preview:large","max-video-preview":"max-video-preview:-1"},"canonical":"https:\/\/hablaeli.es\/our-view\/","og_locale":"es_ES","og_type":"article","og_title":"Nuestra visi\u00f3n - Hablaeli","og_description":"Explore nuestro punto de vista para comprender nuestra perspectiva \u00fanica sobre metodolog\u00edas de ense\u00f1anza, innovaci\u00f3n y el futuro que estamos ayudando a forjar.","og_url":"https:\/\/hablaeli.es\/our-view\/","og_site_name":"Hablaeli","article_publisher":"https:\/\/www.facebook.com\/people\/Habla_Eli\/61550985253961\/","article_modified_time":"2025-06-11T10:35:30+00:00","og_image":[{"width":561,"height":561,"url":"https:\/\/hablaeli.es\/wp-content\/uploads\/2025\/04\/logo.png","type":"image\/png"}],"twitter_card":"summary_large_image","twitter_misc":{"Tiempo de lectura":"10 minutos"},"schema":{"@context":"https:\/\/schema.org","@graph":[{"@type":"WebPage","@id":"https:\/\/hablaeli.es\/our-view\/","url":"https:\/\/hablaeli.es\/our-view\/","name":"Nuestra visi\u00f3n - Hablaeli","isPartOf":{"@id":"https:\/\/hablaeli.es\/#website"},"datePublished":"2025-05-02T11:07:50+00:00","dateModified":"2025-06-11T10:35:30+00:00","description":"Explore nuestro punto de vista para comprender nuestra perspectiva \u00fanica sobre metodolog\u00edas de ense\u00f1anza, innovaci\u00f3n y el futuro que estamos ayudando a forjar.","breadcrumb":{"@id":"https:\/\/hablaeli.es\/our-view\/#breadcrumb"},"inLanguage":"es","potentialAction":[{"@type":"ReadAction","target":["https:\/\/hablaeli.es\/our-view\/"]}]},{"@type":"BreadcrumbList","@id":"https:\/\/hablaeli.es\/our-view\/#breadcrumb","itemListElement":[{"@type":"ListItem","position":1,"name":"Portada","item":"https:\/\/hablaeli.es\/"},{"@type":"ListItem","position":2,"name":"Nuestra visi\u00f3n"}]},{"@type":"WebSite","@id":"https:\/\/hablaeli.es\/#website","url":"https:\/\/hablaeli.es\/","name":"Hablaeli","description":"","publisher":{"@id":"https:\/\/hablaeli.es\/#organization"},"alternateName":"Elisa Calcinari","potentialAction":[{"@type":"SearchAction","target":{"@type":"EntryPoint","urlTemplate":"https:\/\/hablaeli.es\/?s={search_term_string}"},"query-input":{"@type":"PropertyValueSpecification","valueRequired":true,"valueName":"search_term_string"}}],"inLanguage":"es"},{"@type":"Organization","@id":"https:\/\/hablaeli.es\/#organization","name":"Elisa Calcinari","url":"https:\/\/hablaeli.es\/","logo":{"@type":"ImageObject","inLanguage":"es","@id":"https:\/\/hablaeli.es\/#\/schema\/logo\/image\/","url":"https:\/\/hablaeli.es\/wp-content\/uploads\/2025\/04\/cropped-logo.png","contentUrl":"https:\/\/hablaeli.es\/wp-content\/uploads\/2025\/04\/cropped-logo.png","width":491,"height":491,"caption":"Elisa Calcinari"},"image":{"@id":"https:\/\/hablaeli.es\/#\/schema\/logo\/image\/"},"sameAs":["https:\/\/www.facebook.com\/people\/Habla_Eli\/61550985253961\/"]}]}},"_links":{"self":[{"href":"https:\/\/hablaeli.es\/es\/wp-json\/wp\/v2\/pages\/72035","targetHints":{"allow":["GET"]}}],"collection":[{"href":"https:\/\/hablaeli.es\/es\/wp-json\/wp\/v2\/pages"}],"about":[{"href":"https:\/\/hablaeli.es\/es\/wp-json\/wp\/v2\/types\/page"}],"author":[{"embeddable":true,"href":"https:\/\/hablaeli.es\/es\/wp-json\/wp\/v2\/users\/1"}],"replies":[{"embeddable":true,"href":"https:\/\/hablaeli.es\/es\/wp-json\/wp\/v2\/comments?post=72035"}],"version-history":[{"count":17,"href":"https:\/\/hablaeli.es\/es\/wp-json\/wp\/v2\/pages\/72035\/revisions"}],"predecessor-version":[{"id":72649,"href":"https:\/\/hablaeli.es\/es\/wp-json\/wp\/v2\/pages\/72035\/revisions\/72649"}],"wp:attachment":[{"href":"https:\/\/hablaeli.es\/es\/wp-json\/wp\/v2\/media?parent=72035"}],"curies":[{"name":"wp","href":"https:\/\/api.w.org\/{rel}","templated":true}]}}